{"id":2,"date":"2023-02-13T09:54:00","date_gmt":"2023-02-13T09:54:00","guid":{"rendered":"https:\/\/ecole-maternelle.de\/?page_id=2"},"modified":"2026-08-25T17:35:51","modified_gmt":"2026-08-25T17:35:51","slug":"willkommen-und-bienvenus-bei-den-lutins","status":"publish","type":"page","link":"https:\/\/ecole-maternelle.de\/","title":{"rendered":"Herzlich willkommen in der Ecole maternelle \u201eLes Lutins\u201c\u2013 Ihr Kind in guten H\u00e4nden"},"content":{"rendered":"<div class=\"wp-block-image\">\n<figure class=\"aligncenter size-large is-resized\"><img loading=\"lazy\" decoding=\"async\" width=\"1024\" height=\"918\" src=\"https:\/\/ecole-maternelle.de\/wp-content\/uploads\/2022\/02\/les_lutins_Logo-3-1024x918.jpg\" alt=\"\" class=\"wp-image-123\" style=\"width:310px;height:278px\" srcset=\"https:\/\/ecole-maternelle.de\/wp-content\/uploads\/2022\/02\/les_lutins_Logo-3-1024x918.jpg 1024w, https:\/\/ecole-maternelle.de\/wp-content\/uploads\/2022\/02\/les_lutins_Logo-3-300x269.jpg 300w, https:\/\/ecole-maternelle.de\/wp-content\/uploads\/2022\/02\/les_lutins_Logo-3-768x688.jpg 768w, https:\/\/ecole-maternelle.de\/wp-content\/uploads\/2022\/02\/les_lutins_Logo-3-1536x1376.jpg 1536w, https:\/\/ecole-maternelle.de\/wp-content\/uploads\/2022\/02\/les_lutins_Logo-3.jpg 1800w\" sizes=\"auto, (max-width: 1024px) 100vw, 1024px\" \/><\/figure>\n<\/div>\n\n\n<p class=\"has-medium-font-size\">Liebe Eltern, liebe Familien,<\/p>\n\n\n\n<p>wir freuen uns sehr \u00fcber Ihr Interesse an unserer Einrichtung! Seit 2004 begleiten wir Kinder ab dem 2. Geburtstag auf ihrem Weg. In einer famili\u00e4ren Atmosph\u00e4re betreuen wir eine kleine, \u00fcberschaubare Gruppe von maximal 25 Kindern. Dies erm\u00f6glicht uns eine besonders liebevolle, individuelle und vertrauensvolle Begleitung jedes einzelnen Kindes. Hier m\u00f6chten wir Ihnen einen Einblick in unser Konzept, unseren Alltag und unsere Angebote geben:<\/p>\n\n\n\n<h3 class=\"wp-block-heading\"><strong>1. Ganzheitliche Fr\u00fchf\u00f6rderung und intensive Vorschularbeit<\/strong><\/h3>\n\n\n\n<p>Wir legen gro\u00dfen Wert darauf, die individuellen St\u00e4rken und Interessen der Kinder fr\u00fchzeitig zu wecken und zu f\u00f6rdern&nbsp;&#8211;&nbsp;im Rahmen eines respektvollen sozialen Miteinanders. Unser vielseitiges Angebot umfasst unter anderem:<\/p>\n\n\n\n<ul class=\"wp-block-list\">\n<li><strong>Musik &amp; Kreativit\u00e4t:<\/strong>\u00a0Gemeinsames Singen, Rhythmus\u00fcbungen und kreatives Gestalten.<\/li>\n\n\n\n<li><strong>Naturwissenschaften:<\/strong>\u00a0Erste altersgerechte Experimente und das spielerische Entdecken von Naturph\u00e4nomenen.<\/li>\n\n\n\n<li><strong>Psychomotorik &amp; Sport:<\/strong>\u00a0Vielf\u00e4ltige Bewegungserfahrungen f\u00fcr eine gesunde k\u00f6rperliche Entwicklung.<\/li>\n\n\n\n<li><strong>Schwimmunterricht:<\/strong>\u00a0Ein besonderes Highlight \u2013 bei uns k\u00f6nnen die Kinder im Rahmen des Schwimmunterrichts ihr \u201eSeepferdchen\u201c erwerben.<\/li>\n\n\n\n<li><strong>Lesef\u00f6rderung:<\/strong>\u00a0Wir besuchen regelm\u00e4\u00dfig mit den Kindern die Jenaer Stadtb\u00fccherei.<\/li>\n<\/ul>\n\n\n\n<h3 class=\"wp-block-heading\"><strong>2. Zweisprachige Angebote von Anfang an \u2013 spielerisch und nat\u00fcrlich<\/strong><\/h3>\n\n\n\n<p>Bei uns kommen die Kinder im Alltag ganz ungezwungen und spielerisch mit der franz\u00f6sischen Sprache und Kultur in Kontakt. Dabei ist es \u00fcberhaupt kein Hindernis, dass im Elternhaus keine franz\u00f6sischen Sprachkenntnisse vorhanden sind oder andere Muttersprachen gesprochen werden. &nbsp;Unser P\u00e4dagogenteam wird im Umfang von 10-20 Stunden pro Woche von franz\u00f6sischen Muttersprachlerinnen und Muttersprachlern unterst\u00fctzt.<\/p>\n\n\n\n<p><strong>Das Besondere in Jena:<\/strong>&nbsp;Dieser bilinguale Weg kann auf Wunsch sp\u00e4ter nahtlos \u00fcber eine zweisprachige Grundschule fortgef\u00fchrt und bis zum deutsch-franz\u00f6sischen Doppelabschluss (<strong>AbiBac<\/strong>&nbsp;\u2013 franz\u00f6sisches Baccalaur\u00e9at und deutsches Abitur) ausgebaut und vertieft werden.<\/p>\n\n\n\n<h3 class=\"wp-block-heading\"><strong>3. Gesunde Ern\u00e4hrung und naturnahes Erleben<\/strong><\/h3>\n\n\n\n<p>Eine ausgewogene Ern\u00e4hrung ist uns wichtig: Unser Essenanbieter beliefert uns t\u00e4glich mit frisch zubereiteten Mahlzeiten in zertifizierter\u00a0<strong>Bio-Qualit\u00e4t<\/strong>. Fr\u00fchst\u00fcck und Vesper werden mit Schwerpunkt auf Obst \/ Gem\u00fcse \/ N\u00fcssen am Morgen und Brot \/ Joghurt \/ M\u00fcsli am Nachmittag ebenfalls von uns angeboten.<\/p>\n\n\n\n<p>Auch die Bewegung an der frischen Luft kommt bei uns nicht zu kurz. Die Ecole verf\u00fcgt \u00fcber einen wundersch\u00f6nen eigenen&nbsp;<strong>Klettergarten<\/strong>&nbsp;zum Toben und Entdecken, und auch der nahegelegene&nbsp;<strong>Wald<\/strong>&nbsp;l\u00e4dt uns regelm\u00e4\u00dfig zu spannenden Ausfl\u00fcgen ein.<\/p>\n\n\n\n<h3 class=\"wp-block-heading\"><strong>4. Elternbeitr\u00e4ge und Geb\u00fchren<\/strong><\/h3>\n\n\n\n<p>F\u00fcr unsere Einrichtung gelten die gesetzlich geregelten geb\u00fchrenfreien Kita-Jahre des Landes Th\u00fcringen. Dar\u00fcber hinaus sind die Beitr\u00e4ge nach dem Familieneinkommen gestaffelt. Der H\u00f6chstbeitrag liegt aktuell bei 315 Euro pro Monat. Alle Ausfl\u00fcge, externe Musikangebote und Materialien sind damit bereits abgedeckt!\u00a0F\u00fcr die Verpflegung fallen 3,75 Euro pro Mittagessen an sowie eine Pauschale f\u00fcr Fr\u00fchst\u00fcck, Vesper und Getr\u00e4nke von 13,50 Euro pro Monat.<\/p>\n\n\n\n<p class=\"has-medium-font-size\"><strong>Lernen Sie uns kennen!<\/strong><\/p>\n\n\n\n<p>M\u00f6chten Sie sich selbst ein Bild vom Alltag bei den \u201eLutins\u201c machen? Sie sind bei uns nach vorheriger Absprache herzlich willkommen. Bitte vereinbaren Sie einfach einen kurzfristigen Kennenlerntermin mit uns:<\/p>\n\n\n\n<p><strong>E-Mail:<\/strong>\u00a0<a href=\"mailto:info@ecole-maternelle.de\">info@ecole-maternelle.de<\/a><\/p>\n\n\n\n<p><strong>Telefon:<\/strong>\u00a003641 &#8211; 366780<\/p>\n\n\n\n<p>Wir freuen uns darauf, Sie und Ihr Kind pers\u00f6nlich kennenzulernen!<\/p>\n\n\n\n<p class=\"has-medium-font-size\"><strong>Ihr Team der Ecole maternelle<\/strong><\/p>\n\n\n\n<p class=\"has-medium-font-size\"><\/p>\n\n\n\n<div style=\"height:20px\" aria-hidden=\"true\" class=\"wp-block-spacer\"><\/div>\n","protected":false},"excerpt":{"rendered":"<div class=\"entry-summary\">\nLiebe Eltern, liebe Familien, wir freuen uns sehr \u00fcber Ihr Interesse an&hellip;\n<\/div>\n<div class=\"link-more\"><a href=\"https:\/\/ecole-maternelle.de\/\" class=\"more-link\">Continue reading<span class=\"screen-reader-text\"> &ldquo;Herzlich willkommen in der Ecole maternelle \u201eLes Lutins\u201c\u2013 Ihr Kind in guten H\u00e4nden&rdquo;<\/span>&hellip;<\/a><\/div>\n","protected":false},"author":1,"featured_media":0,"parent":0,"menu_order":0,"comment_status":"closed","ping_status":"closed","template":"","meta":{"footnotes":""},"class_list":["post-2","page","type-page","status-publish","hentry","entry"],"yoast_head":"<!-- This site is optimized with the Yoast SEO plugin v21.5 - https:\/\/yoast.com\/wordpress\/plugins\/seo\/ -->\n<title>Herzlich willkommen in der Ecole maternelle \u201eLes Lutins\u201c\u2013 Ihr Kind in guten H\u00e4nden - Kita &quot;LES LUTINS\u201c - Ecole maternelle in Jena<\/title>\n<meta name=\"description\" content=\"In der Ecole maternelle erlernen die Kinder im Sprachbad die franz\u00f6sische Sprache ganz spielerisch. Die franz\u00f6sische Kultur wird den Kindern vor allem auch \u00fcber die Festivit\u00e4ten vermittelt.\" \/>\n<meta name=\"robots\" content=\"index, follow, max-snippet:-1, max-image-preview:large, max-video-preview:-1\" \/>\n<link rel=\"canonical\" href=\"https:\/\/ecole-maternelle.de\/\" \/>\n<meta property=\"og:locale\" content=\"de_DE\" \/>\n<meta property=\"og:type\" content=\"article\" \/>\n<meta property=\"og:title\" content=\"Herzlich willkommen in der Ecole maternelle \u201eLes Lutins\u201c\u2013 Ihr Kind in guten H\u00e4nden - Kita &quot;LES LUTINS\u201c - Ecole maternelle in Jena\" \/>\n<meta property=\"og:description\" content=\"In der Ecole maternelle erlernen die Kinder im Sprachbad die franz\u00f6sische Sprache ganz spielerisch. Die franz\u00f6sische Kultur wird den Kindern vor allem auch \u00fcber die Festivit\u00e4ten vermittelt.\" \/>\n<meta property=\"og:url\" content=\"https:\/\/ecole-maternelle.de\/\" \/>\n<meta property=\"og:site_name\" content=\"Kita &quot;LES LUTINS\u201c - Ecole maternelle in Jena\" \/>\n<meta property=\"article:modified_time\" content=\"2026-08-25T17:35:51+00:00\" \/>\n<meta property=\"og:image\" content=\"https:\/\/ecole-maternelle.de\/wp-content\/uploads\/2022\/02\/les_lutins_Logo-3-1024x918.jpg\" \/>\n<meta name=\"twitter:card\" content=\"summary_large_image\" \/>\n<meta name=\"twitter:label1\" content=\"Gesch\u00e4tzte Lesezeit\" \/>\n\t<meta name=\"twitter:data1\" content=\"2\u00a0Minuten\" \/>\n<script type=\"application\/ld+json\" class=\"yoast-schema-graph\">{\"@context\":\"https:\/\/schema.org\",\"@graph\":[{\"@type\":\"Article\",\"@id\":\"https:\/\/ecole-maternelle.de\/#article\",\"isPartOf\":{\"@id\":\"https:\/\/ecole-maternelle.de\/\"},\"author\":{\"name\":\"admin\",\"@id\":\"https:\/\/ecole-maternelle.de\/#\/schema\/person\/51bea563f76e4692ced823a738a1d0d4\"},\"headline\":\"Herzlich willkommen in der Ecole maternelle \u201eLes Lutins\u201c\u2013 Ihr Kind in guten H\u00e4nden\",\"datePublished\":\"2023-02-13T09:54:00+00:00\",\"dateModified\":\"2026-08-25T17:35:51+00:00\",\"mainEntityOfPage\":{\"@id\":\"https:\/\/ecole-maternelle.de\/\"},\"wordCount\":533,\"publisher\":{\"@id\":\"https:\/\/ecole-maternelle.de\/#organization\"},\"inLanguage\":\"de\"},{\"@type\":[\"WebPage\",\"ProfilePage\"],\"@id\":\"https:\/\/ecole-maternelle.de\/\",\"url\":\"https:\/\/ecole-maternelle.de\/\",\"name\":\"Herzlich willkommen in der Ecole maternelle \u201eLes Lutins\u201c\u2013 Ihr Kind in guten H\u00e4nden - Kita &quot;LES LUTINS\u201c - Ecole maternelle in Jena\",\"isPartOf\":{\"@id\":\"https:\/\/ecole-maternelle.de\/#website\"},\"datePublished\":\"2023-02-13T09:54:00+00:00\",\"dateModified\":\"2026-08-25T17:35:51+00:00\",\"description\":\"In der Ecole maternelle erlernen die Kinder im Sprachbad die franz\u00f6sische Sprache ganz spielerisch. Die franz\u00f6sische Kultur wird den Kindern vor allem auch \u00fcber die Festivit\u00e4ten vermittelt.\",\"breadcrumb\":{\"@id\":\"https:\/\/ecole-maternelle.de\/#breadcrumb\"},\"inLanguage\":\"de\",\"potentialAction\":[{\"@type\":\"ReadAction\",\"target\":[\"https:\/\/ecole-maternelle.de\/\"]}]},{\"@type\":\"BreadcrumbList\",\"@id\":\"https:\/\/ecole-maternelle.de\/#breadcrumb\",\"itemListElement\":[{\"@type\":\"ListItem\",\"position\":1,\"name\":\"Startseite\",\"item\":\"https:\/\/ecole-maternelle.de\/\"},{\"@type\":\"ListItem\",\"position\":2,\"name\":\"Herzlich willkommen in der Ecole maternelle \u201eLes Lutins\u201c\u2013 Ihr Kind in guten H\u00e4nden\"}]},{\"@type\":\"WebSite\",\"@id\":\"https:\/\/ecole-maternelle.de\/#website\",\"url\":\"https:\/\/ecole-maternelle.de\/\",\"name\":\"Kita &quot;LES LUTINS\u201c - Ecole maternelle in Jena\",\"description\":\"Kita &quot;LES LUTINS\u201c - Ecole maternelle in Jena\",\"publisher\":{\"@id\":\"https:\/\/ecole-maternelle.de\/#organization\"},\"potentialAction\":[{\"@type\":\"SearchAction\",\"target\":{\"@type\":\"EntryPoint\",\"urlTemplate\":\"https:\/\/ecole-maternelle.de\/?s={search_term_string}\"},\"query-input\":\"required name=search_term_string\"}],\"inLanguage\":\"de\"},{\"@type\":\"Organization\",\"@id\":\"https:\/\/ecole-maternelle.de\/#organization\",\"name\":\"Kita &quot;LES LUTINS\u201c - Ecole maternelle in Jena\",\"url\":\"https:\/\/ecole-maternelle.de\/\",\"logo\":{\"@type\":\"ImageObject\",\"inLanguage\":\"de\",\"@id\":\"https:\/\/ecole-maternelle.de\/#\/schema\/logo\/image\/\",\"url\":\"https:\/\/ecole-maternelle.de\/wp-content\/uploads\/2022\/02\/cropped-les_lutins_Logo-3.jpg\",\"contentUrl\":\"https:\/\/ecole-maternelle.de\/wp-content\/uploads\/2022\/02\/cropped-les_lutins_Logo-3.jpg\",\"width\":1712,\"height\":1549,\"caption\":\"Kita &quot;LES LUTINS\u201c - Ecole maternelle in Jena\"},\"image\":{\"@id\":\"https:\/\/ecole-maternelle.de\/#\/schema\/logo\/image\/\"}},{\"@type\":\"Person\",\"@id\":\"https:\/\/ecole-maternelle.de\/#\/schema\/person\/51bea563f76e4692ced823a738a1d0d4\",\"name\":\"admin\",\"image\":{\"@type\":\"ImageObject\",\"inLanguage\":\"de\",\"@id\":\"https:\/\/ecole-maternelle.de\/#\/schema\/person\/image\/\",\"url\":\"https:\/\/secure.gravatar.com\/avatar\/c27c7b2a93f9f39573a036bfdef57911b48580ba16acd65fe0c102662a717a6d?s=96&d=mm&r=g\",\"contentUrl\":\"https:\/\/secure.gravatar.com\/avatar\/c27c7b2a93f9f39573a036bfdef57911b48580ba16acd65fe0c102662a717a6d?s=96&d=mm&r=g\",\"caption\":\"admin\"},\"sameAs\":[\"https:\/\/ecole-maternelle.de\"],\"url\":\"https:\/\/ecole-maternelle.de\/index.php\/author\/info_lz69gz74\/\"}]}<\/script>\n<!-- \/ Yoast SEO plugin. -->","yoast_head_json":{"title":"Herzlich willkommen in der Ecole maternelle \u201eLes Lutins\u201c\u2013 Ihr Kind in guten H\u00e4nden - Kita &quot;LES LUTINS\u201c - Ecole maternelle in Jena","description":"In der Ecole maternelle erlernen die Kinder im Sprachbad die franz\u00f6sische Sprache ganz spielerisch. Die franz\u00f6sische Kultur wird den Kindern vor allem auch \u00fcber die Festivit\u00e4ten vermittelt.","robots":{"index":"index","follow":"follow","max-snippet":"max-snippet:-1","max-image-preview":"max-image-preview:large","max-video-preview":"max-video-preview:-1"},"canonical":"https:\/\/ecole-maternelle.de\/","og_locale":"de_DE","og_type":"article","og_title":"Herzlich willkommen in der Ecole maternelle \u201eLes Lutins\u201c\u2013 Ihr Kind in guten H\u00e4nden - Kita &quot;LES LUTINS\u201c - Ecole maternelle in Jena","og_description":"In der Ecole maternelle erlernen die Kinder im Sprachbad die franz\u00f6sische Sprache ganz spielerisch. Die franz\u00f6sische Kultur wird den Kindern vor allem auch \u00fcber die Festivit\u00e4ten vermittelt.","og_url":"https:\/\/ecole-maternelle.de\/","og_site_name":"Kita &quot;LES LUTINS\u201c - Ecole maternelle in Jena","article_modified_time":"2026-08-25T17:35:51+00:00","og_image":[{"url":"https:\/\/ecole-maternelle.de\/wp-content\/uploads\/2022\/02\/les_lutins_Logo-3-1024x918.jpg"}],"twitter_card":"summary_large_image","twitter_misc":{"Gesch\u00e4tzte Lesezeit":"2\u00a0Minuten"},"schema":{"@context":"https:\/\/schema.org","@graph":[{"@type":"Article","@id":"https:\/\/ecole-maternelle.de\/#article","isPartOf":{"@id":"https:\/\/ecole-maternelle.de\/"},"author":{"name":"admin","@id":"https:\/\/ecole-maternelle.de\/#\/schema\/person\/51bea563f76e4692ced823a738a1d0d4"},"headline":"Herzlich willkommen in der Ecole maternelle \u201eLes Lutins\u201c\u2013 Ihr Kind in guten H\u00e4nden","datePublished":"2023-02-13T09:54:00+00:00","dateModified":"2026-08-25T17:35:51+00:00","mainEntityOfPage":{"@id":"https:\/\/ecole-maternelle.de\/"},"wordCount":533,"publisher":{"@id":"https:\/\/ecole-maternelle.de\/#organization"},"inLanguage":"de"},{"@type":["WebPage","ProfilePage"],"@id":"https:\/\/ecole-maternelle.de\/","url":"https:\/\/ecole-maternelle.de\/","name":"Herzlich willkommen in der Ecole maternelle \u201eLes Lutins\u201c\u2013 Ihr Kind in guten H\u00e4nden - Kita &quot;LES LUTINS\u201c - Ecole maternelle in Jena","isPartOf":{"@id":"https:\/\/ecole-maternelle.de\/#website"},"datePublished":"2023-02-13T09:54:00+00:00","dateModified":"2026-08-25T17:35:51+00:00","description":"In der Ecole maternelle erlernen die Kinder im Sprachbad die franz\u00f6sische Sprache ganz spielerisch. Die franz\u00f6sische Kultur wird den Kindern vor allem auch \u00fcber die Festivit\u00e4ten vermittelt.","breadcrumb":{"@id":"https:\/\/ecole-maternelle.de\/#breadcrumb"},"inLanguage":"de","potentialAction":[{"@type":"ReadAction","target":["https:\/\/ecole-maternelle.de\/"]}]},{"@type":"BreadcrumbList","@id":"https:\/\/ecole-maternelle.de\/#breadcrumb","itemListElement":[{"@type":"ListItem","position":1,"name":"Startseite","item":"https:\/\/ecole-maternelle.de\/"},{"@type":"ListItem","position":2,"name":"Herzlich willkommen in der Ecole maternelle \u201eLes Lutins\u201c\u2013 Ihr Kind in guten H\u00e4nden"}]},{"@type":"WebSite","@id":"https:\/\/ecole-maternelle.de\/#website","url":"https:\/\/ecole-maternelle.de\/","name":"Kita &quot;LES LUTINS\u201c - Ecole maternelle in Jena","description":"Kita &quot;LES LUTINS\u201c - Ecole maternelle in Jena","publisher":{"@id":"https:\/\/ecole-maternelle.de\/#organization"},"potentialAction":[{"@type":"SearchAction","target":{"@type":"EntryPoint","urlTemplate":"https:\/\/ecole-maternelle.de\/?s={search_term_string}"},"query-input":"required name=search_term_string"}],"inLanguage":"de"},{"@type":"Organization","@id":"https:\/\/ecole-maternelle.de\/#organization","name":"Kita &quot;LES LUTINS\u201c - Ecole maternelle in Jena","url":"https:\/\/ecole-maternelle.de\/","logo":{"@type":"ImageObject","inLanguage":"de","@id":"https:\/\/ecole-maternelle.de\/#\/schema\/logo\/image\/","url":"https:\/\/ecole-maternelle.de\/wp-content\/uploads\/2022\/02\/cropped-les_lutins_Logo-3.jpg","contentUrl":"https:\/\/ecole-maternelle.de\/wp-content\/uploads\/2022\/02\/cropped-les_lutins_Logo-3.jpg","width":1712,"height":1549,"caption":"Kita &quot;LES LUTINS\u201c - Ecole maternelle in Jena"},"image":{"@id":"https:\/\/ecole-maternelle.de\/#\/schema\/logo\/image\/"}},{"@type":"Person","@id":"https:\/\/ecole-maternelle.de\/#\/schema\/person\/51bea563f76e4692ced823a738a1d0d4","name":"admin","image":{"@type":"ImageObject","inLanguage":"de","@id":"https:\/\/ecole-maternelle.de\/#\/schema\/person\/image\/","url":"https:\/\/secure.gravatar.com\/avatar\/c27c7b2a93f9f39573a036bfdef57911b48580ba16acd65fe0c102662a717a6d?s=96&d=mm&r=g","contentUrl":"https:\/\/secure.gravatar.com\/avatar\/c27c7b2a93f9f39573a036bfdef57911b48580ba16acd65fe0c102662a717a6d?s=96&d=mm&r=g","caption":"admin"},"sameAs":["https:\/\/ecole-maternelle.de"],"url":"https:\/\/ecole-maternelle.de\/index.php\/author\/info_lz69gz74\/"}]}},"_links":{"self":[{"href":"https:\/\/ecole-maternelle.de\/index.php\/wp-json\/wp\/v2\/pages\/2","targetHints":{"allow":["GET"]}}],"collection":[{"href":"https:\/\/ecole-maternelle.de\/index.php\/wp-json\/wp\/v2\/pages"}],"about":[{"href":"https:\/\/ecole-maternelle.de\/index.php\/wp-json\/wp\/v2\/types\/page"}],"author":[{"embeddable":true,"href":"https:\/\/ecole-maternelle.de\/index.php\/wp-json\/wp\/v2\/users\/1"}],"replies":[{"embeddable":true,"href":"https:\/\/ecole-maternelle.de\/index.php\/wp-json\/wp\/v2\/comments?post=2"}],"version-history":[{"count":31,"href":"https:\/\/ecole-maternelle.de\/index.php\/wp-json\/wp\/v2\/pages\/2\/revisions"}],"predecessor-version":[{"id":710,"href":"https:\/\/ecole-maternelle.de\/index.php\/wp-json\/wp\/v2\/pages\/2\/revisions\/710"}],"wp:attachment":[{"href":"https:\/\/ecole-maternelle.de\/index.php\/wp-json\/wp\/v2\/media?parent=2"}],"curies":[{"name":"wp","href":"https:\/\/api.w.org\/{rel}","templated":true}]}}