{"id":243,"date":"2023-01-11T15:26:17","date_gmt":"2023-01-11T15:26:17","guid":{"rendered":"https:\/\/ecole-maternelle.de\/?page_id=243"},"modified":"2023-11-09T13:22:58","modified_gmt":"2023-11-09T13:22:58","slug":"les-fetes","status":"publish","type":"page","link":"https:\/\/ecole-maternelle.de\/index.php\/les-fetes\/","title":{"rendered":"Les\u00a0F\u00eates"},"content":{"rendered":"\n<p>In der Ecole gibt es fast jeden Monat was zu feiern:<\/p>\n\n\n\n<h2 class=\"wp-block-heading\">6. Januar<\/h2>\n\n\n\n<p>Die Weihnachtsferien sind vor\u00fcber und in der Ecole wird der Dreik\u00f6nigstag gefeiert. Franz\u00f6sisch traditionell mit einer Galette des Rois (Dreik\u00f6nigskuchen). Diese enth\u00e4lt eine versteckte Figur (la f\u00e8ve \u2013 eigentlich eine Bohne) und wer diese findet, erh\u00e4lt die Papierkrone f\u00fcr den K\u00f6nig oder der K\u00f6nigin des Tages. Diese basteln wir in der Ecole selbst.<\/p>\n\n\n\n<p>Hier ein Rezept f\u00fcr den Kuchen:<\/p>\n\n\n\n<figure class=\"wp-block-image size-large\"><img loading=\"lazy\" decoding=\"async\" width=\"722\" height=\"1024\" src=\"https:\/\/ecole-maternelle.de\/wp-content\/uploads\/2023\/01\/Galette-de-Rois-722x1024.jpg\" alt=\"\" class=\"wp-image-244\" srcset=\"https:\/\/ecole-maternelle.de\/wp-content\/uploads\/2023\/01\/Galette-de-Rois-722x1024.jpg 722w, https:\/\/ecole-maternelle.de\/wp-content\/uploads\/2023\/01\/Galette-de-Rois-212x300.jpg 212w, https:\/\/ecole-maternelle.de\/wp-content\/uploads\/2023\/01\/Galette-de-Rois-768x1089.jpg 768w, https:\/\/ecole-maternelle.de\/wp-content\/uploads\/2023\/01\/Galette-de-Rois-1084x1536.jpg 1084w, https:\/\/ecole-maternelle.de\/wp-content\/uploads\/2023\/01\/Galette-de-Rois-1445x2048.jpg 1445w, https:\/\/ecole-maternelle.de\/wp-content\/uploads\/2023\/01\/Galette-de-Rois-scaled.jpg 1806w\" sizes=\"auto, (max-width: 722px) 100vw, 722px\" \/><\/figure>\n\n\n\n<p>Wenn keine f\u00e8ve zur Hand ist, geht auch eine getrocknete Bohne. Verfeinern kann man die frangipane noch mit etwas Zitronen- oder Orangen\u00f6l oder auch mit Kakao. BON APP\u00c9TIT!!<\/p>\n\n\n\n<figure class=\"wp-block-image size-large is-resized\"><img loading=\"lazy\" decoding=\"async\" src=\"https:\/\/ecole-maternelle.de\/wp-content\/uploads\/2023\/01\/P1060011-1024x768.jpg\" alt=\"\" class=\"wp-image-246\" width=\"451\" height=\"338\" srcset=\"https:\/\/ecole-maternelle.de\/wp-content\/uploads\/2023\/01\/P1060011-1024x768.jpg 1024w, https:\/\/ecole-maternelle.de\/wp-content\/uploads\/2023\/01\/P1060011-300x225.jpg 300w, https:\/\/ecole-maternelle.de\/wp-content\/uploads\/2023\/01\/P1060011-768x576.jpg 768w, https:\/\/ecole-maternelle.de\/wp-content\/uploads\/2023\/01\/P1060011-1536x1152.jpg 1536w, https:\/\/ecole-maternelle.de\/wp-content\/uploads\/2023\/01\/P1060011-2048x1536.jpg 2048w\" sizes=\"auto, (max-width: 451px) 100vw, 451px\" \/><figcaption class=\"wp-element-caption\">miam-miam&#8230;<\/figcaption><\/figure>\n\n\n\n<h2 class=\"wp-block-heading\"><strong>Fasching im Februar<\/strong><\/h2>\n\n\n\n<p>Am Faschingsdienstag wird sich verkleidet. In Frankreich isst man an diesem Tag Cr\u00eape, die mit einer M\u00fcnze in der Hand gebacken werden \u2013 auf das man im Jahr mit Gl\u00fcck und Geld gesegnet wird.<\/p>\n\n\n\n<p><\/p>\n\n\n\n<h2 class=\"wp-block-heading\"><strong>Omatag im M\u00e4rz<\/strong><\/h2>\n\n\n\n<p>In Frankreich wird am ersten Sonntag im M\u00e4rz der Omatag &#8211; <em>F\u00eate des grands-m\u00e8res \u2013 <\/em>begangen. In der Ecole werden hierf\u00fcr Karten gebastelt und an die Omas versendet.<\/p>\n\n\n\n<p>Der Gro\u00dfvatertag ist am letzten Sonntag im Oktober.<\/p>\n\n\n\n<p><\/p>\n\n\n\n<h2 class=\"wp-block-heading\"><strong>Der 1. April<\/strong><\/h2>\n\n\n\n<p>Das ist kein Aprilscherz: wir basteln f\u00fcr diesen Tag FISCHE! Anstatt \u201eApril, April\u201c hei\u00dft es zus\u00e4tzlich in der Ecole \u201ePoisson d\u2019avril\u201c. Die Kinder kleben heimlich ihre kleinen Papierfische auf den R\u00fccken der anderen \u2013 wird er bemerkt oder nicht?<\/p>\n\n\n\n<figure class=\"wp-block-image size-large is-resized\"><img loading=\"lazy\" decoding=\"async\" src=\"https:\/\/ecole-maternelle.de\/wp-content\/uploads\/2023\/01\/Fisch-1024x768.jpg\" alt=\"\" class=\"wp-image-248\" width=\"350\" height=\"263\" srcset=\"https:\/\/ecole-maternelle.de\/wp-content\/uploads\/2023\/01\/Fisch-1024x768.jpg 1024w, https:\/\/ecole-maternelle.de\/wp-content\/uploads\/2023\/01\/Fisch-300x225.jpg 300w, https:\/\/ecole-maternelle.de\/wp-content\/uploads\/2023\/01\/Fisch-768x576.jpg 768w, https:\/\/ecole-maternelle.de\/wp-content\/uploads\/2023\/01\/Fisch-1536x1152.jpg 1536w, https:\/\/ecole-maternelle.de\/wp-content\/uploads\/2023\/01\/Fisch-2048x1536.jpg 2048w\" sizes=\"auto, (max-width: 350px) 100vw, 350px\" \/><\/figure>\n\n\n\n<h2 class=\"wp-block-heading\"><strong>Ostern<\/strong><\/h2>\n\n\n\n<p>Es wurde in den letzten Wochen wieder viel gemalt und gebastelt, denn nun ist Osterzeit. Die Osternester werden entweder im Garten versteckt oder die Kinder gehen in den Botanischen Garten, um dort zu suchen. Und f\u00fcr die Eltern gibt es auch kleine Geschenke.<\/p>\n\n\n\n<p>\u00dcbrigens kommt in Frankreich gar nicht der Osterhase, sondern die r\u00fcckkehrenden und in Rom gesegneten Glocken verstecken die Ostereier. Die Kinder d\u00fcrfen Eier suchen und die Glocken d\u00fcrfen wieder l\u00e4uten.<\/p>\n\n\n\n<figure class=\"wp-block-image size-large is-resized\"><img loading=\"lazy\" decoding=\"async\" src=\"https:\/\/ecole-maternelle.de\/wp-content\/uploads\/2023\/01\/Ostergeschenk-1024x768.jpg\" alt=\"\" class=\"wp-image-247\" width=\"461\" height=\"346\" srcset=\"https:\/\/ecole-maternelle.de\/wp-content\/uploads\/2023\/01\/Ostergeschenk-1024x768.jpg 1024w, https:\/\/ecole-maternelle.de\/wp-content\/uploads\/2023\/01\/Ostergeschenk-300x225.jpg 300w, https:\/\/ecole-maternelle.de\/wp-content\/uploads\/2023\/01\/Ostergeschenk-768x576.jpg 768w, https:\/\/ecole-maternelle.de\/wp-content\/uploads\/2023\/01\/Ostergeschenk-1536x1152.jpg 1536w, https:\/\/ecole-maternelle.de\/wp-content\/uploads\/2023\/01\/Ostergeschenk-2048x1536.jpg 2048w\" sizes=\"auto, (max-width: 461px) 100vw, 461px\" \/><\/figure>\n\n\n\n<h2 class=\"wp-block-heading\"><strong>Vatertag<\/strong><\/h2>\n\n\n\n<p>Auch zu diesem Tag wird flei\u00dfig f\u00fcr die V\u00e4ter gebastelt. \u00dcbrigens ist der Vatertag in Frankreich immer am dritten Sonntag des Junis.<\/p>\n\n\n\n<figure class=\"wp-block-image size-large is-resized\"><img loading=\"lazy\" decoding=\"async\" src=\"https:\/\/ecole-maternelle.de\/wp-content\/uploads\/2023\/01\/Vatertag-1024x768.jpg\" alt=\"\" class=\"wp-image-249\" width=\"461\" height=\"346\" srcset=\"https:\/\/ecole-maternelle.de\/wp-content\/uploads\/2023\/01\/Vatertag-1024x768.jpg 1024w, https:\/\/ecole-maternelle.de\/wp-content\/uploads\/2023\/01\/Vatertag-300x225.jpg 300w, https:\/\/ecole-maternelle.de\/wp-content\/uploads\/2023\/01\/Vatertag-768x576.jpg 768w, https:\/\/ecole-maternelle.de\/wp-content\/uploads\/2023\/01\/Vatertag-1536x1152.jpg 1536w, https:\/\/ecole-maternelle.de\/wp-content\/uploads\/2023\/01\/Vatertag-2048x1536.jpg 2048w\" sizes=\"auto, (max-width: 461px) 100vw, 461px\" \/><\/figure>\n\n\n\n<h2 class=\"wp-block-heading\"><strong>Muttertag<\/strong><\/h2>\n\n\n\n<p>Hier gibt es kleine Geschenke f\u00fcr die M\u00fctter. Begangen wird er in Deutschland am zweiten Sonntag im Mai, w\u00e4hrend in Frankreich man ihn am letzten Sonntag im Mai feiert.<\/p>\n\n\n\n<figure class=\"wp-block-gallery has-nested-images columns-default is-cropped wp-block-gallery-1 is-layout-flex wp-block-gallery-is-layout-flex\">\n<figure class=\"wp-block-image size-large\"><img loading=\"lazy\" decoding=\"async\" width=\"768\" height=\"1024\" data-id=\"251\" src=\"https:\/\/ecole-maternelle.de\/wp-content\/uploads\/2023\/01\/Muttertagsherz-768x1024.jpg\" alt=\"\" class=\"wp-image-251\" srcset=\"https:\/\/ecole-maternelle.de\/wp-content\/uploads\/2023\/01\/Muttertagsherz-768x1024.jpg 768w, https:\/\/ecole-maternelle.de\/wp-content\/uploads\/2023\/01\/Muttertagsherz-225x300.jpg 225w, https:\/\/ecole-maternelle.de\/wp-content\/uploads\/2023\/01\/Muttertagsherz-1152x1536.jpg 1152w, https:\/\/ecole-maternelle.de\/wp-content\/uploads\/2023\/01\/Muttertagsherz-1536x2048.jpg 1536w, https:\/\/ecole-maternelle.de\/wp-content\/uploads\/2023\/01\/Muttertagsherz-scaled.jpg 1920w\" sizes=\"auto, (max-width: 768px) 100vw, 768px\" \/><\/figure>\n\n\n\n<figure class=\"wp-block-image size-large\"><img loading=\"lazy\" decoding=\"async\" width=\"768\" height=\"1024\" data-id=\"250\" src=\"https:\/\/ecole-maternelle.de\/wp-content\/uploads\/2023\/01\/Muttertagskarte-768x1024.jpg\" alt=\"\" class=\"wp-image-250\" srcset=\"https:\/\/ecole-maternelle.de\/wp-content\/uploads\/2023\/01\/Muttertagskarte-768x1024.jpg 768w, https:\/\/ecole-maternelle.de\/wp-content\/uploads\/2023\/01\/Muttertagskarte-225x300.jpg 225w, https:\/\/ecole-maternelle.de\/wp-content\/uploads\/2023\/01\/Muttertagskarte-1152x1536.jpg 1152w, https:\/\/ecole-maternelle.de\/wp-content\/uploads\/2023\/01\/Muttertagskarte-1536x2048.jpg 1536w, https:\/\/ecole-maternelle.de\/wp-content\/uploads\/2023\/01\/Muttertagskarte-scaled.jpg 1920w\" sizes=\"auto, (max-width: 768px) 100vw, 768px\" \/><\/figure>\n<figcaption class=\"blocks-gallery-caption wp-element-caption\">Es gibt immer eine Karte und ein kleines Geschenklein&#8230;<\/figcaption><\/figure>\n\n\n\n<h2 class=\"wp-block-heading\"><strong>Sommerfest<\/strong><\/h2>\n\n\n\n<p>\u00dcber den Sommer h\u00f6ren die Feste bei uns nicht auf: es gibt die f\u00eate de la musique als unser gro\u00dfes Sommerfest mit Tanz-, Musik- und Theaterauff\u00fchrungen f\u00fcr die Eltern. Das ist ein Tag an dem alle zusammen feiern.<\/p>\n\n\n\n<figure class=\"wp-block-gallery has-nested-images columns-default is-cropped wp-block-gallery-2 is-layout-flex wp-block-gallery-is-layout-flex\">\n<figure class=\"wp-block-image size-large\"><img loading=\"lazy\" decoding=\"async\" width=\"768\" height=\"1024\" data-id=\"217\" src=\"https:\/\/ecole-maternelle.de\/wp-content\/uploads\/2022\/06\/P5180329-768x1024.jpg\" alt=\"\" class=\"wp-image-217\" srcset=\"https:\/\/ecole-maternelle.de\/wp-content\/uploads\/2022\/06\/P5180329-768x1024.jpg 768w, https:\/\/ecole-maternelle.de\/wp-content\/uploads\/2022\/06\/P5180329-225x300.jpg 225w, https:\/\/ecole-maternelle.de\/wp-content\/uploads\/2022\/06\/P5180329-1152x1536.jpg 1152w, https:\/\/ecole-maternelle.de\/wp-content\/uploads\/2022\/06\/P5180329-1536x2048.jpg 1536w, https:\/\/ecole-maternelle.de\/wp-content\/uploads\/2022\/06\/P5180329-scaled.jpg 1920w\" sizes=\"auto, (max-width: 768px) 100vw, 768px\" \/><\/figure>\n\n\n\n<figure class=\"wp-block-image size-large\"><img loading=\"lazy\" decoding=\"async\" width=\"768\" height=\"1024\" data-id=\"218\" src=\"https:\/\/ecole-maternelle.de\/wp-content\/uploads\/2022\/06\/Wippding-768x1024.jpg\" alt=\"\" class=\"wp-image-218\" srcset=\"https:\/\/ecole-maternelle.de\/wp-content\/uploads\/2022\/06\/Wippding-768x1024.jpg 768w, https:\/\/ecole-maternelle.de\/wp-content\/uploads\/2022\/06\/Wippding-225x300.jpg 225w, https:\/\/ecole-maternelle.de\/wp-content\/uploads\/2022\/06\/Wippding-1152x1536.jpg 1152w, https:\/\/ecole-maternelle.de\/wp-content\/uploads\/2022\/06\/Wippding-1536x2048.jpg 1536w, https:\/\/ecole-maternelle.de\/wp-content\/uploads\/2022\/06\/Wippding-scaled.jpg 1920w\" sizes=\"auto, (max-width: 768px) 100vw, 768px\" \/><\/figure>\n<\/figure>\n\n\n\n<h2 class=\"wp-block-heading\"><strong>Wandertag<\/strong><\/h2>\n\n\n\n<p>Dann gibt es noch den gro\u00dfen Wandertag an dem Kinder, Eltern und das Ecole-Team sich zum Picknick, Spielen und nat\u00fcrlich Wandern treffen.<\/p>\n\n\n\n<figure class=\"wp-block-gallery has-nested-images columns-default is-cropped wp-block-gallery-3 is-layout-flex wp-block-gallery-is-layout-flex\">\n<figure class=\"wp-block-image size-large\"><img loading=\"lazy\" decoding=\"async\" width=\"1024\" height=\"768\" data-id=\"253\" src=\"https:\/\/ecole-maternelle.de\/wp-content\/uploads\/2023\/01\/Ausflug-ins-Gruene.jpg\" alt=\"\" class=\"wp-image-253\" srcset=\"https:\/\/ecole-maternelle.de\/wp-content\/uploads\/2023\/01\/Ausflug-ins-Gruene.jpg 1024w, https:\/\/ecole-maternelle.de\/wp-content\/uploads\/2023\/01\/Ausflug-ins-Gruene-300x225.jpg 300w, https:\/\/ecole-maternelle.de\/wp-content\/uploads\/2023\/01\/Ausflug-ins-Gruene-768x576.jpg 768w\" sizes=\"auto, (max-width: 1024px) 100vw, 1024px\" \/><\/figure>\n\n\n\n<figure class=\"wp-block-image size-large\"><img loading=\"lazy\" decoding=\"async\" width=\"511\" height=\"768\" data-id=\"252\" src=\"https:\/\/ecole-maternelle.de\/wp-content\/uploads\/2023\/01\/Ausflug-Kalkstein.jpg\" alt=\"\" class=\"wp-image-252\" srcset=\"https:\/\/ecole-maternelle.de\/wp-content\/uploads\/2023\/01\/Ausflug-Kalkstein.jpg 511w, https:\/\/ecole-maternelle.de\/wp-content\/uploads\/2023\/01\/Ausflug-Kalkstein-200x300.jpg 200w\" sizes=\"auto, (max-width: 511px) 100vw, 511px\" \/><\/figure>\n\n\n\n<figure class=\"wp-block-image size-large\"><img loading=\"lazy\" decoding=\"async\" width=\"576\" height=\"768\" data-id=\"254\" src=\"https:\/\/ecole-maternelle.de\/wp-content\/uploads\/2023\/01\/Waldausflug.jpg\" alt=\"\" class=\"wp-image-254\" srcset=\"https:\/\/ecole-maternelle.de\/wp-content\/uploads\/2023\/01\/Waldausflug.jpg 576w, https:\/\/ecole-maternelle.de\/wp-content\/uploads\/2023\/01\/Waldausflug-225x300.jpg 225w\" sizes=\"auto, (max-width: 576px) 100vw, 576px\" \/><\/figure>\n<\/figure>\n\n\n\n<h2 class=\"wp-block-heading\"><strong>31. Oktober &#8211; Halloween<\/strong><\/h2>\n\n\n\n<p>Seit Jahren wird Halloween in Deutschland genauso wie in Frankreich immer beliebter. Wir dekorieren die Ecole mit K\u00fcrbissen, Spinnennetzen und allerlei Geisterhaftem. Die Kinder k\u00f6nnen sich gern verkleiden und es gibt gruseliges Essen.<\/p>\n\n\n\n<p>Am Abend k\u00f6nnen die Kinder von Haus zu Haus ziehen und S\u00fc\u00dfigkeiten sowie Obst einsammeln. In Deutschland hei\u00dft es: \u201eGib S\u00fc\u00dfes, sonst gibt es Saures!\u201c An Frankreichs T\u00fcren kommt der Spruch: \u201eBonbon ou farce!\u201c<\/p>\n\n\n\n<p><\/p>\n\n\n\n<h2 class=\"wp-block-heading\"><strong>11.11. Martinstag mit Laternenumzug<\/strong><\/h2>\n\n\n\n<p>Am Martinstag wird in der Ecole gebacken: die Martinsh\u00f6rnchen. Diese bricht man in die H\u00e4lfte, um die eine H\u00e4lfte selbst zu essen und die andere jemanden zu geben. Am sp\u00e4ten Nachmittag, wenn es dunkel geworden ist, treffen sich alle zum Martinsumzug. Mit selbstgebastelten Laternen und Liedern auf den Lippen spazieren Kinder, Eltern und das Ecole-Team durch das Viertel.<\/p>\n\n\n\n<p><\/p>\n\n\n\n<h2 class=\"wp-block-heading\"><strong>Dezember &#8211; Weihnachtszeit<\/strong><\/h2>\n\n\n\n<p>Der Dezember geh\u00f6rt den Weihnachtsvorbereitungen: es werden Weihnachtskarten gebastelt, Fotos von den Kindern gemacht und nat\u00fcrlich Weihnachtslieder gesungen.<\/p>\n\n\n\n<p>Einen H\u00f6hepunkt ist die Weihnachtsfeier mit einem musikalischen Programm der Kinder. Manchmal gibt es auch eine \u00dcberraschung seitens der Eltern. Unsere Weihnachtsfeier ist ein gro\u00dfes Fest f\u00fcr alle mit einem gro\u00dfen Buffet.<\/p>\n\n\n\n<figure class=\"wp-block-image size-large is-resized\"><img loading=\"lazy\" decoding=\"async\" src=\"https:\/\/ecole-maternelle.de\/wp-content\/uploads\/2023\/01\/IMG_0085-768x1024.jpg\" alt=\"\" class=\"wp-image-260\" width=\"347\" height=\"461\"\/><figcaption class=\"wp-element-caption\">Joyeux Noel!<\/figcaption><\/figure>\n\n\n\n<p class=\"has-medium-font-size\">Ihr seht, wir haben viel zu feiern!<\/p>\n","protected":false},"excerpt":{"rendered":"<div class=\"entry-summary\">\nIn der Ecole gibt es fast jeden Monat was zu feiern: 6.&hellip;\n<\/div>\n<div class=\"link-more\"><a href=\"https:\/\/ecole-maternelle.de\/index.php\/les-fetes\/\" class=\"more-link\">Continue reading<span class=\"screen-reader-text\"> &ldquo;Les\u00a0F\u00eates&rdquo;<\/span>&hellip;<\/a><\/div>\n","protected":false},"author":1,"featured_media":0,"parent":0,"menu_order":0,"comment_status":"closed","ping_status":"closed","template":"","meta":{"footnotes":""},"class_list":["post-243","page","type-page","status-publish","hentry","entry"],"yoast_head":"<!-- This site is optimized with the Yoast SEO plugin v21.5 - https:\/\/yoast.com\/wordpress\/plugins\/seo\/ -->\n<title>Les\u00a0F\u00eates - Kita &quot;LES LUTINS\u201c - Ecole maternelle in Jena<\/title>\n<meta name=\"description\" content=\"In der Ecole wird jeden Monat ein spezieller Tag begangen. Es gibt viel zu feiern, da auch die franz\u00f6sischen Feiertage mit einbezogen werden.\" \/>\n<meta name=\"robots\" content=\"index, follow, max-snippet:-1, max-image-preview:large, max-video-preview:-1\" \/>\n<link rel=\"canonical\" href=\"https:\/\/ecole-maternelle.de\/index.php\/les-fetes\/\" \/>\n<meta property=\"og:locale\" content=\"de_DE\" \/>\n<meta property=\"og:type\" content=\"article\" \/>\n<meta property=\"og:title\" content=\"Les\u00a0F\u00eates - Kita &quot;LES LUTINS\u201c - Ecole maternelle in Jena\" \/>\n<meta property=\"og:description\" content=\"In der Ecole wird jeden Monat ein spezieller Tag begangen. Es gibt viel zu feiern, da auch die franz\u00f6sischen Feiertage mit einbezogen werden.\" \/>\n<meta property=\"og:url\" content=\"https:\/\/ecole-maternelle.de\/index.php\/les-fetes\/\" \/>\n<meta property=\"og:site_name\" content=\"Kita &quot;LES LUTINS\u201c - Ecole maternelle in Jena\" \/>\n<meta property=\"article:modified_time\" content=\"2023-11-09T13:22:58+00:00\" \/>\n<meta property=\"og:image\" content=\"https:\/\/ecole-maternelle.de\/wp-content\/uploads\/2023\/01\/Galette-de-Rois-722x1024.jpg\" \/>\n<meta name=\"twitter:card\" content=\"summary_large_image\" \/>\n<meta name=\"twitter:label1\" content=\"Gesch\u00e4tzte Lesezeit\" \/>\n\t<meta name=\"twitter:data1\" content=\"6\u00a0Minuten\" \/>\n<script type=\"application\/ld+json\" class=\"yoast-schema-graph\">{\"@context\":\"https:\/\/schema.org\",\"@graph\":[{\"@type\":\"Article\",\"@id\":\"https:\/\/ecole-maternelle.de\/index.php\/les-fetes\/#article\",\"isPartOf\":{\"@id\":\"https:\/\/ecole-maternelle.de\/index.php\/les-fetes\/\"},\"author\":{\"name\":\"admin\",\"@id\":\"https:\/\/ecole-maternelle.de\/#\/schema\/person\/51bea563f76e4692ced823a738a1d0d4\"},\"headline\":\"Les\u00a0F\u00eates\",\"datePublished\":\"2023-01-11T15:26:17+00:00\",\"dateModified\":\"2023-11-09T13:22:58+00:00\",\"mainEntityOfPage\":{\"@id\":\"https:\/\/ecole-maternelle.de\/index.php\/les-fetes\/\"},\"wordCount\":670,\"publisher\":{\"@id\":\"https:\/\/ecole-maternelle.de\/#organization\"},\"inLanguage\":\"de\"},{\"@type\":[\"WebPage\",\"AboutPage\"],\"@id\":\"https:\/\/ecole-maternelle.de\/index.php\/les-fetes\/\",\"url\":\"https:\/\/ecole-maternelle.de\/index.php\/les-fetes\/\",\"name\":\"Les\u00a0F\u00eates - Kita &quot;LES LUTINS\u201c - Ecole maternelle in Jena\",\"isPartOf\":{\"@id\":\"https:\/\/ecole-maternelle.de\/#website\"},\"datePublished\":\"2023-01-11T15:26:17+00:00\",\"dateModified\":\"2023-11-09T13:22:58+00:00\",\"description\":\"In der Ecole wird jeden Monat ein spezieller Tag begangen. Es gibt viel zu feiern, da auch die franz\u00f6sischen Feiertage mit einbezogen werden.\",\"breadcrumb\":{\"@id\":\"https:\/\/ecole-maternelle.de\/index.php\/les-fetes\/#breadcrumb\"},\"inLanguage\":\"de\",\"potentialAction\":[{\"@type\":\"ReadAction\",\"target\":[\"https:\/\/ecole-maternelle.de\/index.php\/les-fetes\/\"]}]},{\"@type\":\"BreadcrumbList\",\"@id\":\"https:\/\/ecole-maternelle.de\/index.php\/les-fetes\/#breadcrumb\",\"itemListElement\":[{\"@type\":\"ListItem\",\"position\":1,\"name\":\"Startseite\",\"item\":\"https:\/\/ecole-maternelle.de\/\"},{\"@type\":\"ListItem\",\"position\":2,\"name\":\"Les\u00a0F\u00eates\"}]},{\"@type\":\"WebSite\",\"@id\":\"https:\/\/ecole-maternelle.de\/#website\",\"url\":\"https:\/\/ecole-maternelle.de\/\",\"name\":\"Kita &quot;LES LUTINS\u201c - Ecole maternelle in Jena\",\"description\":\"Kita &quot;LES LUTINS\u201c - Ecole maternelle in Jena\",\"publisher\":{\"@id\":\"https:\/\/ecole-maternelle.de\/#organization\"},\"potentialAction\":[{\"@type\":\"SearchAction\",\"target\":{\"@type\":\"EntryPoint\",\"urlTemplate\":\"https:\/\/ecole-maternelle.de\/?s={search_term_string}\"},\"query-input\":\"required name=search_term_string\"}],\"inLanguage\":\"de\"},{\"@type\":\"Organization\",\"@id\":\"https:\/\/ecole-maternelle.de\/#organization\",\"name\":\"Kita &quot;LES LUTINS\u201c - Ecole maternelle in Jena\",\"url\":\"https:\/\/ecole-maternelle.de\/\",\"logo\":{\"@type\":\"ImageObject\",\"inLanguage\":\"de\",\"@id\":\"https:\/\/ecole-maternelle.de\/#\/schema\/logo\/image\/\",\"url\":\"https:\/\/ecole-maternelle.de\/wp-content\/uploads\/2022\/02\/cropped-les_lutins_Logo-3.jpg\",\"contentUrl\":\"https:\/\/ecole-maternelle.de\/wp-content\/uploads\/2022\/02\/cropped-les_lutins_Logo-3.jpg\",\"width\":1712,\"height\":1549,\"caption\":\"Kita &quot;LES LUTINS\u201c - Ecole maternelle in Jena\"},\"image\":{\"@id\":\"https:\/\/ecole-maternelle.de\/#\/schema\/logo\/image\/\"}},{\"@type\":\"Person\",\"@id\":\"https:\/\/ecole-maternelle.de\/#\/schema\/person\/51bea563f76e4692ced823a738a1d0d4\",\"name\":\"admin\",\"image\":{\"@type\":\"ImageObject\",\"inLanguage\":\"de\",\"@id\":\"https:\/\/ecole-maternelle.de\/#\/schema\/person\/image\/\",\"url\":\"https:\/\/secure.gravatar.com\/avatar\/c27c7b2a93f9f39573a036bfdef57911b48580ba16acd65fe0c102662a717a6d?s=96&d=mm&r=g\",\"contentUrl\":\"https:\/\/secure.gravatar.com\/avatar\/c27c7b2a93f9f39573a036bfdef57911b48580ba16acd65fe0c102662a717a6d?s=96&d=mm&r=g\",\"caption\":\"admin\"},\"sameAs\":[\"https:\/\/ecole-maternelle.de\"],\"url\":\"https:\/\/ecole-maternelle.de\/index.php\/author\/info_lz69gz74\/\"}]}<\/script>\n<!-- \/ Yoast SEO plugin. -->","yoast_head_json":{"title":"Les\u00a0F\u00eates - Kita &quot;LES LUTINS\u201c - Ecole maternelle in Jena","description":"In der Ecole wird jeden Monat ein spezieller Tag begangen. Es gibt viel zu feiern, da auch die franz\u00f6sischen Feiertage mit einbezogen werden.","robots":{"index":"index","follow":"follow","max-snippet":"max-snippet:-1","max-image-preview":"max-image-preview:large","max-video-preview":"max-video-preview:-1"},"canonical":"https:\/\/ecole-maternelle.de\/index.php\/les-fetes\/","og_locale":"de_DE","og_type":"article","og_title":"Les\u00a0F\u00eates - Kita &quot;LES LUTINS\u201c - Ecole maternelle in Jena","og_description":"In der Ecole wird jeden Monat ein spezieller Tag begangen. Es gibt viel zu feiern, da auch die franz\u00f6sischen Feiertage mit einbezogen werden.","og_url":"https:\/\/ecole-maternelle.de\/index.php\/les-fetes\/","og_site_name":"Kita &quot;LES LUTINS\u201c - Ecole maternelle in Jena","article_modified_time":"2023-11-09T13:22:58+00:00","og_image":[{"url":"https:\/\/ecole-maternelle.de\/wp-content\/uploads\/2023\/01\/Galette-de-Rois-722x1024.jpg"}],"twitter_card":"summary_large_image","twitter_misc":{"Gesch\u00e4tzte Lesezeit":"6\u00a0Minuten"},"schema":{"@context":"https:\/\/schema.org","@graph":[{"@type":"Article","@id":"https:\/\/ecole-maternelle.de\/index.php\/les-fetes\/#article","isPartOf":{"@id":"https:\/\/ecole-maternelle.de\/index.php\/les-fetes\/"},"author":{"name":"admin","@id":"https:\/\/ecole-maternelle.de\/#\/schema\/person\/51bea563f76e4692ced823a738a1d0d4"},"headline":"Les\u00a0F\u00eates","datePublished":"2023-01-11T15:26:17+00:00","dateModified":"2023-11-09T13:22:58+00:00","mainEntityOfPage":{"@id":"https:\/\/ecole-maternelle.de\/index.php\/les-fetes\/"},"wordCount":670,"publisher":{"@id":"https:\/\/ecole-maternelle.de\/#organization"},"inLanguage":"de"},{"@type":["WebPage","AboutPage"],"@id":"https:\/\/ecole-maternelle.de\/index.php\/les-fetes\/","url":"https:\/\/ecole-maternelle.de\/index.php\/les-fetes\/","name":"Les\u00a0F\u00eates - Kita &quot;LES LUTINS\u201c - Ecole maternelle in Jena","isPartOf":{"@id":"https:\/\/ecole-maternelle.de\/#website"},"datePublished":"2023-01-11T15:26:17+00:00","dateModified":"2023-11-09T13:22:58+00:00","description":"In der Ecole wird jeden Monat ein spezieller Tag begangen. Es gibt viel zu feiern, da auch die franz\u00f6sischen Feiertage mit einbezogen werden.","breadcrumb":{"@id":"https:\/\/ecole-maternelle.de\/index.php\/les-fetes\/#breadcrumb"},"inLanguage":"de","potentialAction":[{"@type":"ReadAction","target":["https:\/\/ecole-maternelle.de\/index.php\/les-fetes\/"]}]},{"@type":"BreadcrumbList","@id":"https:\/\/ecole-maternelle.de\/index.php\/les-fetes\/#breadcrumb","itemListElement":[{"@type":"ListItem","position":1,"name":"Startseite","item":"https:\/\/ecole-maternelle.de\/"},{"@type":"ListItem","position":2,"name":"Les\u00a0F\u00eates"}]},{"@type":"WebSite","@id":"https:\/\/ecole-maternelle.de\/#website","url":"https:\/\/ecole-maternelle.de\/","name":"Kita &quot;LES LUTINS\u201c - Ecole maternelle in Jena","description":"Kita &quot;LES LUTINS\u201c - Ecole maternelle in Jena","publisher":{"@id":"https:\/\/ecole-maternelle.de\/#organization"},"potentialAction":[{"@type":"SearchAction","target":{"@type":"EntryPoint","urlTemplate":"https:\/\/ecole-maternelle.de\/?s={search_term_string}"},"query-input":"required name=search_term_string"}],"inLanguage":"de"},{"@type":"Organization","@id":"https:\/\/ecole-maternelle.de\/#organization","name":"Kita &quot;LES LUTINS\u201c - Ecole maternelle in Jena","url":"https:\/\/ecole-maternelle.de\/","logo":{"@type":"ImageObject","inLanguage":"de","@id":"https:\/\/ecole-maternelle.de\/#\/schema\/logo\/image\/","url":"https:\/\/ecole-maternelle.de\/wp-content\/uploads\/2022\/02\/cropped-les_lutins_Logo-3.jpg","contentUrl":"https:\/\/ecole-maternelle.de\/wp-content\/uploads\/2022\/02\/cropped-les_lutins_Logo-3.jpg","width":1712,"height":1549,"caption":"Kita &quot;LES LUTINS\u201c - Ecole maternelle in Jena"},"image":{"@id":"https:\/\/ecole-maternelle.de\/#\/schema\/logo\/image\/"}},{"@type":"Person","@id":"https:\/\/ecole-maternelle.de\/#\/schema\/person\/51bea563f76e4692ced823a738a1d0d4","name":"admin","image":{"@type":"ImageObject","inLanguage":"de","@id":"https:\/\/ecole-maternelle.de\/#\/schema\/person\/image\/","url":"https:\/\/secure.gravatar.com\/avatar\/c27c7b2a93f9f39573a036bfdef57911b48580ba16acd65fe0c102662a717a6d?s=96&d=mm&r=g","contentUrl":"https:\/\/secure.gravatar.com\/avatar\/c27c7b2a93f9f39573a036bfdef57911b48580ba16acd65fe0c102662a717a6d?s=96&d=mm&r=g","caption":"admin"},"sameAs":["https:\/\/ecole-maternelle.de"],"url":"https:\/\/ecole-maternelle.de\/index.php\/author\/info_lz69gz74\/"}]}},"_links":{"self":[{"href":"https:\/\/ecole-maternelle.de\/index.php\/wp-json\/wp\/v2\/pages\/243","targetHints":{"allow":["GET"]}}],"collection":[{"href":"https:\/\/ecole-maternelle.de\/index.php\/wp-json\/wp\/v2\/pages"}],"about":[{"href":"https:\/\/ecole-maternelle.de\/index.php\/wp-json\/wp\/v2\/types\/page"}],"author":[{"embeddable":true,"href":"https:\/\/ecole-maternelle.de\/index.php\/wp-json\/wp\/v2\/users\/1"}],"replies":[{"embeddable":true,"href":"https:\/\/ecole-maternelle.de\/index.php\/wp-json\/wp\/v2\/comments?post=243"}],"version-history":[{"count":4,"href":"https:\/\/ecole-maternelle.de\/index.php\/wp-json\/wp\/v2\/pages\/243\/revisions"}],"predecessor-version":[{"id":358,"href":"https:\/\/ecole-maternelle.de\/index.php\/wp-json\/wp\/v2\/pages\/243\/revisions\/358"}],"wp:attachment":[{"href":"https:\/\/ecole-maternelle.de\/index.php\/wp-json\/wp\/v2\/media?parent=243"}],"curies":[{"name":"wp","href":"https:\/\/api.w.org\/{rel}","templated":true}]}}