{"id":38,"date":"2022-02-13T17:05:32","date_gmt":"2022-02-13T17:05:32","guid":{"rendered":"https:\/\/ecole-maternelle.de\/?page_id=38"},"modified":"2023-11-09T09:56:37","modified_gmt":"2023-11-09T09:56:37","slug":"der-typische-tagesablauf","status":"publish","type":"page","link":"https:\/\/ecole-maternelle.de\/index.php\/der-typische-tagesablauf\/","title":{"rendered":"Der typische Tagesablauf"},"content":{"rendered":"\n<p>Die Ecole \u00f6ffnet um 7:15 Uhr und schlie\u00dft 17:15 Uhr. Unser Tagesablauf gibt den Kindern Struktur: <\/p>\n\n\n\n<p>Bis sp\u00e4testens 8:40 Uhr <strong>Ankunft der Kinder<\/strong><\/p>\n\n\n\n<div class=\"wp-block-columns is-layout-flex wp-container-core-columns-is-layout-9d6595d7 wp-block-columns-is-layout-flex\">\n<div class=\"wp-block-column is-layout-flow wp-block-column-is-layout-flow\" style=\"flex-basis:100%\">\n<div class=\"wp-block-group\"><div class=\"wp-block-group__inner-container is-layout-flow wp-block-group-is-layout-flow\">\n<figure class=\"wp-block-gallery has-nested-images columns-default is-cropped wp-block-gallery-1 is-layout-flex wp-block-gallery-is-layout-flex\">\n<figure class=\"wp-block-image size-large\"><img loading=\"lazy\" decoding=\"async\" width=\"1024\" height=\"682\" data-id=\"135\" src=\"https:\/\/ecole-maternelle.de\/wp-content\/uploads\/2022\/02\/Rakete-startet-1-1024x682.jpg\" alt=\"\" class=\"wp-image-135\" srcset=\"https:\/\/ecole-maternelle.de\/wp-content\/uploads\/2022\/02\/Rakete-startet-1-1024x682.jpg 1024w, https:\/\/ecole-maternelle.de\/wp-content\/uploads\/2022\/02\/Rakete-startet-1-300x200.jpg 300w, https:\/\/ecole-maternelle.de\/wp-content\/uploads\/2022\/02\/Rakete-startet-1-768x511.jpg 768w, https:\/\/ecole-maternelle.de\/wp-content\/uploads\/2022\/02\/Rakete-startet-1-1536x1023.jpg 1536w, https:\/\/ecole-maternelle.de\/wp-content\/uploads\/2022\/02\/Rakete-startet-1-2048x1364.jpg 2048w, https:\/\/ecole-maternelle.de\/wp-content\/uploads\/2022\/02\/Rakete-startet-1-960x640.jpg 960w\" sizes=\"auto, (max-width: 1024px) 100vw, 1024px\" \/><\/figure>\n\n\n\n<figure class=\"wp-block-image size-large\"><img loading=\"lazy\" decoding=\"async\" width=\"841\" height=\"1024\" data-id=\"134\" src=\"https:\/\/ecole-maternelle.de\/wp-content\/uploads\/2022\/02\/Marswelt-841x1024.jpg\" alt=\"\" class=\"wp-image-134\" srcset=\"https:\/\/ecole-maternelle.de\/wp-content\/uploads\/2022\/02\/Marswelt-841x1024.jpg 841w, https:\/\/ecole-maternelle.de\/wp-content\/uploads\/2022\/02\/Marswelt-246x300.jpg 246w, https:\/\/ecole-maternelle.de\/wp-content\/uploads\/2022\/02\/Marswelt-768x935.jpg 768w, https:\/\/ecole-maternelle.de\/wp-content\/uploads\/2022\/02\/Marswelt-1261x1536.jpg 1261w, https:\/\/ecole-maternelle.de\/wp-content\/uploads\/2022\/02\/Marswelt-1682x2048.jpg 1682w\" sizes=\"auto, (max-width: 841px) 100vw, 841px\" \/><\/figure>\n<\/figure>\n<\/div><\/div>\n<\/div>\n<\/div>\n\n\n\n<p>Wir starten in den Tag mit unserer Rakete und landen auf unserem Planeten &#8222;Ecole&#8220;.<\/p>\n\n\n\n<p>8:45 Uhr\u00a0<strong>Morgenkreis<\/strong><br>Dieser findet abwechselnd\u00a0 auf franz\u00f6sisch oder in deutscher Sprache statt &#8211; Begr\u00fc\u00dfung mit unserem Ecole-Lied, Themen wie Anwesenheit, Wetter, Jahreszeit, Kalender, Dienste, Vorhaben oder das Projekt werden besprochen.<\/p>\n\n\n\n<figure class=\"wp-block-image size-full\"><img loading=\"lazy\" decoding=\"async\" width=\"271\" height=\"204\" src=\"https:\/\/ecole-maternelle.de\/wp-content\/uploads\/2022\/02\/Morgenkreis.jpg\" alt=\"\" class=\"wp-image-40\"\/><\/figure>\n\n\n\n<p>9:15 Uhr&nbsp;<strong>Ateliers<\/strong><br>Den Kindern werden verschiedene Aktivit\u00e4ten und \u201eAteliers\u201c angeboten. Sie k\u00f6nnen selbst ausw\u00e4hlen, ob sie die Bastelarbeiten vom Vortag fertig stellen, kneten, malen, sich mit didaktischem Material besch\u00e4ftigen, Gesellschaftsspiele machen, an der Tafel schreiben oder ein anderes der jeweils angebotenen Ateliers nutzen m\u00f6chten.<\/p>\n\n\n\n<figure class=\"wp-block-image size-full\"><img loading=\"lazy\" decoding=\"async\" width=\"203\" height=\"152\" src=\"https:\/\/ecole-maternelle.de\/wp-content\/uploads\/2022\/02\/Ateliers.jpg\" alt=\"\" class=\"wp-image-41\"\/><\/figure>\n\n\n\n<p>9:40 Uhr&nbsp;<strong>Obstfr\u00fchst\u00fcck<\/strong><br>Eine gesunde Ern\u00e4hrung liegt uns am Herzen. Nach dem Obstfr\u00fchst\u00fcck verteilen sich die Gruppen auf Vorschularbeit, Sport oder gehen in den Garten oder in den Wald.<\/p>\n\n\n\n<figure class=\"wp-block-image size-full\"><img loading=\"lazy\" decoding=\"async\" width=\"271\" height=\"204\" src=\"https:\/\/ecole-maternelle.de\/wp-content\/uploads\/2022\/02\/Vorschularbeit.jpg\" alt=\"\" class=\"wp-image-42\"\/><\/figure>\n\n\n\n<p><br>11:30 Uhr <strong>Tisch decken, Betten aufstellen und Mittagessen<\/strong><br>Das Mittagessen ist eingebettet in einem Mittagskreis mit Liedern und Geschichten.<\/p>\n\n\n\n<figure class=\"wp-block-image size-full\"><img loading=\"lazy\" decoding=\"async\" width=\"271\" height=\"204\" src=\"https:\/\/ecole-maternelle.de\/wp-content\/uploads\/2022\/02\/Mittagskreis.jpg\" alt=\"\" class=\"wp-image-43\"\/><\/figure>\n\n\n\n<p>12:30 Uhr&nbsp;<strong>Mittagsruhe<\/strong><\/p>\n\n\n\n<figure class=\"wp-block-image size-full\"><img loading=\"lazy\" decoding=\"async\" width=\"271\" height=\"204\" src=\"https:\/\/ecole-maternelle.de\/wp-content\/uploads\/2022\/02\/Mittagsruhe.jpg\" alt=\"\" class=\"wp-image-44\"\/><\/figure>\n\n\n\n<p>14:00 Uhr <strong>Freispiel<\/strong><br>Damit die Kleinsten in Ruhe aufwachen und sich anziehen k\u00f6nnen, d\u00fcrfen die Gro\u00dfen bis zum Vesper frei spielen.<\/p>\n\n\n\n<p>14:45 Uhr&nbsp;<strong>Vesper<\/strong><br>Nach dem Vesper geht es raus in den Garten. Hier kann im gro\u00dfen Sandkasten nach Herzenslust gebaut oder an den Spielger\u00e4ten getobt werden.<\/p>\n\n\n\n<figure class=\"wp-block-image size-full\"><img loading=\"lazy\" decoding=\"async\" width=\"153\" height=\"203\" src=\"https:\/\/ecole-maternelle.de\/wp-content\/uploads\/2022\/02\/Freispiel-draussen.jpg\" alt=\"\" class=\"wp-image-45\"\/><\/figure>\n","protected":false},"excerpt":{"rendered":"<div class=\"entry-summary\">\nDie Ecole \u00f6ffnet um 7:15 Uhr und schlie\u00dft 17:15 Uhr. Unser Tagesablauf&hellip;\n<\/div>\n<div class=\"link-more\"><a href=\"https:\/\/ecole-maternelle.de\/index.php\/der-typische-tagesablauf\/\" class=\"more-link\">Continue reading<span class=\"screen-reader-text\"> &ldquo;Der typische Tagesablauf&rdquo;<\/span>&hellip;<\/a><\/div>\n","protected":false},"author":1,"featured_media":96,"parent":0,"menu_order":0,"comment_status":"closed","ping_status":"closed","template":"","meta":{"footnotes":""},"class_list":["post-38","page","type-page","status-publish","has-post-thumbnail","hentry","entry"],"yoast_head":"<!-- This site is optimized with the Yoast SEO plugin v21.5 - https:\/\/yoast.com\/wordpress\/plugins\/seo\/ -->\n<title>Der typische Tagesablauf - Kita &quot;LES LUTINS\u201c - Ecole maternelle in Jena<\/title>\n<meta name=\"description\" content=\"Hier k\u00f6nnen Sie unseren Tagesablauf einsehen. Spiel und Spa\u00df im Freien bei fast jedem Wetter ist uns dabei wichtig.\" \/>\n<meta name=\"robots\" content=\"index, follow, max-snippet:-1, max-image-preview:large, max-video-preview:-1\" \/>\n<link rel=\"canonical\" href=\"https:\/\/ecole-maternelle.de\/index.php\/der-typische-tagesablauf\/\" \/>\n<meta property=\"og:locale\" content=\"de_DE\" \/>\n<meta property=\"og:type\" content=\"article\" \/>\n<meta property=\"og:title\" content=\"Der typische Tagesablauf - Kita &quot;LES LUTINS\u201c - Ecole maternelle in Jena\" \/>\n<meta property=\"og:description\" content=\"Hier k\u00f6nnen Sie unseren Tagesablauf einsehen. Spiel und Spa\u00df im Freien bei fast jedem Wetter ist uns dabei wichtig.\" \/>\n<meta property=\"og:url\" content=\"https:\/\/ecole-maternelle.de\/index.php\/der-typische-tagesablauf\/\" \/>\n<meta property=\"og:site_name\" content=\"Kita &quot;LES LUTINS\u201c - Ecole maternelle in Jena\" \/>\n<meta property=\"article:modified_time\" content=\"2023-11-09T09:56:37+00:00\" \/>\n<meta property=\"og:image\" content=\"https:\/\/ecole-maternelle.de\/wp-content\/uploads\/2022\/02\/Rutsche-1-scaled.jpg\" \/>\n\t<meta property=\"og:image:width\" content=\"1920\" \/>\n\t<meta property=\"og:image:height\" content=\"2560\" \/>\n\t<meta property=\"og:image:type\" content=\"image\/jpeg\" \/>\n<meta name=\"twitter:card\" content=\"summary_large_image\" \/>\n<meta name=\"twitter:label1\" content=\"Gesch\u00e4tzte Lesezeit\" \/>\n\t<meta name=\"twitter:data1\" content=\"3\u00a0Minuten\" \/>\n<script type=\"application\/ld+json\" class=\"yoast-schema-graph\">{\"@context\":\"https:\/\/schema.org\",\"@graph\":[{\"@type\":\"Article\",\"@id\":\"https:\/\/ecole-maternelle.de\/index.php\/der-typische-tagesablauf\/#article\",\"isPartOf\":{\"@id\":\"https:\/\/ecole-maternelle.de\/index.php\/der-typische-tagesablauf\/\"},\"author\":{\"name\":\"admin\",\"@id\":\"https:\/\/ecole-maternelle.de\/#\/schema\/person\/51bea563f76e4692ced823a738a1d0d4\"},\"headline\":\"Der typische Tagesablauf\",\"datePublished\":\"2022-02-13T17:05:32+00:00\",\"dateModified\":\"2023-11-09T09:56:37+00:00\",\"mainEntityOfPage\":{\"@id\":\"https:\/\/ecole-maternelle.de\/index.php\/der-typische-tagesablauf\/\"},\"wordCount\":227,\"publisher\":{\"@id\":\"https:\/\/ecole-maternelle.de\/#organization\"},\"inLanguage\":\"de\"},{\"@type\":[\"WebPage\",\"AboutPage\"],\"@id\":\"https:\/\/ecole-maternelle.de\/index.php\/der-typische-tagesablauf\/\",\"url\":\"https:\/\/ecole-maternelle.de\/index.php\/der-typische-tagesablauf\/\",\"name\":\"Der typische Tagesablauf - Kita &quot;LES LUTINS\u201c - Ecole maternelle in Jena\",\"isPartOf\":{\"@id\":\"https:\/\/ecole-maternelle.de\/#website\"},\"datePublished\":\"2022-02-13T17:05:32+00:00\",\"dateModified\":\"2023-11-09T09:56:37+00:00\",\"description\":\"Hier k\u00f6nnen Sie unseren Tagesablauf einsehen. Spiel und Spa\u00df im Freien bei fast jedem Wetter ist uns dabei wichtig.\",\"breadcrumb\":{\"@id\":\"https:\/\/ecole-maternelle.de\/index.php\/der-typische-tagesablauf\/#breadcrumb\"},\"inLanguage\":\"de\",\"potentialAction\":[{\"@type\":\"ReadAction\",\"target\":[\"https:\/\/ecole-maternelle.de\/index.php\/der-typische-tagesablauf\/\"]}]},{\"@type\":\"BreadcrumbList\",\"@id\":\"https:\/\/ecole-maternelle.de\/index.php\/der-typische-tagesablauf\/#breadcrumb\",\"itemListElement\":[{\"@type\":\"ListItem\",\"position\":1,\"name\":\"Startseite\",\"item\":\"https:\/\/ecole-maternelle.de\/\"},{\"@type\":\"ListItem\",\"position\":2,\"name\":\"Der typische Tagesablauf\"}]},{\"@type\":\"WebSite\",\"@id\":\"https:\/\/ecole-maternelle.de\/#website\",\"url\":\"https:\/\/ecole-maternelle.de\/\",\"name\":\"Kita &quot;LES LUTINS\u201c - Ecole maternelle in Jena\",\"description\":\"Kita &quot;LES LUTINS\u201c - Ecole maternelle in Jena\",\"publisher\":{\"@id\":\"https:\/\/ecole-maternelle.de\/#organization\"},\"potentialAction\":[{\"@type\":\"SearchAction\",\"target\":{\"@type\":\"EntryPoint\",\"urlTemplate\":\"https:\/\/ecole-maternelle.de\/?s={search_term_string}\"},\"query-input\":\"required name=search_term_string\"}],\"inLanguage\":\"de\"},{\"@type\":\"Organization\",\"@id\":\"https:\/\/ecole-maternelle.de\/#organization\",\"name\":\"Kita &quot;LES LUTINS\u201c - Ecole maternelle in Jena\",\"url\":\"https:\/\/ecole-maternelle.de\/\",\"logo\":{\"@type\":\"ImageObject\",\"inLanguage\":\"de\",\"@id\":\"https:\/\/ecole-maternelle.de\/#\/schema\/logo\/image\/\",\"url\":\"https:\/\/ecole-maternelle.de\/wp-content\/uploads\/2022\/02\/cropped-les_lutins_Logo-3.jpg\",\"contentUrl\":\"https:\/\/ecole-maternelle.de\/wp-content\/uploads\/2022\/02\/cropped-les_lutins_Logo-3.jpg\",\"width\":1712,\"height\":1549,\"caption\":\"Kita &quot;LES LUTINS\u201c - Ecole maternelle in Jena\"},\"image\":{\"@id\":\"https:\/\/ecole-maternelle.de\/#\/schema\/logo\/image\/\"}},{\"@type\":\"Person\",\"@id\":\"https:\/\/ecole-maternelle.de\/#\/schema\/person\/51bea563f76e4692ced823a738a1d0d4\",\"name\":\"admin\",\"image\":{\"@type\":\"ImageObject\",\"inLanguage\":\"de\",\"@id\":\"https:\/\/ecole-maternelle.de\/#\/schema\/person\/image\/\",\"url\":\"https:\/\/secure.gravatar.com\/avatar\/c27c7b2a93f9f39573a036bfdef57911b48580ba16acd65fe0c102662a717a6d?s=96&d=mm&r=g\",\"contentUrl\":\"https:\/\/secure.gravatar.com\/avatar\/c27c7b2a93f9f39573a036bfdef57911b48580ba16acd65fe0c102662a717a6d?s=96&d=mm&r=g\",\"caption\":\"admin\"},\"sameAs\":[\"https:\/\/ecole-maternelle.de\"],\"url\":\"https:\/\/ecole-maternelle.de\/index.php\/author\/info_lz69gz74\/\"}]}<\/script>\n<!-- \/ Yoast SEO plugin. -->","yoast_head_json":{"title":"Der typische Tagesablauf - Kita &quot;LES LUTINS\u201c - Ecole maternelle in Jena","description":"Hier k\u00f6nnen Sie unseren Tagesablauf einsehen. Spiel und Spa\u00df im Freien bei fast jedem Wetter ist uns dabei wichtig.","robots":{"index":"index","follow":"follow","max-snippet":"max-snippet:-1","max-image-preview":"max-image-preview:large","max-video-preview":"max-video-preview:-1"},"canonical":"https:\/\/ecole-maternelle.de\/index.php\/der-typische-tagesablauf\/","og_locale":"de_DE","og_type":"article","og_title":"Der typische Tagesablauf - Kita &quot;LES LUTINS\u201c - Ecole maternelle in Jena","og_description":"Hier k\u00f6nnen Sie unseren Tagesablauf einsehen. Spiel und Spa\u00df im Freien bei fast jedem Wetter ist uns dabei wichtig.","og_url":"https:\/\/ecole-maternelle.de\/index.php\/der-typische-tagesablauf\/","og_site_name":"Kita &quot;LES LUTINS\u201c - Ecole maternelle in Jena","article_modified_time":"2023-11-09T09:56:37+00:00","og_image":[{"width":1920,"height":2560,"url":"https:\/\/ecole-maternelle.de\/wp-content\/uploads\/2022\/02\/Rutsche-1-scaled.jpg","type":"image\/jpeg"}],"twitter_card":"summary_large_image","twitter_misc":{"Gesch\u00e4tzte Lesezeit":"3\u00a0Minuten"},"schema":{"@context":"https:\/\/schema.org","@graph":[{"@type":"Article","@id":"https:\/\/ecole-maternelle.de\/index.php\/der-typische-tagesablauf\/#article","isPartOf":{"@id":"https:\/\/ecole-maternelle.de\/index.php\/der-typische-tagesablauf\/"},"author":{"name":"admin","@id":"https:\/\/ecole-maternelle.de\/#\/schema\/person\/51bea563f76e4692ced823a738a1d0d4"},"headline":"Der typische Tagesablauf","datePublished":"2022-02-13T17:05:32+00:00","dateModified":"2023-11-09T09:56:37+00:00","mainEntityOfPage":{"@id":"https:\/\/ecole-maternelle.de\/index.php\/der-typische-tagesablauf\/"},"wordCount":227,"publisher":{"@id":"https:\/\/ecole-maternelle.de\/#organization"},"inLanguage":"de"},{"@type":["WebPage","AboutPage"],"@id":"https:\/\/ecole-maternelle.de\/index.php\/der-typische-tagesablauf\/","url":"https:\/\/ecole-maternelle.de\/index.php\/der-typische-tagesablauf\/","name":"Der typische Tagesablauf - Kita &quot;LES LUTINS\u201c - Ecole maternelle in Jena","isPartOf":{"@id":"https:\/\/ecole-maternelle.de\/#website"},"datePublished":"2022-02-13T17:05:32+00:00","dateModified":"2023-11-09T09:56:37+00:00","description":"Hier k\u00f6nnen Sie unseren Tagesablauf einsehen. Spiel und Spa\u00df im Freien bei fast jedem Wetter ist uns dabei wichtig.","breadcrumb":{"@id":"https:\/\/ecole-maternelle.de\/index.php\/der-typische-tagesablauf\/#breadcrumb"},"inLanguage":"de","potentialAction":[{"@type":"ReadAction","target":["https:\/\/ecole-maternelle.de\/index.php\/der-typische-tagesablauf\/"]}]},{"@type":"BreadcrumbList","@id":"https:\/\/ecole-maternelle.de\/index.php\/der-typische-tagesablauf\/#breadcrumb","itemListElement":[{"@type":"ListItem","position":1,"name":"Startseite","item":"https:\/\/ecole-maternelle.de\/"},{"@type":"ListItem","position":2,"name":"Der typische Tagesablauf"}]},{"@type":"WebSite","@id":"https:\/\/ecole-maternelle.de\/#website","url":"https:\/\/ecole-maternelle.de\/","name":"Kita &quot;LES LUTINS\u201c - Ecole maternelle in Jena","description":"Kita &quot;LES LUTINS\u201c - Ecole maternelle in Jena","publisher":{"@id":"https:\/\/ecole-maternelle.de\/#organization"},"potentialAction":[{"@type":"SearchAction","target":{"@type":"EntryPoint","urlTemplate":"https:\/\/ecole-maternelle.de\/?s={search_term_string}"},"query-input":"required name=search_term_string"}],"inLanguage":"de"},{"@type":"Organization","@id":"https:\/\/ecole-maternelle.de\/#organization","name":"Kita &quot;LES LUTINS\u201c - Ecole maternelle in Jena","url":"https:\/\/ecole-maternelle.de\/","logo":{"@type":"ImageObject","inLanguage":"de","@id":"https:\/\/ecole-maternelle.de\/#\/schema\/logo\/image\/","url":"https:\/\/ecole-maternelle.de\/wp-content\/uploads\/2022\/02\/cropped-les_lutins_Logo-3.jpg","contentUrl":"https:\/\/ecole-maternelle.de\/wp-content\/uploads\/2022\/02\/cropped-les_lutins_Logo-3.jpg","width":1712,"height":1549,"caption":"Kita &quot;LES LUTINS\u201c - Ecole maternelle in Jena"},"image":{"@id":"https:\/\/ecole-maternelle.de\/#\/schema\/logo\/image\/"}},{"@type":"Person","@id":"https:\/\/ecole-maternelle.de\/#\/schema\/person\/51bea563f76e4692ced823a738a1d0d4","name":"admin","image":{"@type":"ImageObject","inLanguage":"de","@id":"https:\/\/ecole-maternelle.de\/#\/schema\/person\/image\/","url":"https:\/\/secure.gravatar.com\/avatar\/c27c7b2a93f9f39573a036bfdef57911b48580ba16acd65fe0c102662a717a6d?s=96&d=mm&r=g","contentUrl":"https:\/\/secure.gravatar.com\/avatar\/c27c7b2a93f9f39573a036bfdef57911b48580ba16acd65fe0c102662a717a6d?s=96&d=mm&r=g","caption":"admin"},"sameAs":["https:\/\/ecole-maternelle.de"],"url":"https:\/\/ecole-maternelle.de\/index.php\/author\/info_lz69gz74\/"}]}},"_links":{"self":[{"href":"https:\/\/ecole-maternelle.de\/index.php\/wp-json\/wp\/v2\/pages\/38","targetHints":{"allow":["GET"]}}],"collection":[{"href":"https:\/\/ecole-maternelle.de\/index.php\/wp-json\/wp\/v2\/pages"}],"about":[{"href":"https:\/\/ecole-maternelle.de\/index.php\/wp-json\/wp\/v2\/types\/page"}],"author":[{"embeddable":true,"href":"https:\/\/ecole-maternelle.de\/index.php\/wp-json\/wp\/v2\/users\/1"}],"replies":[{"embeddable":true,"href":"https:\/\/ecole-maternelle.de\/index.php\/wp-json\/wp\/v2\/comments?post=38"}],"version-history":[{"count":10,"href":"https:\/\/ecole-maternelle.de\/index.php\/wp-json\/wp\/v2\/pages\/38\/revisions"}],"predecessor-version":[{"id":350,"href":"https:\/\/ecole-maternelle.de\/index.php\/wp-json\/wp\/v2\/pages\/38\/revisions\/350"}],"wp:featuredmedia":[{"embeddable":true,"href":"https:\/\/ecole-maternelle.de\/index.php\/wp-json\/wp\/v2\/media\/96"}],"wp:attachment":[{"href":"https:\/\/ecole-maternelle.de\/index.php\/wp-json\/wp\/v2\/media?parent=38"}],"curies":[{"name":"wp","href":"https:\/\/api.w.org\/{rel}","templated":true}]}}