{"id":49,"date":"2022-02-13T17:23:04","date_gmt":"2022-02-13T17:23:04","guid":{"rendered":"https:\/\/ecole-maternelle.de\/?page_id=49"},"modified":"2024-05-02T09:53:31","modified_gmt":"2024-05-02T09:53:31","slug":"unsere-einrichtung","status":"publish","type":"page","link":"https:\/\/ecole-maternelle.de\/index.php\/unsere-einrichtung\/","title":{"rendered":"Unsere Einrichtung"},"content":{"rendered":"\n<h2 class=\"wp-block-heading\" id=\"der-garten\">Der Garten<\/h2>\n\n\n\n<p>Unser Garten wurde von Diplom-Designer Uwe Nebe gestaltet. Wir haben eine gro\u00dfe Terrasse zum Rennen und Toben, Autofahren und Ballspielen sowie einen Klettergarten. Im Kletternetz, in den Baumh\u00e4usern oder im Baumtunnel k\u00f6nnen unsere Kinder ihrem Bewegungs- und Entdeckungsdrang, an der Malwand ihrer Kreativit\u00e4t freien Lauf lassen!<\/p>\n\n\n\n<div class=\"wp-block-group\"><div class=\"wp-block-group__inner-container is-layout-flow wp-block-group-is-layout-flow\">\n<figure class=\"wp-block-gallery has-nested-images columns-default is-cropped wp-block-gallery-1 is-layout-flex wp-block-gallery-is-layout-flex\">\n<figure class=\"wp-block-image size-large\"><img loading=\"lazy\" decoding=\"async\" width=\"768\" height=\"1024\" data-id=\"157\" src=\"https:\/\/ecole-maternelle.de\/wp-content\/uploads\/2022\/02\/Kletterteil-768x1024.jpg\" alt=\"\" class=\"wp-image-157\" srcset=\"https:\/\/ecole-maternelle.de\/wp-content\/uploads\/2022\/02\/Kletterteil-768x1024.jpg 768w, https:\/\/ecole-maternelle.de\/wp-content\/uploads\/2022\/02\/Kletterteil-225x300.jpg 225w, https:\/\/ecole-maternelle.de\/wp-content\/uploads\/2022\/02\/Kletterteil-1152x1536.jpg 1152w, https:\/\/ecole-maternelle.de\/wp-content\/uploads\/2022\/02\/Kletterteil-1536x2048.jpg 1536w, https:\/\/ecole-maternelle.de\/wp-content\/uploads\/2022\/02\/Kletterteil-scaled.jpg 1920w\" sizes=\"auto, (max-width: 768px) 100vw, 768px\" \/><\/figure>\n\n\n\n<figure class=\"wp-block-image size-large\"><img loading=\"lazy\" decoding=\"async\" width=\"768\" height=\"1024\" data-id=\"158\" src=\"https:\/\/ecole-maternelle.de\/wp-content\/uploads\/2022\/02\/Spielplatz-von-oben-1-768x1024.jpg\" alt=\"\" class=\"wp-image-158\" srcset=\"https:\/\/ecole-maternelle.de\/wp-content\/uploads\/2022\/02\/Spielplatz-von-oben-1-768x1024.jpg 768w, https:\/\/ecole-maternelle.de\/wp-content\/uploads\/2022\/02\/Spielplatz-von-oben-1-225x300.jpg 225w, https:\/\/ecole-maternelle.de\/wp-content\/uploads\/2022\/02\/Spielplatz-von-oben-1-1152x1536.jpg 1152w, https:\/\/ecole-maternelle.de\/wp-content\/uploads\/2022\/02\/Spielplatz-von-oben-1-1536x2048.jpg 1536w, https:\/\/ecole-maternelle.de\/wp-content\/uploads\/2022\/02\/Spielplatz-von-oben-1-scaled.jpg 1920w\" sizes=\"auto, (max-width: 768px) 100vw, 768px\" \/><\/figure>\n\n\n\n<figure class=\"wp-block-image size-large\"><img loading=\"lazy\" decoding=\"async\" width=\"768\" height=\"1024\" data-id=\"102\" src=\"https:\/\/ecole-maternelle.de\/wp-content\/uploads\/2022\/02\/Seilgarten-768x1024.jpg\" alt=\"\" class=\"wp-image-102\" srcset=\"https:\/\/ecole-maternelle.de\/wp-content\/uploads\/2022\/02\/Seilgarten-768x1024.jpg 768w, https:\/\/ecole-maternelle.de\/wp-content\/uploads\/2022\/02\/Seilgarten-225x300.jpg 225w, https:\/\/ecole-maternelle.de\/wp-content\/uploads\/2022\/02\/Seilgarten-1152x1536.jpg 1152w, https:\/\/ecole-maternelle.de\/wp-content\/uploads\/2022\/02\/Seilgarten-1536x2048.jpg 1536w, https:\/\/ecole-maternelle.de\/wp-content\/uploads\/2022\/02\/Seilgarten-scaled.jpg 1920w\" sizes=\"auto, (max-width: 768px) 100vw, 768px\" \/><\/figure>\n\n\n\n<figure class=\"wp-block-image size-large\"><img loading=\"lazy\" decoding=\"async\" width=\"768\" height=\"1024\" data-id=\"96\" src=\"https:\/\/ecole-maternelle.de\/wp-content\/uploads\/2022\/02\/Rutsche-1-768x1024.jpg\" alt=\"\" class=\"wp-image-96\" srcset=\"https:\/\/ecole-maternelle.de\/wp-content\/uploads\/2022\/02\/Rutsche-1-768x1024.jpg 768w, https:\/\/ecole-maternelle.de\/wp-content\/uploads\/2022\/02\/Rutsche-1-225x300.jpg 225w, https:\/\/ecole-maternelle.de\/wp-content\/uploads\/2022\/02\/Rutsche-1-1152x1536.jpg 1152w, https:\/\/ecole-maternelle.de\/wp-content\/uploads\/2022\/02\/Rutsche-1-1536x2048.jpg 1536w, https:\/\/ecole-maternelle.de\/wp-content\/uploads\/2022\/02\/Rutsche-1-scaled.jpg 1920w\" sizes=\"auto, (max-width: 768px) 100vw, 768px\" \/><\/figure>\n\n\n\n<figure class=\"wp-block-image size-large\"><img loading=\"lazy\" decoding=\"async\" width=\"768\" height=\"1024\" data-id=\"113\" src=\"https:\/\/ecole-maternelle.de\/wp-content\/uploads\/2022\/02\/bunter-Zaun-1-768x1024.jpg\" alt=\"\" class=\"wp-image-113\" srcset=\"https:\/\/ecole-maternelle.de\/wp-content\/uploads\/2022\/02\/bunter-Zaun-1-768x1024.jpg 768w, https:\/\/ecole-maternelle.de\/wp-content\/uploads\/2022\/02\/bunter-Zaun-1-225x300.jpg 225w, https:\/\/ecole-maternelle.de\/wp-content\/uploads\/2022\/02\/bunter-Zaun-1-1152x1536.jpg 1152w, https:\/\/ecole-maternelle.de\/wp-content\/uploads\/2022\/02\/bunter-Zaun-1-1536x2048.jpg 1536w, https:\/\/ecole-maternelle.de\/wp-content\/uploads\/2022\/02\/bunter-Zaun-1-scaled.jpg 1920w\" sizes=\"auto, (max-width: 768px) 100vw, 768px\" \/><\/figure>\n\n\n\n<figure class=\"wp-block-image size-large\"><img loading=\"lazy\" decoding=\"async\" width=\"768\" height=\"1024\" data-id=\"160\" src=\"https:\/\/ecole-maternelle.de\/wp-content\/uploads\/2022\/02\/Klettergeruest-768x1024.jpg\" alt=\"\" class=\"wp-image-160\" srcset=\"https:\/\/ecole-maternelle.de\/wp-content\/uploads\/2022\/02\/Klettergeruest-768x1024.jpg 768w, https:\/\/ecole-maternelle.de\/wp-content\/uploads\/2022\/02\/Klettergeruest-225x300.jpg 225w, https:\/\/ecole-maternelle.de\/wp-content\/uploads\/2022\/02\/Klettergeruest-1152x1536.jpg 1152w, https:\/\/ecole-maternelle.de\/wp-content\/uploads\/2022\/02\/Klettergeruest-1536x2048.jpg 1536w, https:\/\/ecole-maternelle.de\/wp-content\/uploads\/2022\/02\/Klettergeruest-scaled.jpg 1920w\" sizes=\"auto, (max-width: 768px) 100vw, 768px\" \/><\/figure>\n<\/figure>\n<\/div><\/div>\n\n\n\n<h2 class=\"wp-block-heading\" id=\"die-gruppenraume\">Die Gruppenr\u00e4ume<\/h2>\n\n\n\n<p>Lernen und Spielen &#8211; zwei gro\u00dfe Gruppenr\u00e4ume bieten die ideale Voraussetzung daf\u00fcr. Dazu gibt es noch einen Gymnastik- und Musikraum.<\/p>\n\n\n\n<p>In unserer&nbsp;K\u00fcche werden zum Beispiel Waffeln und Kuchen gebacken. Gebastelt und gegessen wird, sobald es das Wetter zul\u00e4sst, auf unserer Terrasse.<\/p>\n\n\n\n<div class=\"wp-block-group\"><div class=\"wp-block-group__inner-container is-layout-flow wp-block-group-is-layout-flow\">\n<figure class=\"wp-block-gallery has-nested-images columns-default is-cropped wp-block-gallery-2 is-layout-flex wp-block-gallery-is-layout-flex\">\n<figure class=\"wp-block-image size-large\"><img loading=\"lazy\" decoding=\"async\" width=\"769\" height=\"1024\" data-id=\"137\" src=\"https:\/\/ecole-maternelle.de\/wp-content\/uploads\/2022\/02\/Gruppenraum-769x1024.jpg\" alt=\"\" class=\"wp-image-137\" srcset=\"https:\/\/ecole-maternelle.de\/wp-content\/uploads\/2022\/02\/Gruppenraum-769x1024.jpg 769w, https:\/\/ecole-maternelle.de\/wp-content\/uploads\/2022\/02\/Gruppenraum-225x300.jpg 225w, https:\/\/ecole-maternelle.de\/wp-content\/uploads\/2022\/02\/Gruppenraum-768x1023.jpg 768w, https:\/\/ecole-maternelle.de\/wp-content\/uploads\/2022\/02\/Gruppenraum-1153x1536.jpg 1153w, https:\/\/ecole-maternelle.de\/wp-content\/uploads\/2022\/02\/Gruppenraum-1538x2048.jpg 1538w, https:\/\/ecole-maternelle.de\/wp-content\/uploads\/2022\/02\/Gruppenraum-scaled.jpg 1922w\" sizes=\"auto, (max-width: 769px) 100vw, 769px\" \/><\/figure>\n\n\n\n<figure class=\"wp-block-image size-large\"><img loading=\"lazy\" decoding=\"async\" width=\"811\" height=\"1024\" data-id=\"148\" src=\"https:\/\/ecole-maternelle.de\/wp-content\/uploads\/2022\/02\/Hochebene-1-811x1024.jpg\" alt=\"\" class=\"wp-image-148\" srcset=\"https:\/\/ecole-maternelle.de\/wp-content\/uploads\/2022\/02\/Hochebene-1-811x1024.jpg 811w, https:\/\/ecole-maternelle.de\/wp-content\/uploads\/2022\/02\/Hochebene-1-238x300.jpg 238w, https:\/\/ecole-maternelle.de\/wp-content\/uploads\/2022\/02\/Hochebene-1-768x970.jpg 768w, https:\/\/ecole-maternelle.de\/wp-content\/uploads\/2022\/02\/Hochebene-1-1216x1536.jpg 1216w, https:\/\/ecole-maternelle.de\/wp-content\/uploads\/2022\/02\/Hochebene-1-1621x2048.jpg 1621w, https:\/\/ecole-maternelle.de\/wp-content\/uploads\/2022\/02\/Hochebene-1-scaled.jpg 2027w\" sizes=\"auto, (max-width: 811px) 100vw, 811px\" \/><\/figure>\n<\/figure>\n<\/div><\/div>\n\n\n\n<figure class=\"wp-block-gallery has-nested-images columns-default is-cropped wp-block-gallery-3 is-layout-flex wp-block-gallery-is-layout-flex\">\n<figure class=\"wp-block-image size-large\"><img loading=\"lazy\" decoding=\"async\" width=\"1024\" height=\"769\" data-id=\"142\" src=\"https:\/\/ecole-maternelle.de\/wp-content\/uploads\/2022\/02\/Tische-1024x769.jpg\" alt=\"\" class=\"wp-image-142\" srcset=\"https:\/\/ecole-maternelle.de\/wp-content\/uploads\/2022\/02\/Tische-1024x769.jpg 1024w, https:\/\/ecole-maternelle.de\/wp-content\/uploads\/2022\/02\/Tische-300x225.jpg 300w, https:\/\/ecole-maternelle.de\/wp-content\/uploads\/2022\/02\/Tische-768x577.jpg 768w, https:\/\/ecole-maternelle.de\/wp-content\/uploads\/2022\/02\/Tische-1536x1153.jpg 1536w, https:\/\/ecole-maternelle.de\/wp-content\/uploads\/2022\/02\/Tische-2048x1538.jpg 2048w\" sizes=\"auto, (max-width: 1024px) 100vw, 1024px\" \/><\/figure>\n\n\n\n<figure class=\"wp-block-image size-large\"><img loading=\"lazy\" decoding=\"async\" width=\"1024\" height=\"935\" data-id=\"143\" src=\"https:\/\/ecole-maternelle.de\/wp-content\/uploads\/2022\/02\/Puppenkueche-1024x935.jpg\" alt=\"\" class=\"wp-image-143\" srcset=\"https:\/\/ecole-maternelle.de\/wp-content\/uploads\/2022\/02\/Puppenkueche-1024x935.jpg 1024w, https:\/\/ecole-maternelle.de\/wp-content\/uploads\/2022\/02\/Puppenkueche-300x274.jpg 300w, https:\/\/ecole-maternelle.de\/wp-content\/uploads\/2022\/02\/Puppenkueche-768x701.jpg 768w, https:\/\/ecole-maternelle.de\/wp-content\/uploads\/2022\/02\/Puppenkueche-1536x1403.jpg 1536w, https:\/\/ecole-maternelle.de\/wp-content\/uploads\/2022\/02\/Puppenkueche-2048x1870.jpg 2048w\" sizes=\"auto, (max-width: 1024px) 100vw, 1024px\" \/><\/figure>\n<\/figure>\n\n\n\n<figure class=\"wp-block-gallery has-nested-images columns-default is-cropped wp-block-gallery-4 is-layout-flex wp-block-gallery-is-layout-flex\">\n<figure class=\"wp-block-image size-large\"><img loading=\"lazy\" decoding=\"async\" width=\"769\" height=\"1024\" data-id=\"140\" src=\"https:\/\/ecole-maternelle.de\/wp-content\/uploads\/2022\/02\/Atelier-1-769x1024.jpg\" alt=\"\" class=\"wp-image-140\" srcset=\"https:\/\/ecole-maternelle.de\/wp-content\/uploads\/2022\/02\/Atelier-1-769x1024.jpg 769w, https:\/\/ecole-maternelle.de\/wp-content\/uploads\/2022\/02\/Atelier-1-225x300.jpg 225w, https:\/\/ecole-maternelle.de\/wp-content\/uploads\/2022\/02\/Atelier-1-768x1023.jpg 768w, https:\/\/ecole-maternelle.de\/wp-content\/uploads\/2022\/02\/Atelier-1-1153x1536.jpg 1153w, https:\/\/ecole-maternelle.de\/wp-content\/uploads\/2022\/02\/Atelier-1-1538x2048.jpg 1538w, https:\/\/ecole-maternelle.de\/wp-content\/uploads\/2022\/02\/Atelier-1-scaled.jpg 1922w\" sizes=\"auto, (max-width: 769px) 100vw, 769px\" \/><\/figure>\n\n\n\n<figure class=\"wp-block-image size-large\"><img loading=\"lazy\" decoding=\"async\" width=\"769\" height=\"1024\" data-id=\"141\" src=\"https:\/\/ecole-maternelle.de\/wp-content\/uploads\/2022\/02\/Buecherregal-769x1024.jpg\" alt=\"\" class=\"wp-image-141\" srcset=\"https:\/\/ecole-maternelle.de\/wp-content\/uploads\/2022\/02\/Buecherregal-769x1024.jpg 769w, https:\/\/ecole-maternelle.de\/wp-content\/uploads\/2022\/02\/Buecherregal-225x300.jpg 225w, https:\/\/ecole-maternelle.de\/wp-content\/uploads\/2022\/02\/Buecherregal-768x1023.jpg 768w, https:\/\/ecole-maternelle.de\/wp-content\/uploads\/2022\/02\/Buecherregal-1153x1536.jpg 1153w, https:\/\/ecole-maternelle.de\/wp-content\/uploads\/2022\/02\/Buecherregal-1538x2048.jpg 1538w, https:\/\/ecole-maternelle.de\/wp-content\/uploads\/2022\/02\/Buecherregal-scaled.jpg 1922w\" sizes=\"auto, (max-width: 769px) 100vw, 769px\" \/><\/figure>\n<\/figure>\n\n\n\n<figure class=\"wp-block-gallery has-nested-images columns-default is-cropped wp-block-gallery-5 is-layout-flex wp-block-gallery-is-layout-flex\">\n<figure class=\"wp-block-image size-large\"><img loading=\"lazy\" decoding=\"async\" width=\"1024\" height=\"867\" data-id=\"144\" src=\"https:\/\/ecole-maternelle.de\/wp-content\/uploads\/2022\/02\/Bad-mit-Buersten-1024x867.jpg\" alt=\"\" class=\"wp-image-144\" srcset=\"https:\/\/ecole-maternelle.de\/wp-content\/uploads\/2022\/02\/Bad-mit-Buersten-1024x867.jpg 1024w, https:\/\/ecole-maternelle.de\/wp-content\/uploads\/2022\/02\/Bad-mit-Buersten-300x254.jpg 300w, https:\/\/ecole-maternelle.de\/wp-content\/uploads\/2022\/02\/Bad-mit-Buersten-768x650.jpg 768w, https:\/\/ecole-maternelle.de\/wp-content\/uploads\/2022\/02\/Bad-mit-Buersten-1536x1300.jpg 1536w, https:\/\/ecole-maternelle.de\/wp-content\/uploads\/2022\/02\/Bad-mit-Buersten-2048x1733.jpg 2048w\" sizes=\"auto, (max-width: 1024px) 100vw, 1024px\" \/><\/figure>\n\n\n\n<figure class=\"wp-block-image size-large\"><img loading=\"lazy\" decoding=\"async\" width=\"679\" height=\"1024\" data-id=\"145\" src=\"https:\/\/ecole-maternelle.de\/wp-content\/uploads\/2022\/02\/Bad-679x1024.jpg\" alt=\"\" class=\"wp-image-145\" srcset=\"https:\/\/ecole-maternelle.de\/wp-content\/uploads\/2022\/02\/Bad-679x1024.jpg 679w, https:\/\/ecole-maternelle.de\/wp-content\/uploads\/2022\/02\/Bad-199x300.jpg 199w, https:\/\/ecole-maternelle.de\/wp-content\/uploads\/2022\/02\/Bad-768x1159.jpg 768w, https:\/\/ecole-maternelle.de\/wp-content\/uploads\/2022\/02\/Bad-1018x1536.jpg 1018w, https:\/\/ecole-maternelle.de\/wp-content\/uploads\/2022\/02\/Bad-1357x2048.jpg 1357w, https:\/\/ecole-maternelle.de\/wp-content\/uploads\/2022\/02\/Bad-scaled.jpg 1697w\" sizes=\"auto, (max-width: 679px) 100vw, 679px\" \/><\/figure>\n<\/figure>\n\n\n\n<figure class=\"wp-block-gallery has-nested-images columns-default is-cropped wp-block-gallery-6 is-layout-flex wp-block-gallery-is-layout-flex\">\n<figure class=\"wp-block-image size-large\"><img loading=\"lazy\" decoding=\"async\" width=\"769\" height=\"1024\" data-id=\"152\" src=\"https:\/\/ecole-maternelle.de\/wp-content\/uploads\/2022\/02\/Garderobe-769x1024.jpg\" alt=\"\" class=\"wp-image-152\" srcset=\"https:\/\/ecole-maternelle.de\/wp-content\/uploads\/2022\/02\/Garderobe-769x1024.jpg 769w, https:\/\/ecole-maternelle.de\/wp-content\/uploads\/2022\/02\/Garderobe-225x300.jpg 225w, https:\/\/ecole-maternelle.de\/wp-content\/uploads\/2022\/02\/Garderobe-768x1023.jpg 768w, https:\/\/ecole-maternelle.de\/wp-content\/uploads\/2022\/02\/Garderobe-1153x1536.jpg 1153w, https:\/\/ecole-maternelle.de\/wp-content\/uploads\/2022\/02\/Garderobe-1538x2048.jpg 1538w, https:\/\/ecole-maternelle.de\/wp-content\/uploads\/2022\/02\/Garderobe-scaled.jpg 1922w\" sizes=\"auto, (max-width: 769px) 100vw, 769px\" \/><\/figure>\n\n\n\n<figure class=\"wp-block-image size-large\"><img loading=\"lazy\" decoding=\"async\" width=\"768\" height=\"1024\" data-id=\"153\" src=\"https:\/\/ecole-maternelle.de\/wp-content\/uploads\/2022\/02\/Spielplatz-von-oben-768x1024.jpg\" alt=\"\" class=\"wp-image-153\" srcset=\"https:\/\/ecole-maternelle.de\/wp-content\/uploads\/2022\/02\/Spielplatz-von-oben-768x1024.jpg 768w, https:\/\/ecole-maternelle.de\/wp-content\/uploads\/2022\/02\/Spielplatz-von-oben-225x300.jpg 225w, https:\/\/ecole-maternelle.de\/wp-content\/uploads\/2022\/02\/Spielplatz-von-oben-1152x1536.jpg 1152w, https:\/\/ecole-maternelle.de\/wp-content\/uploads\/2022\/02\/Spielplatz-von-oben-1536x2048.jpg 1536w, https:\/\/ecole-maternelle.de\/wp-content\/uploads\/2022\/02\/Spielplatz-von-oben-scaled.jpg 1920w\" sizes=\"auto, (max-width: 768px) 100vw, 768px\" \/><\/figure>\n<\/figure>\n\n\n\n<figure class=\"wp-block-image size-full\"><img loading=\"lazy\" decoding=\"async\" width=\"940\" height=\"788\" src=\"https:\/\/ecole-maternelle.de\/wp-content\/uploads\/2023\/08\/Bewertung-1.png\" alt=\"\" class=\"wp-image-424\" srcset=\"https:\/\/ecole-maternelle.de\/wp-content\/uploads\/2023\/08\/Bewertung-1.png 940w, https:\/\/ecole-maternelle.de\/wp-content\/uploads\/2023\/08\/Bewertung-1-300x251.png 300w, https:\/\/ecole-maternelle.de\/wp-content\/uploads\/2023\/08\/Bewertung-1-768x644.png 768w\" sizes=\"auto, (max-width: 940px) 100vw, 940px\" \/><\/figure>\n","protected":false},"excerpt":{"rendered":"<div class=\"entry-summary\">\nDer Garten Unser Garten wurde von Diplom-Designer Uwe Nebe gestaltet. Wir haben&hellip;\n<\/div>\n<div class=\"link-more\"><a href=\"https:\/\/ecole-maternelle.de\/index.php\/unsere-einrichtung\/\" class=\"more-link\">Continue reading<span class=\"screen-reader-text\"> &ldquo;Unsere Einrichtung&rdquo;<\/span>&hellip;<\/a><\/div>\n","protected":false},"author":1,"featured_media":109,"parent":0,"menu_order":0,"comment_status":"closed","ping_status":"closed","template":"","meta":{"footnotes":""},"class_list":["post-49","page","type-page","status-publish","has-post-thumbnail","hentry","entry"],"yoast_head":"<!-- This site is optimized with the Yoast SEO plugin v21.5 - https:\/\/yoast.com\/wordpress\/plugins\/seo\/ -->\n<title>Unsere Einrichtung - Kita &quot;LES LUTINS\u201c - Ecole maternelle in Jena<\/title>\n<meta name=\"description\" content=\"Unsere Einrichtung wurde 2004 gegr\u00fcndet. Die Ecole maternelle ist ein bilingualer Kindergarten, der in der Sprachimmersion die Kinder mit der franz\u00f6sischen Sprache spielerisch vertraut macht.\" \/>\n<meta name=\"robots\" content=\"index, follow, max-snippet:-1, max-image-preview:large, max-video-preview:-1\" \/>\n<link rel=\"canonical\" href=\"https:\/\/ecole-maternelle.de\/index.php\/unsere-einrichtung\/\" \/>\n<meta property=\"og:locale\" content=\"de_DE\" \/>\n<meta property=\"og:type\" content=\"article\" \/>\n<meta property=\"og:title\" content=\"Unsere Einrichtung - Kita &quot;LES LUTINS\u201c - Ecole maternelle in Jena\" \/>\n<meta property=\"og:description\" content=\"Unsere Einrichtung wurde 2004 gegr\u00fcndet. Die Ecole maternelle ist ein bilingualer Kindergarten, der in der Sprachimmersion die Kinder mit der franz\u00f6sischen Sprache spielerisch vertraut macht.\" \/>\n<meta property=\"og:url\" content=\"https:\/\/ecole-maternelle.de\/index.php\/unsere-einrichtung\/\" \/>\n<meta property=\"og:site_name\" content=\"Kita &quot;LES LUTINS\u201c - Ecole maternelle in Jena\" \/>\n<meta property=\"article:modified_time\" content=\"2024-05-02T09:53:31+00:00\" \/>\n<meta property=\"og:image\" content=\"https:\/\/ecole-maternelle.de\/wp-content\/uploads\/2022\/02\/P2150030-scaled.jpg\" \/>\n\t<meta property=\"og:image:width\" content=\"1920\" \/>\n\t<meta property=\"og:image:height\" content=\"2560\" \/>\n\t<meta property=\"og:image:type\" content=\"image\/jpeg\" \/>\n<meta name=\"twitter:card\" content=\"summary_large_image\" \/>\n<meta name=\"twitter:label1\" content=\"Gesch\u00e4tzte Lesezeit\" \/>\n\t<meta name=\"twitter:data1\" content=\"4\u00a0Minuten\" \/>\n<script type=\"application\/ld+json\" class=\"yoast-schema-graph\">{\"@context\":\"https:\/\/schema.org\",\"@graph\":[{\"@type\":\"Article\",\"@id\":\"https:\/\/ecole-maternelle.de\/index.php\/unsere-einrichtung\/#article\",\"isPartOf\":{\"@id\":\"https:\/\/ecole-maternelle.de\/index.php\/unsere-einrichtung\/\"},\"author\":{\"name\":\"admin\",\"@id\":\"https:\/\/ecole-maternelle.de\/#\/schema\/person\/51bea563f76e4692ced823a738a1d0d4\"},\"headline\":\"Unsere Einrichtung\",\"datePublished\":\"2022-02-13T17:23:04+00:00\",\"dateModified\":\"2024-05-02T09:53:31+00:00\",\"mainEntityOfPage\":{\"@id\":\"https:\/\/ecole-maternelle.de\/index.php\/unsere-einrichtung\/\"},\"wordCount\":105,\"publisher\":{\"@id\":\"https:\/\/ecole-maternelle.de\/#organization\"},\"inLanguage\":\"de\"},{\"@type\":[\"WebPage\",\"AboutPage\"],\"@id\":\"https:\/\/ecole-maternelle.de\/index.php\/unsere-einrichtung\/\",\"url\":\"https:\/\/ecole-maternelle.de\/index.php\/unsere-einrichtung\/\",\"name\":\"Unsere Einrichtung - Kita &quot;LES LUTINS\u201c - Ecole maternelle in Jena\",\"isPartOf\":{\"@id\":\"https:\/\/ecole-maternelle.de\/#website\"},\"datePublished\":\"2022-02-13T17:23:04+00:00\",\"dateModified\":\"2024-05-02T09:53:31+00:00\",\"description\":\"Unsere Einrichtung wurde 2004 gegr\u00fcndet. Die Ecole maternelle ist ein bilingualer Kindergarten, der in der Sprachimmersion die Kinder mit der franz\u00f6sischen Sprache spielerisch vertraut macht.\",\"breadcrumb\":{\"@id\":\"https:\/\/ecole-maternelle.de\/index.php\/unsere-einrichtung\/#breadcrumb\"},\"inLanguage\":\"de\",\"potentialAction\":[{\"@type\":\"ReadAction\",\"target\":[\"https:\/\/ecole-maternelle.de\/index.php\/unsere-einrichtung\/\"]}]},{\"@type\":\"BreadcrumbList\",\"@id\":\"https:\/\/ecole-maternelle.de\/index.php\/unsere-einrichtung\/#breadcrumb\",\"itemListElement\":[{\"@type\":\"ListItem\",\"position\":1,\"name\":\"Startseite\",\"item\":\"https:\/\/ecole-maternelle.de\/\"},{\"@type\":\"ListItem\",\"position\":2,\"name\":\"Unsere Einrichtung\"}]},{\"@type\":\"WebSite\",\"@id\":\"https:\/\/ecole-maternelle.de\/#website\",\"url\":\"https:\/\/ecole-maternelle.de\/\",\"name\":\"Kita &quot;LES LUTINS\u201c - Ecole maternelle in Jena\",\"description\":\"Kita &quot;LES LUTINS\u201c - Ecole maternelle in Jena\",\"publisher\":{\"@id\":\"https:\/\/ecole-maternelle.de\/#organization\"},\"potentialAction\":[{\"@type\":\"SearchAction\",\"target\":{\"@type\":\"EntryPoint\",\"urlTemplate\":\"https:\/\/ecole-maternelle.de\/?s={search_term_string}\"},\"query-input\":\"required name=search_term_string\"}],\"inLanguage\":\"de\"},{\"@type\":\"Organization\",\"@id\":\"https:\/\/ecole-maternelle.de\/#organization\",\"name\":\"Kita &quot;LES LUTINS\u201c - Ecole maternelle in Jena\",\"url\":\"https:\/\/ecole-maternelle.de\/\",\"logo\":{\"@type\":\"ImageObject\",\"inLanguage\":\"de\",\"@id\":\"https:\/\/ecole-maternelle.de\/#\/schema\/logo\/image\/\",\"url\":\"https:\/\/ecole-maternelle.de\/wp-content\/uploads\/2022\/02\/cropped-les_lutins_Logo-3.jpg\",\"contentUrl\":\"https:\/\/ecole-maternelle.de\/wp-content\/uploads\/2022\/02\/cropped-les_lutins_Logo-3.jpg\",\"width\":1712,\"height\":1549,\"caption\":\"Kita &quot;LES LUTINS\u201c - Ecole maternelle in Jena\"},\"image\":{\"@id\":\"https:\/\/ecole-maternelle.de\/#\/schema\/logo\/image\/\"}},{\"@type\":\"Person\",\"@id\":\"https:\/\/ecole-maternelle.de\/#\/schema\/person\/51bea563f76e4692ced823a738a1d0d4\",\"name\":\"admin\",\"image\":{\"@type\":\"ImageObject\",\"inLanguage\":\"de\",\"@id\":\"https:\/\/ecole-maternelle.de\/#\/schema\/person\/image\/\",\"url\":\"https:\/\/secure.gravatar.com\/avatar\/c27c7b2a93f9f39573a036bfdef57911b48580ba16acd65fe0c102662a717a6d?s=96&d=mm&r=g\",\"contentUrl\":\"https:\/\/secure.gravatar.com\/avatar\/c27c7b2a93f9f39573a036bfdef57911b48580ba16acd65fe0c102662a717a6d?s=96&d=mm&r=g\",\"caption\":\"admin\"},\"sameAs\":[\"https:\/\/ecole-maternelle.de\"],\"url\":\"https:\/\/ecole-maternelle.de\/index.php\/author\/info_lz69gz74\/\"}]}<\/script>\n<!-- \/ Yoast SEO plugin. -->","yoast_head_json":{"title":"Unsere Einrichtung - Kita &quot;LES LUTINS\u201c - Ecole maternelle in Jena","description":"Unsere Einrichtung wurde 2004 gegr\u00fcndet. Die Ecole maternelle ist ein bilingualer Kindergarten, der in der Sprachimmersion die Kinder mit der franz\u00f6sischen Sprache spielerisch vertraut macht.","robots":{"index":"index","follow":"follow","max-snippet":"max-snippet:-1","max-image-preview":"max-image-preview:large","max-video-preview":"max-video-preview:-1"},"canonical":"https:\/\/ecole-maternelle.de\/index.php\/unsere-einrichtung\/","og_locale":"de_DE","og_type":"article","og_title":"Unsere Einrichtung - Kita &quot;LES LUTINS\u201c - Ecole maternelle in Jena","og_description":"Unsere Einrichtung wurde 2004 gegr\u00fcndet. Die Ecole maternelle ist ein bilingualer Kindergarten, der in der Sprachimmersion die Kinder mit der franz\u00f6sischen Sprache spielerisch vertraut macht.","og_url":"https:\/\/ecole-maternelle.de\/index.php\/unsere-einrichtung\/","og_site_name":"Kita &quot;LES LUTINS\u201c - Ecole maternelle in Jena","article_modified_time":"2024-05-02T09:53:31+00:00","og_image":[{"width":1920,"height":2560,"url":"https:\/\/ecole-maternelle.de\/wp-content\/uploads\/2022\/02\/P2150030-scaled.jpg","type":"image\/jpeg"}],"twitter_card":"summary_large_image","twitter_misc":{"Gesch\u00e4tzte Lesezeit":"4\u00a0Minuten"},"schema":{"@context":"https:\/\/schema.org","@graph":[{"@type":"Article","@id":"https:\/\/ecole-maternelle.de\/index.php\/unsere-einrichtung\/#article","isPartOf":{"@id":"https:\/\/ecole-maternelle.de\/index.php\/unsere-einrichtung\/"},"author":{"name":"admin","@id":"https:\/\/ecole-maternelle.de\/#\/schema\/person\/51bea563f76e4692ced823a738a1d0d4"},"headline":"Unsere Einrichtung","datePublished":"2022-02-13T17:23:04+00:00","dateModified":"2024-05-02T09:53:31+00:00","mainEntityOfPage":{"@id":"https:\/\/ecole-maternelle.de\/index.php\/unsere-einrichtung\/"},"wordCount":105,"publisher":{"@id":"https:\/\/ecole-maternelle.de\/#organization"},"inLanguage":"de"},{"@type":["WebPage","AboutPage"],"@id":"https:\/\/ecole-maternelle.de\/index.php\/unsere-einrichtung\/","url":"https:\/\/ecole-maternelle.de\/index.php\/unsere-einrichtung\/","name":"Unsere Einrichtung - Kita &quot;LES LUTINS\u201c - Ecole maternelle in Jena","isPartOf":{"@id":"https:\/\/ecole-maternelle.de\/#website"},"datePublished":"2022-02-13T17:23:04+00:00","dateModified":"2024-05-02T09:53:31+00:00","description":"Unsere Einrichtung wurde 2004 gegr\u00fcndet. Die Ecole maternelle ist ein bilingualer Kindergarten, der in der Sprachimmersion die Kinder mit der franz\u00f6sischen Sprache spielerisch vertraut macht.","breadcrumb":{"@id":"https:\/\/ecole-maternelle.de\/index.php\/unsere-einrichtung\/#breadcrumb"},"inLanguage":"de","potentialAction":[{"@type":"ReadAction","target":["https:\/\/ecole-maternelle.de\/index.php\/unsere-einrichtung\/"]}]},{"@type":"BreadcrumbList","@id":"https:\/\/ecole-maternelle.de\/index.php\/unsere-einrichtung\/#breadcrumb","itemListElement":[{"@type":"ListItem","position":1,"name":"Startseite","item":"https:\/\/ecole-maternelle.de\/"},{"@type":"ListItem","position":2,"name":"Unsere Einrichtung"}]},{"@type":"WebSite","@id":"https:\/\/ecole-maternelle.de\/#website","url":"https:\/\/ecole-maternelle.de\/","name":"Kita &quot;LES LUTINS\u201c - Ecole maternelle in Jena","description":"Kita &quot;LES LUTINS\u201c - Ecole maternelle in Jena","publisher":{"@id":"https:\/\/ecole-maternelle.de\/#organization"},"potentialAction":[{"@type":"SearchAction","target":{"@type":"EntryPoint","urlTemplate":"https:\/\/ecole-maternelle.de\/?s={search_term_string}"},"query-input":"required name=search_term_string"}],"inLanguage":"de"},{"@type":"Organization","@id":"https:\/\/ecole-maternelle.de\/#organization","name":"Kita &quot;LES LUTINS\u201c - Ecole maternelle in Jena","url":"https:\/\/ecole-maternelle.de\/","logo":{"@type":"ImageObject","inLanguage":"de","@id":"https:\/\/ecole-maternelle.de\/#\/schema\/logo\/image\/","url":"https:\/\/ecole-maternelle.de\/wp-content\/uploads\/2022\/02\/cropped-les_lutins_Logo-3.jpg","contentUrl":"https:\/\/ecole-maternelle.de\/wp-content\/uploads\/2022\/02\/cropped-les_lutins_Logo-3.jpg","width":1712,"height":1549,"caption":"Kita &quot;LES LUTINS\u201c - Ecole maternelle in Jena"},"image":{"@id":"https:\/\/ecole-maternelle.de\/#\/schema\/logo\/image\/"}},{"@type":"Person","@id":"https:\/\/ecole-maternelle.de\/#\/schema\/person\/51bea563f76e4692ced823a738a1d0d4","name":"admin","image":{"@type":"ImageObject","inLanguage":"de","@id":"https:\/\/ecole-maternelle.de\/#\/schema\/person\/image\/","url":"https:\/\/secure.gravatar.com\/avatar\/c27c7b2a93f9f39573a036bfdef57911b48580ba16acd65fe0c102662a717a6d?s=96&d=mm&r=g","contentUrl":"https:\/\/secure.gravatar.com\/avatar\/c27c7b2a93f9f39573a036bfdef57911b48580ba16acd65fe0c102662a717a6d?s=96&d=mm&r=g","caption":"admin"},"sameAs":["https:\/\/ecole-maternelle.de"],"url":"https:\/\/ecole-maternelle.de\/index.php\/author\/info_lz69gz74\/"}]}},"_links":{"self":[{"href":"https:\/\/ecole-maternelle.de\/index.php\/wp-json\/wp\/v2\/pages\/49","targetHints":{"allow":["GET"]}}],"collection":[{"href":"https:\/\/ecole-maternelle.de\/index.php\/wp-json\/wp\/v2\/pages"}],"about":[{"href":"https:\/\/ecole-maternelle.de\/index.php\/wp-json\/wp\/v2\/types\/page"}],"author":[{"embeddable":true,"href":"https:\/\/ecole-maternelle.de\/index.php\/wp-json\/wp\/v2\/users\/1"}],"replies":[{"embeddable":true,"href":"https:\/\/ecole-maternelle.de\/index.php\/wp-json\/wp\/v2\/comments?post=49"}],"version-history":[{"count":15,"href":"https:\/\/ecole-maternelle.de\/index.php\/wp-json\/wp\/v2\/pages\/49\/revisions"}],"predecessor-version":[{"id":576,"href":"https:\/\/ecole-maternelle.de\/index.php\/wp-json\/wp\/v2\/pages\/49\/revisions\/576"}],"wp:featuredmedia":[{"embeddable":true,"href":"https:\/\/ecole-maternelle.de\/index.php\/wp-json\/wp\/v2\/media\/109"}],"wp:attachment":[{"href":"https:\/\/ecole-maternelle.de\/index.php\/wp-json\/wp\/v2\/media?parent=49"}],"curies":[{"name":"wp","href":"https:\/\/api.w.org\/{rel}","templated":true}]}}