{"id":69,"date":"2022-02-13T17:30:42","date_gmt":"2022-02-13T17:30:42","guid":{"rendered":"https:\/\/ecole-maternelle.de\/?page_id=69"},"modified":"2025-12-17T08:21:08","modified_gmt":"2025-12-17T08:21:08","slug":"interessantes","status":"publish","type":"page","link":"https:\/\/ecole-maternelle.de\/index.php\/interessantes\/","title":{"rendered":"Was ist bei uns so los?"},"content":{"rendered":"\n<figure class=\"wp-block-gallery has-nested-images columns-default is-cropped wp-block-gallery-1 is-layout-flex wp-block-gallery-is-layout-flex\">\n<figure class=\"wp-block-image size-large\"><img loading=\"lazy\" decoding=\"async\" width=\"480\" height=\"480\" data-id=\"178\" src=\"https:\/\/ecole-maternelle.de\/wp-content\/uploads\/2022\/02\/Marienkaefer1.jpg\" alt=\"\" class=\"wp-image-178\" srcset=\"https:\/\/ecole-maternelle.de\/wp-content\/uploads\/2022\/02\/Marienkaefer1.jpg 480w, https:\/\/ecole-maternelle.de\/wp-content\/uploads\/2022\/02\/Marienkaefer1-300x300.jpg 300w, https:\/\/ecole-maternelle.de\/wp-content\/uploads\/2022\/02\/Marienkaefer1-150x150.jpg 150w\" sizes=\"auto, (max-width: 480px) 100vw, 480px\" \/><\/figure>\n\n\n\n<figure class=\"wp-block-image size-large\"><img loading=\"lazy\" decoding=\"async\" width=\"480\" height=\"480\" data-id=\"180\" src=\"https:\/\/ecole-maternelle.de\/wp-content\/uploads\/2022\/02\/Spatzen.jpeg\" alt=\"\" class=\"wp-image-180\" srcset=\"https:\/\/ecole-maternelle.de\/wp-content\/uploads\/2022\/02\/Spatzen.jpeg 480w, https:\/\/ecole-maternelle.de\/wp-content\/uploads\/2022\/02\/Spatzen-300x300.jpeg 300w, https:\/\/ecole-maternelle.de\/wp-content\/uploads\/2022\/02\/Spatzen-150x150.jpeg 150w\" sizes=\"auto, (max-width: 480px) 100vw, 480px\" \/><\/figure>\n\n\n\n<figure class=\"wp-block-image size-large\"><img loading=\"lazy\" decoding=\"async\" width=\"480\" height=\"480\" data-id=\"181\" src=\"https:\/\/ecole-maternelle.de\/wp-content\/uploads\/2022\/02\/fuechse.jpeg\" alt=\"\" class=\"wp-image-181\" srcset=\"https:\/\/ecole-maternelle.de\/wp-content\/uploads\/2022\/02\/fuechse.jpeg 480w, https:\/\/ecole-maternelle.de\/wp-content\/uploads\/2022\/02\/fuechse-300x300.jpeg 300w, https:\/\/ecole-maternelle.de\/wp-content\/uploads\/2022\/02\/fuechse-150x150.jpeg 150w\" sizes=\"auto, (max-width: 480px) 100vw, 480px\" \/><\/figure>\n<\/figure>\n\n\n\n<hr class=\"wp-block-separator has-alpha-channel-opacity\"\/>\n\n\n\n<h2 class=\"wp-block-heading\">Wir feiern 20 Jahre Ecole<\/h2>\n\n\n\n<p>20 Jahre besteht unsere Einrichtung schon!! Es war super toll, dass viele unserer Einladung folgten. \u00dcberrascht sind wir immer wieder, wie sich &#8222;unsere Kleinen aus der Ecole&#8220; zu Teenagern und Erwachsenen entwickelt haben&#8230;so schnell!!!<\/p>\n\n\n\n<p>Es war ein rundum gelungenes Fest mit Live-Musik, franz\u00f6sischen und deutschen Speisen, Rutschbahn, Losen&#8230; Mal schauen, wie wir das 30j\u00e4hrige begehen werden!<\/p>\n\n\n\n<figure class=\"wp-block-gallery has-nested-images columns-default is-cropped wp-block-gallery-2 is-layout-flex wp-block-gallery-is-layout-flex\">\n<figure class=\"wp-block-image size-large\"><img loading=\"lazy\" decoding=\"async\" width=\"640\" height=\"427\" data-id=\"630\" src=\"https:\/\/ecole-maternelle.de\/wp-content\/uploads\/2024\/10\/0-11-Kopie.jpeg\" alt=\"\" class=\"wp-image-630\" srcset=\"https:\/\/ecole-maternelle.de\/wp-content\/uploads\/2024\/10\/0-11-Kopie.jpeg 640w, https:\/\/ecole-maternelle.de\/wp-content\/uploads\/2024\/10\/0-11-Kopie-300x200.jpeg 300w\" sizes=\"auto, (max-width: 640px) 100vw, 640px\" \/><\/figure>\n\n\n\n<figure class=\"wp-block-image size-large\"><img loading=\"lazy\" decoding=\"async\" width=\"640\" height=\"427\" data-id=\"629\" src=\"https:\/\/ecole-maternelle.de\/wp-content\/uploads\/2024\/10\/0-51-Kopie.jpeg\" alt=\"\" class=\"wp-image-629\" srcset=\"https:\/\/ecole-maternelle.de\/wp-content\/uploads\/2024\/10\/0-51-Kopie.jpeg 640w, https:\/\/ecole-maternelle.de\/wp-content\/uploads\/2024\/10\/0-51-Kopie-300x200.jpeg 300w\" sizes=\"auto, (max-width: 640px) 100vw, 640px\" \/><\/figure>\n\n\n\n<figure class=\"wp-block-image size-large\"><img loading=\"lazy\" decoding=\"async\" width=\"640\" height=\"427\" data-id=\"632\" src=\"https:\/\/ecole-maternelle.de\/wp-content\/uploads\/2024\/10\/0-66-Kopie.jpeg\" alt=\"\" class=\"wp-image-632\" srcset=\"https:\/\/ecole-maternelle.de\/wp-content\/uploads\/2024\/10\/0-66-Kopie.jpeg 640w, https:\/\/ecole-maternelle.de\/wp-content\/uploads\/2024\/10\/0-66-Kopie-300x200.jpeg 300w\" sizes=\"auto, (max-width: 640px) 100vw, 640px\" \/><\/figure>\n\n\n\n<figure class=\"wp-block-image size-large\"><img loading=\"lazy\" decoding=\"async\" width=\"640\" height=\"427\" data-id=\"633\" src=\"https:\/\/ecole-maternelle.de\/wp-content\/uploads\/2024\/10\/0-103-Kopie.jpeg\" alt=\"\" class=\"wp-image-633\" srcset=\"https:\/\/ecole-maternelle.de\/wp-content\/uploads\/2024\/10\/0-103-Kopie.jpeg 640w, https:\/\/ecole-maternelle.de\/wp-content\/uploads\/2024\/10\/0-103-Kopie-300x200.jpeg 300w\" sizes=\"auto, (max-width: 640px) 100vw, 640px\" \/><\/figure>\n<figcaption class=\"blocks-gallery-caption wp-element-caption\">Alexandra M\u00fcnch Photography&nbsp;\/ Portrait &amp; Musikfotografie<br><a href=\"http:\/\/Alexandra M\u00fcnch Photography  Portrait &amp; Musikfotografie www.muench-photography.com\">www.muench-photography.com<\/a><\/figcaption><\/figure>\n\n\n\n<figure class=\"wp-block-gallery has-nested-images columns-default is-cropped wp-block-gallery-3 is-layout-flex wp-block-gallery-is-layout-flex\">\n<figure class=\"wp-block-image size-large\"><img loading=\"lazy\" decoding=\"async\" width=\"1024\" height=\"768\" data-id=\"626\" src=\"https:\/\/ecole-maternelle.de\/wp-content\/uploads\/2024\/09\/IMG_1539-1024x768.jpeg\" alt=\"\" class=\"wp-image-626\" srcset=\"https:\/\/ecole-maternelle.de\/wp-content\/uploads\/2024\/09\/IMG_1539-1024x768.jpeg 1024w, https:\/\/ecole-maternelle.de\/wp-content\/uploads\/2024\/09\/IMG_1539-300x225.jpeg 300w, https:\/\/ecole-maternelle.de\/wp-content\/uploads\/2024\/09\/IMG_1539-768x576.jpeg 768w, https:\/\/ecole-maternelle.de\/wp-content\/uploads\/2024\/09\/IMG_1539-1536x1152.jpeg 1536w, https:\/\/ecole-maternelle.de\/wp-content\/uploads\/2024\/09\/IMG_1539-2048x1536.jpeg 2048w\" sizes=\"auto, (max-width: 1024px) 100vw, 1024px\" \/><\/figure>\n\n\n\n<figure class=\"wp-block-image size-large\"><img loading=\"lazy\" decoding=\"async\" width=\"1024\" height=\"768\" data-id=\"624\" src=\"https:\/\/ecole-maternelle.de\/wp-content\/uploads\/2024\/09\/IMG_1530-1024x768.jpeg\" alt=\"\" class=\"wp-image-624\" srcset=\"https:\/\/ecole-maternelle.de\/wp-content\/uploads\/2024\/09\/IMG_1530-1024x768.jpeg 1024w, https:\/\/ecole-maternelle.de\/wp-content\/uploads\/2024\/09\/IMG_1530-300x225.jpeg 300w, https:\/\/ecole-maternelle.de\/wp-content\/uploads\/2024\/09\/IMG_1530-768x576.jpeg 768w, https:\/\/ecole-maternelle.de\/wp-content\/uploads\/2024\/09\/IMG_1530-1536x1152.jpeg 1536w, https:\/\/ecole-maternelle.de\/wp-content\/uploads\/2024\/09\/IMG_1530-2048x1536.jpeg 2048w\" sizes=\"auto, (max-width: 1024px) 100vw, 1024px\" \/><\/figure>\n\n\n\n<figure class=\"wp-block-image size-large\"><img loading=\"lazy\" decoding=\"async\" width=\"1024\" height=\"768\" data-id=\"625\" src=\"https:\/\/ecole-maternelle.de\/wp-content\/uploads\/2024\/09\/IMG_1547-1024x768.jpeg\" alt=\"\" class=\"wp-image-625\" srcset=\"https:\/\/ecole-maternelle.de\/wp-content\/uploads\/2024\/09\/IMG_1547-1024x768.jpeg 1024w, https:\/\/ecole-maternelle.de\/wp-content\/uploads\/2024\/09\/IMG_1547-300x225.jpeg 300w, https:\/\/ecole-maternelle.de\/wp-content\/uploads\/2024\/09\/IMG_1547-768x576.jpeg 768w, https:\/\/ecole-maternelle.de\/wp-content\/uploads\/2024\/09\/IMG_1547-1536x1152.jpeg 1536w, https:\/\/ecole-maternelle.de\/wp-content\/uploads\/2024\/09\/IMG_1547-2048x1536.jpeg 2048w\" sizes=\"auto, (max-width: 1024px) 100vw, 1024px\" \/><\/figure>\n<\/figure>\n\n\n\n<div style=\"height:10px\" aria-hidden=\"true\" class=\"wp-block-spacer\"><\/div>\n\n\n\n<figure class=\"wp-block-gallery has-nested-images columns-default is-cropped wp-block-gallery-4 is-layout-flex wp-block-gallery-is-layout-flex\">\n<figure class=\"wp-block-image size-large\"><img loading=\"lazy\" decoding=\"async\" width=\"768\" height=\"1024\" data-id=\"621\" src=\"https:\/\/ecole-maternelle.de\/wp-content\/uploads\/2024\/09\/IMG_1533-768x1024.jpeg\" alt=\"\" class=\"wp-image-621\" srcset=\"https:\/\/ecole-maternelle.de\/wp-content\/uploads\/2024\/09\/IMG_1533-768x1024.jpeg 768w, https:\/\/ecole-maternelle.de\/wp-content\/uploads\/2024\/09\/IMG_1533-225x300.jpeg 225w, https:\/\/ecole-maternelle.de\/wp-content\/uploads\/2024\/09\/IMG_1533-1152x1536.jpeg 1152w, https:\/\/ecole-maternelle.de\/wp-content\/uploads\/2024\/09\/IMG_1533-1536x2048.jpeg 1536w, https:\/\/ecole-maternelle.de\/wp-content\/uploads\/2024\/09\/IMG_1533-scaled.jpeg 1920w\" sizes=\"auto, (max-width: 768px) 100vw, 768px\" \/><\/figure>\n\n\n\n<figure class=\"wp-block-image size-large\"><img loading=\"lazy\" decoding=\"async\" width=\"768\" height=\"1024\" data-id=\"623\" src=\"https:\/\/ecole-maternelle.de\/wp-content\/uploads\/2024\/09\/IMG_1555-768x1024.jpeg\" alt=\"\" class=\"wp-image-623\" srcset=\"https:\/\/ecole-maternelle.de\/wp-content\/uploads\/2024\/09\/IMG_1555-768x1024.jpeg 768w, https:\/\/ecole-maternelle.de\/wp-content\/uploads\/2024\/09\/IMG_1555-225x300.jpeg 225w, https:\/\/ecole-maternelle.de\/wp-content\/uploads\/2024\/09\/IMG_1555-1152x1536.jpeg 1152w, https:\/\/ecole-maternelle.de\/wp-content\/uploads\/2024\/09\/IMG_1555-1536x2048.jpeg 1536w, https:\/\/ecole-maternelle.de\/wp-content\/uploads\/2024\/09\/IMG_1555-scaled.jpeg 1920w\" sizes=\"auto, (max-width: 768px) 100vw, 768px\" \/><\/figure>\n\n\n\n<figure class=\"wp-block-image size-large\"><img loading=\"lazy\" decoding=\"async\" width=\"768\" height=\"1024\" data-id=\"622\" src=\"https:\/\/ecole-maternelle.de\/wp-content\/uploads\/2024\/09\/IMG_1573-768x1024.jpeg\" alt=\"\" class=\"wp-image-622\" srcset=\"https:\/\/ecole-maternelle.de\/wp-content\/uploads\/2024\/09\/IMG_1573-768x1024.jpeg 768w, https:\/\/ecole-maternelle.de\/wp-content\/uploads\/2024\/09\/IMG_1573-225x300.jpeg 225w, https:\/\/ecole-maternelle.de\/wp-content\/uploads\/2024\/09\/IMG_1573-1152x1536.jpeg 1152w, https:\/\/ecole-maternelle.de\/wp-content\/uploads\/2024\/09\/IMG_1573-1536x2048.jpeg 1536w, https:\/\/ecole-maternelle.de\/wp-content\/uploads\/2024\/09\/IMG_1573-scaled.jpeg 1920w\" sizes=\"auto, (max-width: 768px) 100vw, 768px\" \/><\/figure>\n<\/figure>\n\n\n\n<hr class=\"wp-block-separator has-alpha-channel-opacity\"\/>\n\n\n\n<h2 class=\"wp-block-heading\">Unser Zuckert\u00fctenfest<\/h2>\n\n\n\n<p>Juhu, unser Zuckert\u00fctenbaum kann geerntet werden! Unsere Zuckert\u00fcten waren nun endlich reif und f\u00fcr jedes der Kinder hing eine Zuckert\u00fcte am Baum. Da haben sich alle sehr gefreut!<\/p>\n\n\n\n<figure class=\"wp-block-gallery has-nested-images columns-default is-cropped wp-block-gallery-5 is-layout-flex wp-block-gallery-is-layout-flex\">\n<figure class=\"wp-block-image size-large\"><img loading=\"lazy\" decoding=\"async\" width=\"1024\" height=\"690\" data-id=\"615\" src=\"https:\/\/ecole-maternelle.de\/wp-content\/uploads\/2024\/08\/IMG_2908-Kopie-1024x690.jpg\" alt=\"\" class=\"wp-image-615\" srcset=\"https:\/\/ecole-maternelle.de\/wp-content\/uploads\/2024\/08\/IMG_2908-Kopie-1024x690.jpg 1024w, https:\/\/ecole-maternelle.de\/wp-content\/uploads\/2024\/08\/IMG_2908-Kopie-300x202.jpg 300w, https:\/\/ecole-maternelle.de\/wp-content\/uploads\/2024\/08\/IMG_2908-Kopie-768x517.jpg 768w, https:\/\/ecole-maternelle.de\/wp-content\/uploads\/2024\/08\/IMG_2908-Kopie-1536x1034.jpg 1536w, https:\/\/ecole-maternelle.de\/wp-content\/uploads\/2024\/08\/IMG_2908-Kopie-2048x1379.jpg 2048w\" sizes=\"auto, (max-width: 1024px) 100vw, 1024px\" \/><\/figure>\n\n\n\n<figure class=\"wp-block-image size-large\"><img loading=\"lazy\" decoding=\"async\" width=\"768\" height=\"1024\" data-id=\"616\" src=\"https:\/\/ecole-maternelle.de\/wp-content\/uploads\/2024\/08\/IMG_2922-Kopie-768x1024.jpg\" alt=\"\" class=\"wp-image-616\" srcset=\"https:\/\/ecole-maternelle.de\/wp-content\/uploads\/2024\/08\/IMG_2922-Kopie-768x1024.jpg 768w, https:\/\/ecole-maternelle.de\/wp-content\/uploads\/2024\/08\/IMG_2922-Kopie-225x300.jpg 225w, https:\/\/ecole-maternelle.de\/wp-content\/uploads\/2024\/08\/IMG_2922-Kopie-1152x1536.jpg 1152w, https:\/\/ecole-maternelle.de\/wp-content\/uploads\/2024\/08\/IMG_2922-Kopie-1536x2048.jpg 1536w, https:\/\/ecole-maternelle.de\/wp-content\/uploads\/2024\/08\/IMG_2922-Kopie-scaled.jpg 1920w\" sizes=\"auto, (max-width: 768px) 100vw, 768px\" \/><\/figure>\n<\/figure>\n\n\n\n<hr class=\"wp-block-separator has-alpha-channel-opacity\"\/>\n\n\n\n<h2 class=\"wp-block-heading\">Unser Ausflug zum Imker<\/h2>\n\n\n\n<p>Wenn wir unsere Tasche packen, geht es los, um etwas zu entdecken&#8230;<\/p>\n\n\n\n<figure class=\"wp-block-gallery has-nested-images columns-default is-cropped wp-block-gallery-6 is-layout-flex wp-block-gallery-is-layout-flex\">\n<figure class=\"wp-block-image size-large\"><img loading=\"lazy\" decoding=\"async\" width=\"768\" height=\"1024\" data-id=\"606\" src=\"https:\/\/ecole-maternelle.de\/wp-content\/uploads\/2024\/06\/IMG_5331-1-768x1024.jpg\" alt=\"\" class=\"wp-image-606\" srcset=\"https:\/\/ecole-maternelle.de\/wp-content\/uploads\/2024\/06\/IMG_5331-1-768x1024.jpg 768w, https:\/\/ecole-maternelle.de\/wp-content\/uploads\/2024\/06\/IMG_5331-1-225x300.jpg 225w, https:\/\/ecole-maternelle.de\/wp-content\/uploads\/2024\/06\/IMG_5331-1-1152x1536.jpg 1152w, https:\/\/ecole-maternelle.de\/wp-content\/uploads\/2024\/06\/IMG_5331-1-1536x2048.jpg 1536w, https:\/\/ecole-maternelle.de\/wp-content\/uploads\/2024\/06\/IMG_5331-1-scaled.jpg 1920w\" sizes=\"auto, (max-width: 768px) 100vw, 768px\" \/><\/figure>\n\n\n\n<figure class=\"wp-block-image size-large\"><img loading=\"lazy\" decoding=\"async\" width=\"768\" height=\"1024\" data-id=\"607\" src=\"https:\/\/ecole-maternelle.de\/wp-content\/uploads\/2024\/06\/IMG_1037-768x1024.jpg\" alt=\"\" class=\"wp-image-607\" srcset=\"https:\/\/ecole-maternelle.de\/wp-content\/uploads\/2024\/06\/IMG_1037-768x1024.jpg 768w, https:\/\/ecole-maternelle.de\/wp-content\/uploads\/2024\/06\/IMG_1037-225x300.jpg 225w, https:\/\/ecole-maternelle.de\/wp-content\/uploads\/2024\/06\/IMG_1037-1152x1536.jpg 1152w, https:\/\/ecole-maternelle.de\/wp-content\/uploads\/2024\/06\/IMG_1037-1536x2048.jpg 1536w, https:\/\/ecole-maternelle.de\/wp-content\/uploads\/2024\/06\/IMG_1037-scaled.jpg 1920w\" sizes=\"auto, (max-width: 768px) 100vw, 768px\" \/><\/figure>\n\n\n\n<figure class=\"wp-block-image size-large\"><img loading=\"lazy\" decoding=\"async\" width=\"768\" height=\"1024\" data-id=\"605\" src=\"https:\/\/ecole-maternelle.de\/wp-content\/uploads\/2024\/06\/IMG_1051-768x1024.jpg\" alt=\"\" class=\"wp-image-605\" srcset=\"https:\/\/ecole-maternelle.de\/wp-content\/uploads\/2024\/06\/IMG_1051-768x1024.jpg 768w, https:\/\/ecole-maternelle.de\/wp-content\/uploads\/2024\/06\/IMG_1051-225x300.jpg 225w, https:\/\/ecole-maternelle.de\/wp-content\/uploads\/2024\/06\/IMG_1051-1152x1536.jpg 1152w, https:\/\/ecole-maternelle.de\/wp-content\/uploads\/2024\/06\/IMG_1051-1536x2048.jpg 1536w, https:\/\/ecole-maternelle.de\/wp-content\/uploads\/2024\/06\/IMG_1051-scaled.jpg 1920w\" sizes=\"auto, (max-width: 768px) 100vw, 768px\" \/><\/figure>\n<\/figure>\n\n\n\n<div style=\"height:22px\" aria-hidden=\"true\" class=\"wp-block-spacer\"><\/div>\n\n\n\n<p>Summ, summ, summ, Bienchen summ herum&#8230; Der Imker zeigte uns auch wo und wohin die Bienen schwirren. Wir durften nicht nur Honig verkosten, sondern auch ein ganzes Glas mitnehmen. Lecker!!!<\/p>\n\n\n\n<figure class=\"wp-block-gallery has-nested-images columns-default is-cropped wp-block-gallery-7 is-layout-flex wp-block-gallery-is-layout-flex\">\n<figure class=\"wp-block-image size-large\"><img loading=\"lazy\" decoding=\"async\" width=\"768\" height=\"1024\" data-id=\"601\" src=\"https:\/\/ecole-maternelle.de\/wp-content\/uploads\/2024\/06\/IMG_1055-768x1024.jpg\" alt=\"\" class=\"wp-image-601\" srcset=\"https:\/\/ecole-maternelle.de\/wp-content\/uploads\/2024\/06\/IMG_1055-768x1024.jpg 768w, https:\/\/ecole-maternelle.de\/wp-content\/uploads\/2024\/06\/IMG_1055-225x300.jpg 225w, https:\/\/ecole-maternelle.de\/wp-content\/uploads\/2024\/06\/IMG_1055-1152x1536.jpg 1152w, https:\/\/ecole-maternelle.de\/wp-content\/uploads\/2024\/06\/IMG_1055-1536x2048.jpg 1536w, https:\/\/ecole-maternelle.de\/wp-content\/uploads\/2024\/06\/IMG_1055-scaled.jpg 1920w\" sizes=\"auto, (max-width: 768px) 100vw, 768px\" \/><\/figure>\n\n\n\n<figure class=\"wp-block-image size-large\"><img loading=\"lazy\" decoding=\"async\" width=\"768\" height=\"1024\" data-id=\"604\" src=\"https:\/\/ecole-maternelle.de\/wp-content\/uploads\/2024\/06\/Bienenstock-768x1024.jpg\" alt=\"\" class=\"wp-image-604\" srcset=\"https:\/\/ecole-maternelle.de\/wp-content\/uploads\/2024\/06\/Bienenstock-768x1024.jpg 768w, https:\/\/ecole-maternelle.de\/wp-content\/uploads\/2024\/06\/Bienenstock-225x300.jpg 225w, https:\/\/ecole-maternelle.de\/wp-content\/uploads\/2024\/06\/Bienenstock-1152x1536.jpg 1152w, https:\/\/ecole-maternelle.de\/wp-content\/uploads\/2024\/06\/Bienenstock-1536x2048.jpg 1536w, https:\/\/ecole-maternelle.de\/wp-content\/uploads\/2024\/06\/Bienenstock-scaled.jpg 1920w\" sizes=\"auto, (max-width: 768px) 100vw, 768px\" \/><\/figure>\n\n\n\n<figure class=\"wp-block-image size-large\"><img loading=\"lazy\" decoding=\"async\" width=\"768\" height=\"1024\" data-id=\"602\" src=\"https:\/\/ecole-maternelle.de\/wp-content\/uploads\/2024\/06\/IMG_1109-768x1024.jpg\" alt=\"\" class=\"wp-image-602\" srcset=\"https:\/\/ecole-maternelle.de\/wp-content\/uploads\/2024\/06\/IMG_1109-768x1024.jpg 768w, https:\/\/ecole-maternelle.de\/wp-content\/uploads\/2024\/06\/IMG_1109-225x300.jpg 225w, https:\/\/ecole-maternelle.de\/wp-content\/uploads\/2024\/06\/IMG_1109-1152x1536.jpg 1152w, https:\/\/ecole-maternelle.de\/wp-content\/uploads\/2024\/06\/IMG_1109-1536x2048.jpg 1536w, https:\/\/ecole-maternelle.de\/wp-content\/uploads\/2024\/06\/IMG_1109-scaled.jpg 1920w\" sizes=\"auto, (max-width: 768px) 100vw, 768px\" \/><\/figure>\n<\/figure>\n\n\n\n<hr class=\"wp-block-separator has-alpha-channel-opacity\"\/>\n\n\n\n<h2 class=\"wp-block-heading\">Unsere Abschlussfahrt in die Feengrotten<\/h2>\n\n\n\n<p>Nun geht es f\u00fcr uns F\u00fcchse bald in die Schule. Als Abschlussfahrt ging es in die Feengrotten nach Saalfeld. Das war toll! Wir besuchten die alten Stollen, lustig verkleidet als Wichtel. Feen gab es auch \u00fcberall. Gl\u00fcckssteine durften wir mit nach Hause nehmen. Danach gab es noch ein kleines Fest mit unseren Eltern in der Ecole. Hui, waren wir m\u00fcde nach diesem ereignisreichen Tag!! <\/p>\n\n\n\n<figure class=\"wp-block-gallery has-nested-images columns-default is-cropped wp-block-gallery-8 is-layout-flex wp-block-gallery-is-layout-flex\">\n<figure class=\"wp-block-image size-large\"><img loading=\"lazy\" decoding=\"async\" width=\"1024\" height=\"768\" data-id=\"597\" src=\"https:\/\/ecole-maternelle.de\/wp-content\/uploads\/2024\/06\/IMG_1309-1024x768.jpg\" alt=\"\" class=\"wp-image-597\" srcset=\"https:\/\/ecole-maternelle.de\/wp-content\/uploads\/2024\/06\/IMG_1309-1024x768.jpg 1024w, https:\/\/ecole-maternelle.de\/wp-content\/uploads\/2024\/06\/IMG_1309-300x225.jpg 300w, https:\/\/ecole-maternelle.de\/wp-content\/uploads\/2024\/06\/IMG_1309-768x576.jpg 768w, https:\/\/ecole-maternelle.de\/wp-content\/uploads\/2024\/06\/IMG_1309-1536x1152.jpg 1536w, https:\/\/ecole-maternelle.de\/wp-content\/uploads\/2024\/06\/IMG_1309-2048x1536.jpg 2048w\" sizes=\"auto, (max-width: 1024px) 100vw, 1024px\" \/><\/figure>\n\n\n\n<figure class=\"wp-block-image size-large\"><img loading=\"lazy\" decoding=\"async\" width=\"1024\" height=\"768\" data-id=\"598\" src=\"https:\/\/ecole-maternelle.de\/wp-content\/uploads\/2024\/06\/IMG_1404-1024x768.jpg\" alt=\"\" class=\"wp-image-598\" srcset=\"https:\/\/ecole-maternelle.de\/wp-content\/uploads\/2024\/06\/IMG_1404-1024x768.jpg 1024w, https:\/\/ecole-maternelle.de\/wp-content\/uploads\/2024\/06\/IMG_1404-300x225.jpg 300w, https:\/\/ecole-maternelle.de\/wp-content\/uploads\/2024\/06\/IMG_1404-768x576.jpg 768w, https:\/\/ecole-maternelle.de\/wp-content\/uploads\/2024\/06\/IMG_1404-1536x1152.jpg 1536w, https:\/\/ecole-maternelle.de\/wp-content\/uploads\/2024\/06\/IMG_1404-2048x1536.jpg 2048w\" sizes=\"auto, (max-width: 1024px) 100vw, 1024px\" \/><\/figure>\n<\/figure>\n\n\n\n<div style=\"height:10px\" aria-hidden=\"true\" class=\"wp-block-spacer\"><\/div>\n\n\n\n<figure class=\"wp-block-gallery has-nested-images columns-default is-cropped wp-block-gallery-9 is-layout-flex wp-block-gallery-is-layout-flex\">\n<figure class=\"wp-block-image size-large\"><img loading=\"lazy\" decoding=\"async\" width=\"768\" height=\"1024\" data-id=\"595\" src=\"https:\/\/ecole-maternelle.de\/wp-content\/uploads\/2024\/06\/IMG_1319-768x1024.jpg\" alt=\"\" class=\"wp-image-595\" srcset=\"https:\/\/ecole-maternelle.de\/wp-content\/uploads\/2024\/06\/IMG_1319-768x1024.jpg 768w, https:\/\/ecole-maternelle.de\/wp-content\/uploads\/2024\/06\/IMG_1319-225x300.jpg 225w, https:\/\/ecole-maternelle.de\/wp-content\/uploads\/2024\/06\/IMG_1319-1152x1536.jpg 1152w, https:\/\/ecole-maternelle.de\/wp-content\/uploads\/2024\/06\/IMG_1319-1536x2048.jpg 1536w, https:\/\/ecole-maternelle.de\/wp-content\/uploads\/2024\/06\/IMG_1319-scaled.jpg 1920w\" sizes=\"auto, (max-width: 768px) 100vw, 768px\" \/><\/figure>\n\n\n\n<figure class=\"wp-block-image size-large\"><img loading=\"lazy\" decoding=\"async\" width=\"768\" height=\"1024\" data-id=\"594\" src=\"https:\/\/ecole-maternelle.de\/wp-content\/uploads\/2024\/06\/IMG_1361-768x1024.jpg\" alt=\"\" class=\"wp-image-594\" srcset=\"https:\/\/ecole-maternelle.de\/wp-content\/uploads\/2024\/06\/IMG_1361-768x1024.jpg 768w, https:\/\/ecole-maternelle.de\/wp-content\/uploads\/2024\/06\/IMG_1361-225x300.jpg 225w, https:\/\/ecole-maternelle.de\/wp-content\/uploads\/2024\/06\/IMG_1361-1152x1536.jpg 1152w, https:\/\/ecole-maternelle.de\/wp-content\/uploads\/2024\/06\/IMG_1361-1536x2048.jpg 1536w, https:\/\/ecole-maternelle.de\/wp-content\/uploads\/2024\/06\/IMG_1361-scaled.jpg 1920w\" sizes=\"auto, (max-width: 768px) 100vw, 768px\" \/><\/figure>\n\n\n\n<figure class=\"wp-block-image size-large\"><img loading=\"lazy\" decoding=\"async\" width=\"768\" height=\"1024\" data-id=\"593\" src=\"https:\/\/ecole-maternelle.de\/wp-content\/uploads\/2024\/06\/IMG_1352-768x1024.jpg\" alt=\"\" class=\"wp-image-593\" srcset=\"https:\/\/ecole-maternelle.de\/wp-content\/uploads\/2024\/06\/IMG_1352-768x1024.jpg 768w, https:\/\/ecole-maternelle.de\/wp-content\/uploads\/2024\/06\/IMG_1352-225x300.jpg 225w, https:\/\/ecole-maternelle.de\/wp-content\/uploads\/2024\/06\/IMG_1352-1152x1536.jpg 1152w, https:\/\/ecole-maternelle.de\/wp-content\/uploads\/2024\/06\/IMG_1352-1536x2048.jpg 1536w, https:\/\/ecole-maternelle.de\/wp-content\/uploads\/2024\/06\/IMG_1352-scaled.jpg 1920w\" sizes=\"auto, (max-width: 768px) 100vw, 768px\" \/><\/figure>\n<\/figure>\n\n\n\n<hr class=\"wp-block-separator has-alpha-channel-opacity\"\/>\n\n\n\n<h2 class=\"wp-block-heading\">Ein Vormittag an der &#8222;Entenbr\u00fccke&#8220;<\/h2>\n\n\n\n<p>Unser heutiger sonniger Ausflug zur Entenbr\u00fccke lie\u00df uns wieder einiges entdecken. Egal wie gut sich K\u00e4fer tarnen, wir finden sie trotzdem!<\/p>\n\n\n\n<figure class=\"wp-block-gallery has-nested-images columns-default is-cropped wp-block-gallery-10 is-layout-flex wp-block-gallery-is-layout-flex\">\n<figure class=\"wp-block-image size-large\"><img loading=\"lazy\" decoding=\"async\" width=\"768\" height=\"1024\" data-id=\"590\" src=\"https:\/\/ecole-maternelle.de\/wp-content\/uploads\/2024\/06\/IMG_1538-768x1024.jpeg\" alt=\"\" class=\"wp-image-590\" srcset=\"https:\/\/ecole-maternelle.de\/wp-content\/uploads\/2024\/06\/IMG_1538-768x1024.jpeg 768w, https:\/\/ecole-maternelle.de\/wp-content\/uploads\/2024\/06\/IMG_1538-225x300.jpeg 225w, https:\/\/ecole-maternelle.de\/wp-content\/uploads\/2024\/06\/IMG_1538-1152x1536.jpeg 1152w, https:\/\/ecole-maternelle.de\/wp-content\/uploads\/2024\/06\/IMG_1538-1536x2048.jpeg 1536w, https:\/\/ecole-maternelle.de\/wp-content\/uploads\/2024\/06\/IMG_1538-scaled.jpeg 1920w\" sizes=\"auto, (max-width: 768px) 100vw, 768px\" \/><\/figure>\n\n\n\n<figure class=\"wp-block-image size-large\"><img loading=\"lazy\" decoding=\"async\" width=\"768\" height=\"1024\" data-id=\"587\" src=\"https:\/\/ecole-maternelle.de\/wp-content\/uploads\/2024\/06\/IMG_1542-768x1024.jpeg\" alt=\"\" class=\"wp-image-587\" srcset=\"https:\/\/ecole-maternelle.de\/wp-content\/uploads\/2024\/06\/IMG_1542-768x1024.jpeg 768w, https:\/\/ecole-maternelle.de\/wp-content\/uploads\/2024\/06\/IMG_1542-225x300.jpeg 225w, https:\/\/ecole-maternelle.de\/wp-content\/uploads\/2024\/06\/IMG_1542-1152x1536.jpeg 1152w, https:\/\/ecole-maternelle.de\/wp-content\/uploads\/2024\/06\/IMG_1542-1536x2048.jpeg 1536w, https:\/\/ecole-maternelle.de\/wp-content\/uploads\/2024\/06\/IMG_1542-scaled.jpeg 1920w\" sizes=\"auto, (max-width: 768px) 100vw, 768px\" \/><\/figure>\n\n\n\n<figure class=\"wp-block-image size-large\"><img loading=\"lazy\" decoding=\"async\" width=\"1024\" height=\"768\" data-id=\"589\" src=\"https:\/\/ecole-maternelle.de\/wp-content\/uploads\/2024\/06\/IMG_1544-1024x768.jpeg\" alt=\"\" class=\"wp-image-589\" srcset=\"https:\/\/ecole-maternelle.de\/wp-content\/uploads\/2024\/06\/IMG_1544-1024x768.jpeg 1024w, https:\/\/ecole-maternelle.de\/wp-content\/uploads\/2024\/06\/IMG_1544-300x225.jpeg 300w, https:\/\/ecole-maternelle.de\/wp-content\/uploads\/2024\/06\/IMG_1544-768x576.jpeg 768w, https:\/\/ecole-maternelle.de\/wp-content\/uploads\/2024\/06\/IMG_1544-1536x1152.jpeg 1536w, https:\/\/ecole-maternelle.de\/wp-content\/uploads\/2024\/06\/IMG_1544-2048x1536.jpeg 2048w\" sizes=\"auto, (max-width: 1024px) 100vw, 1024px\" \/><\/figure>\n\n\n\n<figure class=\"wp-block-image size-large is-style-default\"><img loading=\"lazy\" decoding=\"async\" width=\"1024\" height=\"768\" data-id=\"588\" src=\"https:\/\/ecole-maternelle.de\/wp-content\/uploads\/2024\/06\/IMG_1545-1024x768.jpeg\" alt=\"\" class=\"wp-image-588\" srcset=\"https:\/\/ecole-maternelle.de\/wp-content\/uploads\/2024\/06\/IMG_1545-1024x768.jpeg 1024w, https:\/\/ecole-maternelle.de\/wp-content\/uploads\/2024\/06\/IMG_1545-300x225.jpeg 300w, https:\/\/ecole-maternelle.de\/wp-content\/uploads\/2024\/06\/IMG_1545-768x576.jpeg 768w, https:\/\/ecole-maternelle.de\/wp-content\/uploads\/2024\/06\/IMG_1545-1536x1152.jpeg 1536w, https:\/\/ecole-maternelle.de\/wp-content\/uploads\/2024\/06\/IMG_1545-2048x1536.jpeg 2048w\" sizes=\"auto, (max-width: 1024px) 100vw, 1024px\" \/><\/figure>\n<\/figure>\n\n\n\n<hr class=\"wp-block-separator has-alpha-channel-opacity\"\/>\n\n\n\n<h2 class=\"wp-block-heading\">Ausflug in die Botanik<\/h2>\n\n\n\n<p>Es war heute wieder ein herrlicher Ausflug mit jeder Menge botanischer Bestimmungen. Mal schauen, ob wir uns das gut merken k\u00f6nnen&#8230;<\/p>\n\n\n\n<figure class=\"wp-block-gallery has-nested-images columns-default is-cropped wp-block-gallery-11 is-layout-flex wp-block-gallery-is-layout-flex\">\n<figure class=\"wp-block-image size-large\"><img loading=\"lazy\" decoding=\"async\" width=\"768\" height=\"1024\" data-id=\"584\" src=\"https:\/\/ecole-maternelle.de\/wp-content\/uploads\/2024\/05\/Bergaufstieg-768x1024.jpg\" alt=\"\" class=\"wp-image-584\" srcset=\"https:\/\/ecole-maternelle.de\/wp-content\/uploads\/2024\/05\/Bergaufstieg-768x1024.jpg 768w, https:\/\/ecole-maternelle.de\/wp-content\/uploads\/2024\/05\/Bergaufstieg-225x300.jpg 225w, https:\/\/ecole-maternelle.de\/wp-content\/uploads\/2024\/05\/Bergaufstieg-1152x1536.jpg 1152w, https:\/\/ecole-maternelle.de\/wp-content\/uploads\/2024\/05\/Bergaufstieg-1536x2048.jpg 1536w, https:\/\/ecole-maternelle.de\/wp-content\/uploads\/2024\/05\/Bergaufstieg-scaled.jpg 1920w\" sizes=\"auto, (max-width: 768px) 100vw, 768px\" \/><\/figure>\n\n\n\n<figure class=\"wp-block-image size-large\"><img loading=\"lazy\" decoding=\"async\" width=\"1024\" height=\"768\" data-id=\"582\" src=\"https:\/\/ecole-maternelle.de\/wp-content\/uploads\/2024\/05\/IMG_0601-1024x768.jpg\" alt=\"\" class=\"wp-image-582\" srcset=\"https:\/\/ecole-maternelle.de\/wp-content\/uploads\/2024\/05\/IMG_0601-1024x768.jpg 1024w, https:\/\/ecole-maternelle.de\/wp-content\/uploads\/2024\/05\/IMG_0601-300x225.jpg 300w, https:\/\/ecole-maternelle.de\/wp-content\/uploads\/2024\/05\/IMG_0601-768x576.jpg 768w, https:\/\/ecole-maternelle.de\/wp-content\/uploads\/2024\/05\/IMG_0601-1536x1152.jpg 1536w, https:\/\/ecole-maternelle.de\/wp-content\/uploads\/2024\/05\/IMG_0601-2048x1536.jpg 2048w\" sizes=\"auto, (max-width: 1024px) 100vw, 1024px\" \/><\/figure>\n\n\n\n<figure class=\"wp-block-image size-large\"><img loading=\"lazy\" decoding=\"async\" width=\"768\" height=\"1024\" data-id=\"583\" src=\"https:\/\/ecole-maternelle.de\/wp-content\/uploads\/2024\/05\/IMG_0647-768x1024.jpg\" alt=\"\" class=\"wp-image-583\" srcset=\"https:\/\/ecole-maternelle.de\/wp-content\/uploads\/2024\/05\/IMG_0647-768x1024.jpg 768w, https:\/\/ecole-maternelle.de\/wp-content\/uploads\/2024\/05\/IMG_0647-225x300.jpg 225w, https:\/\/ecole-maternelle.de\/wp-content\/uploads\/2024\/05\/IMG_0647-1152x1536.jpg 1152w, https:\/\/ecole-maternelle.de\/wp-content\/uploads\/2024\/05\/IMG_0647-1536x2048.jpg 1536w, https:\/\/ecole-maternelle.de\/wp-content\/uploads\/2024\/05\/IMG_0647-scaled.jpg 1920w\" sizes=\"auto, (max-width: 768px) 100vw, 768px\" \/><\/figure>\n\n\n\n<figure class=\"wp-block-image size-large is-style-default\"><img loading=\"lazy\" decoding=\"async\" width=\"768\" height=\"1024\" data-id=\"581\" src=\"https:\/\/ecole-maternelle.de\/wp-content\/uploads\/2024\/05\/IMG_0648-768x1024.jpg\" alt=\"\" class=\"wp-image-581\" srcset=\"https:\/\/ecole-maternelle.de\/wp-content\/uploads\/2024\/05\/IMG_0648-768x1024.jpg 768w, https:\/\/ecole-maternelle.de\/wp-content\/uploads\/2024\/05\/IMG_0648-225x300.jpg 225w, https:\/\/ecole-maternelle.de\/wp-content\/uploads\/2024\/05\/IMG_0648-1152x1536.jpg 1152w, https:\/\/ecole-maternelle.de\/wp-content\/uploads\/2024\/05\/IMG_0648-1536x2048.jpg 1536w, https:\/\/ecole-maternelle.de\/wp-content\/uploads\/2024\/05\/IMG_0648-scaled.jpg 1920w\" sizes=\"auto, (max-width: 768px) 100vw, 768px\" \/><\/figure>\n<\/figure>\n\n\n\n<hr class=\"wp-block-separator has-alpha-channel-opacity\"\/>\n\n\n\n<h2 class=\"wp-block-heading\">Ausflug ins Phyletische Museum<\/h2>\n\n\n\n<p>Da das Wetter recht unbest\u00e4ndig war, beschauten wir uns die Natur im Phyletischen Museum. Die Quallen finden wir allerdings immer am besten.<\/p>\n\n\n\n<figure class=\"wp-block-gallery has-nested-images columns-default is-cropped wp-block-gallery-12 is-layout-flex wp-block-gallery-is-layout-flex\">\n<figure class=\"wp-block-image size-large\"><img loading=\"lazy\" decoding=\"async\" width=\"1024\" height=\"768\" data-id=\"571\" src=\"https:\/\/ecole-maternelle.de\/wp-content\/uploads\/2024\/04\/IMG_0001-1024x768.jpg\" alt=\"\" class=\"wp-image-571\" srcset=\"https:\/\/ecole-maternelle.de\/wp-content\/uploads\/2024\/04\/IMG_0001-1024x768.jpg 1024w, https:\/\/ecole-maternelle.de\/wp-content\/uploads\/2024\/04\/IMG_0001-300x225.jpg 300w, https:\/\/ecole-maternelle.de\/wp-content\/uploads\/2024\/04\/IMG_0001-768x576.jpg 768w, https:\/\/ecole-maternelle.de\/wp-content\/uploads\/2024\/04\/IMG_0001-1536x1152.jpg 1536w, https:\/\/ecole-maternelle.de\/wp-content\/uploads\/2024\/04\/IMG_0001-2048x1536.jpg 2048w\" sizes=\"auto, (max-width: 1024px) 100vw, 1024px\" \/><\/figure>\n\n\n\n<figure class=\"wp-block-image size-large\"><img loading=\"lazy\" decoding=\"async\" width=\"1024\" height=\"768\" data-id=\"570\" src=\"https:\/\/ecole-maternelle.de\/wp-content\/uploads\/2024\/04\/IMG_0010-1024x768.jpg\" alt=\"\" class=\"wp-image-570\" srcset=\"https:\/\/ecole-maternelle.de\/wp-content\/uploads\/2024\/04\/IMG_0010-1024x768.jpg 1024w, https:\/\/ecole-maternelle.de\/wp-content\/uploads\/2024\/04\/IMG_0010-300x225.jpg 300w, https:\/\/ecole-maternelle.de\/wp-content\/uploads\/2024\/04\/IMG_0010-768x576.jpg 768w, https:\/\/ecole-maternelle.de\/wp-content\/uploads\/2024\/04\/IMG_0010-1536x1152.jpg 1536w, https:\/\/ecole-maternelle.de\/wp-content\/uploads\/2024\/04\/IMG_0010-2048x1536.jpg 2048w\" sizes=\"auto, (max-width: 1024px) 100vw, 1024px\" \/><\/figure>\n\n\n\n<figure class=\"wp-block-image size-large\"><img loading=\"lazy\" decoding=\"async\" width=\"1024\" height=\"768\" data-id=\"569\" src=\"https:\/\/ecole-maternelle.de\/wp-content\/uploads\/2024\/04\/IMG_0011-1024x768.jpg\" alt=\"\" class=\"wp-image-569\" srcset=\"https:\/\/ecole-maternelle.de\/wp-content\/uploads\/2024\/04\/IMG_0011-1024x768.jpg 1024w, https:\/\/ecole-maternelle.de\/wp-content\/uploads\/2024\/04\/IMG_0011-300x225.jpg 300w, https:\/\/ecole-maternelle.de\/wp-content\/uploads\/2024\/04\/IMG_0011-768x576.jpg 768w, https:\/\/ecole-maternelle.de\/wp-content\/uploads\/2024\/04\/IMG_0011-1536x1152.jpg 1536w, https:\/\/ecole-maternelle.de\/wp-content\/uploads\/2024\/04\/IMG_0011-2048x1536.jpg 2048w\" sizes=\"auto, (max-width: 1024px) 100vw, 1024px\" \/><\/figure>\n\n\n\n<figure class=\"wp-block-image size-large is-style-default\"><img loading=\"lazy\" decoding=\"async\" width=\"1024\" height=\"768\" data-id=\"568\" src=\"https:\/\/ecole-maternelle.de\/wp-content\/uploads\/2024\/04\/IMG_0015-1024x768.jpg\" alt=\"\" class=\"wp-image-568\" srcset=\"https:\/\/ecole-maternelle.de\/wp-content\/uploads\/2024\/04\/IMG_0015-1024x768.jpg 1024w, https:\/\/ecole-maternelle.de\/wp-content\/uploads\/2024\/04\/IMG_0015-300x225.jpg 300w, https:\/\/ecole-maternelle.de\/wp-content\/uploads\/2024\/04\/IMG_0015-768x576.jpg 768w, https:\/\/ecole-maternelle.de\/wp-content\/uploads\/2024\/04\/IMG_0015-1536x1152.jpg 1536w, https:\/\/ecole-maternelle.de\/wp-content\/uploads\/2024\/04\/IMG_0015-2048x1536.jpg 2048w\" sizes=\"auto, (max-width: 1024px) 100vw, 1024px\" \/><\/figure>\n<\/figure>\n\n\n\n<hr class=\"wp-block-separator has-alpha-channel-opacity\"\/>\n\n\n\n<h2 class=\"wp-block-heading\">Wasserwirbel zum Donnerstagsausflug<\/h2>\n\n\n\n<p>Donnerstags ist immer unser Ausflugtag. Heute waren wir wegen des unbest\u00e4ndigen Wetters an der Saale spazieren. Besonders erfreute uns der Wasserwirbel, den wir stundenlang drehen und zuschauen konnten.<\/p>\n\n\n\n<figure class=\"wp-block-image size-large is-resized\"><img loading=\"lazy\" decoding=\"async\" width=\"768\" height=\"1024\" src=\"https:\/\/ecole-maternelle.de\/wp-content\/uploads\/2024\/04\/Auslfug-18.4-768x1024.jpg\" alt=\"\" class=\"wp-image-565\" style=\"width:468px;height:auto\" srcset=\"https:\/\/ecole-maternelle.de\/wp-content\/uploads\/2024\/04\/Auslfug-18.4-768x1024.jpg 768w, https:\/\/ecole-maternelle.de\/wp-content\/uploads\/2024\/04\/Auslfug-18.4-225x300.jpg 225w, https:\/\/ecole-maternelle.de\/wp-content\/uploads\/2024\/04\/Auslfug-18.4-1152x1536.jpg 1152w, https:\/\/ecole-maternelle.de\/wp-content\/uploads\/2024\/04\/Auslfug-18.4-1536x2048.jpg 1536w, https:\/\/ecole-maternelle.de\/wp-content\/uploads\/2024\/04\/Auslfug-18.4-scaled.jpg 1920w\" sizes=\"auto, (max-width: 768px) 100vw, 768px\" \/><\/figure>\n\n\n\n<hr class=\"wp-block-separator has-alpha-channel-opacity\"\/>\n\n\n\n<h2 class=\"wp-block-heading\">Botanisieren auf der Horizontale<\/h2>\n\n\n\n<p>Unser Ausflug heute war traumhaft! Wir sahen uns die verbl\u00fchten Kuhschellen und die nun bl\u00fchende Spinnenragwurz an. Und dann sind wir tats\u00e4chlich einer Blindschleiche begegnet!!<\/p>\n\n\n\n<figure class=\"wp-block-gallery has-nested-images columns-default is-cropped wp-block-gallery-13 is-layout-flex wp-block-gallery-is-layout-flex\">\n<figure class=\"wp-block-image size-large\"><img loading=\"lazy\" decoding=\"async\" width=\"768\" height=\"1024\" data-id=\"557\" src=\"https:\/\/ecole-maternelle.de\/wp-content\/uploads\/2024\/04\/IMG_9790-768x1024.jpeg\" alt=\"\" class=\"wp-image-557\" srcset=\"https:\/\/ecole-maternelle.de\/wp-content\/uploads\/2024\/04\/IMG_9790-768x1024.jpeg 768w, https:\/\/ecole-maternelle.de\/wp-content\/uploads\/2024\/04\/IMG_9790-225x300.jpeg 225w, https:\/\/ecole-maternelle.de\/wp-content\/uploads\/2024\/04\/IMG_9790-1152x1536.jpeg 1152w, https:\/\/ecole-maternelle.de\/wp-content\/uploads\/2024\/04\/IMG_9790-1536x2048.jpeg 1536w, https:\/\/ecole-maternelle.de\/wp-content\/uploads\/2024\/04\/IMG_9790-scaled.jpeg 1920w\" sizes=\"auto, (max-width: 768px) 100vw, 768px\" \/><\/figure>\n\n\n\n<figure class=\"wp-block-image size-large\"><img loading=\"lazy\" decoding=\"async\" width=\"768\" height=\"1024\" data-id=\"560\" src=\"https:\/\/ecole-maternelle.de\/wp-content\/uploads\/2024\/04\/IMG_9709-768x1024.jpg\" alt=\"\" class=\"wp-image-560\" srcset=\"https:\/\/ecole-maternelle.de\/wp-content\/uploads\/2024\/04\/IMG_9709-768x1024.jpg 768w, https:\/\/ecole-maternelle.de\/wp-content\/uploads\/2024\/04\/IMG_9709-225x300.jpg 225w, https:\/\/ecole-maternelle.de\/wp-content\/uploads\/2024\/04\/IMG_9709-1152x1536.jpg 1152w, https:\/\/ecole-maternelle.de\/wp-content\/uploads\/2024\/04\/IMG_9709-1536x2048.jpg 1536w, https:\/\/ecole-maternelle.de\/wp-content\/uploads\/2024\/04\/IMG_9709-scaled.jpg 1920w\" sizes=\"auto, (max-width: 768px) 100vw, 768px\" \/><\/figure>\n\n\n\n<figure class=\"wp-block-image size-large\"><img loading=\"lazy\" decoding=\"async\" width=\"768\" height=\"1024\" data-id=\"558\" src=\"https:\/\/ecole-maternelle.de\/wp-content\/uploads\/2024\/04\/IMG_9796-768x1024.jpeg\" alt=\"\" class=\"wp-image-558\" srcset=\"https:\/\/ecole-maternelle.de\/wp-content\/uploads\/2024\/04\/IMG_9796-768x1024.jpeg 768w, https:\/\/ecole-maternelle.de\/wp-content\/uploads\/2024\/04\/IMG_9796-225x300.jpeg 225w, https:\/\/ecole-maternelle.de\/wp-content\/uploads\/2024\/04\/IMG_9796-1152x1536.jpeg 1152w, https:\/\/ecole-maternelle.de\/wp-content\/uploads\/2024\/04\/IMG_9796-1536x2048.jpeg 1536w, https:\/\/ecole-maternelle.de\/wp-content\/uploads\/2024\/04\/IMG_9796-scaled.jpeg 1920w\" sizes=\"auto, (max-width: 768px) 100vw, 768px\" \/><\/figure>\n\n\n\n<figure class=\"wp-block-image size-large\"><img loading=\"lazy\" decoding=\"async\" width=\"768\" height=\"1024\" data-id=\"561\" src=\"https:\/\/ecole-maternelle.de\/wp-content\/uploads\/2024\/04\/IMG_9706-768x1024.jpg\" alt=\"\" class=\"wp-image-561\" srcset=\"https:\/\/ecole-maternelle.de\/wp-content\/uploads\/2024\/04\/IMG_9706-768x1024.jpg 768w, https:\/\/ecole-maternelle.de\/wp-content\/uploads\/2024\/04\/IMG_9706-225x300.jpg 225w, https:\/\/ecole-maternelle.de\/wp-content\/uploads\/2024\/04\/IMG_9706-1152x1536.jpg 1152w, https:\/\/ecole-maternelle.de\/wp-content\/uploads\/2024\/04\/IMG_9706-1536x2048.jpg 1536w, https:\/\/ecole-maternelle.de\/wp-content\/uploads\/2024\/04\/IMG_9706-scaled.jpg 1920w\" sizes=\"auto, (max-width: 768px) 100vw, 768px\" \/><\/figure>\n\n\n\n<figure class=\"wp-block-image size-large\"><img loading=\"lazy\" decoding=\"async\" width=\"768\" height=\"1024\" data-id=\"559\" src=\"https:\/\/ecole-maternelle.de\/wp-content\/uploads\/2024\/04\/IMG_9723-768x1024.jpeg\" alt=\"\" class=\"wp-image-559\" srcset=\"https:\/\/ecole-maternelle.de\/wp-content\/uploads\/2024\/04\/IMG_9723-768x1024.jpeg 768w, https:\/\/ecole-maternelle.de\/wp-content\/uploads\/2024\/04\/IMG_9723-225x300.jpeg 225w, https:\/\/ecole-maternelle.de\/wp-content\/uploads\/2024\/04\/IMG_9723-1152x1536.jpeg 1152w, https:\/\/ecole-maternelle.de\/wp-content\/uploads\/2024\/04\/IMG_9723-1536x2048.jpeg 1536w, https:\/\/ecole-maternelle.de\/wp-content\/uploads\/2024\/04\/IMG_9723-scaled.jpeg 1920w\" sizes=\"auto, (max-width: 768px) 100vw, 768px\" \/><\/figure>\n<\/figure>\n\n\n\n<hr class=\"wp-block-separator has-alpha-channel-opacity\"\/>\n\n\n\n<h2 class=\"wp-block-heading\">Bl\u00fcten in unserem Garten<\/h2>\n\n\n\n<p>Schaut her, wie sch\u00f6n unser &#8222;Zuckert\u00fctenbaum&#8220; bl\u00fcht! Da werden sicherlich wieder viele Zuckert\u00fcten wachsen&#8230; Zum Gl\u00fcck!!!<\/p>\n\n\n\n<figure class=\"wp-block-gallery has-nested-images columns-default is-cropped wp-block-gallery-14 is-layout-flex wp-block-gallery-is-layout-flex\">\n<figure class=\"wp-block-image size-large\"><img loading=\"lazy\" decoding=\"async\" width=\"768\" height=\"1024\" data-id=\"555\" src=\"https:\/\/ecole-maternelle.de\/wp-content\/uploads\/2024\/04\/IMG_9680-768x1024.jpeg\" alt=\"\" class=\"wp-image-555\" srcset=\"https:\/\/ecole-maternelle.de\/wp-content\/uploads\/2024\/04\/IMG_9680-768x1024.jpeg 768w, https:\/\/ecole-maternelle.de\/wp-content\/uploads\/2024\/04\/IMG_9680-225x300.jpeg 225w, https:\/\/ecole-maternelle.de\/wp-content\/uploads\/2024\/04\/IMG_9680-1152x1536.jpeg 1152w, https:\/\/ecole-maternelle.de\/wp-content\/uploads\/2024\/04\/IMG_9680-1536x2048.jpeg 1536w, https:\/\/ecole-maternelle.de\/wp-content\/uploads\/2024\/04\/IMG_9680-scaled.jpeg 1920w\" sizes=\"auto, (max-width: 768px) 100vw, 768px\" \/><\/figure>\n\n\n\n<figure class=\"wp-block-image size-large\"><img loading=\"lazy\" decoding=\"async\" width=\"768\" height=\"1024\" data-id=\"554\" src=\"https:\/\/ecole-maternelle.de\/wp-content\/uploads\/2024\/04\/IMG_9681-768x1024.jpeg\" alt=\"\" class=\"wp-image-554\" srcset=\"https:\/\/ecole-maternelle.de\/wp-content\/uploads\/2024\/04\/IMG_9681-768x1024.jpeg 768w, https:\/\/ecole-maternelle.de\/wp-content\/uploads\/2024\/04\/IMG_9681-225x300.jpeg 225w, https:\/\/ecole-maternelle.de\/wp-content\/uploads\/2024\/04\/IMG_9681-1152x1536.jpeg 1152w, https:\/\/ecole-maternelle.de\/wp-content\/uploads\/2024\/04\/IMG_9681-1536x2048.jpeg 1536w, https:\/\/ecole-maternelle.de\/wp-content\/uploads\/2024\/04\/IMG_9681-scaled.jpeg 1920w\" sizes=\"auto, (max-width: 768px) 100vw, 768px\" \/><\/figure>\n\n\n\n<figure class=\"wp-block-image size-large\"><img loading=\"lazy\" decoding=\"async\" width=\"768\" height=\"1024\" data-id=\"556\" src=\"https:\/\/ecole-maternelle.de\/wp-content\/uploads\/2024\/04\/IMG_9682-768x1024.jpeg\" alt=\"\" class=\"wp-image-556\" srcset=\"https:\/\/ecole-maternelle.de\/wp-content\/uploads\/2024\/04\/IMG_9682-768x1024.jpeg 768w, https:\/\/ecole-maternelle.de\/wp-content\/uploads\/2024\/04\/IMG_9682-225x300.jpeg 225w, https:\/\/ecole-maternelle.de\/wp-content\/uploads\/2024\/04\/IMG_9682-1152x1536.jpeg 1152w, https:\/\/ecole-maternelle.de\/wp-content\/uploads\/2024\/04\/IMG_9682-1536x2048.jpeg 1536w, https:\/\/ecole-maternelle.de\/wp-content\/uploads\/2024\/04\/IMG_9682-scaled.jpeg 1920w\" sizes=\"auto, (max-width: 768px) 100vw, 768px\" \/><\/figure>\n<\/figure>\n\n\n\n<hr class=\"wp-block-separator has-alpha-channel-opacity\"\/>\n\n\n\n<h2 class=\"wp-block-heading\">Den 1. April begehen wir franz\u00f6sisch<\/h2>\n\n\n\n<p>Endlich kommen unsere ganzen S\u00e4merei! Und das ist kein Aprilscherz! \u00dcbrigens begingen wir den 1. April wieder traditionell franz\u00f6sisch mit unseren selbstgebastelten Fischchen. Unbemerkt bekommt jeder eines angesteckt \ud83d\ude00 <\/p>\n\n\n\n<figure class=\"wp-block-gallery has-nested-images columns-default is-cropped wp-block-gallery-15 is-layout-flex wp-block-gallery-is-layout-flex\">\n<figure class=\"wp-block-image size-large\"><img loading=\"lazy\" decoding=\"async\" width=\"683\" height=\"1024\" data-id=\"553\" src=\"https:\/\/ecole-maternelle.de\/wp-content\/uploads\/2024\/04\/IMG_2811-1-683x1024.jpg\" alt=\"\" class=\"wp-image-553\" srcset=\"https:\/\/ecole-maternelle.de\/wp-content\/uploads\/2024\/04\/IMG_2811-1-683x1024.jpg 683w, https:\/\/ecole-maternelle.de\/wp-content\/uploads\/2024\/04\/IMG_2811-1-200x300.jpg 200w, https:\/\/ecole-maternelle.de\/wp-content\/uploads\/2024\/04\/IMG_2811-1-768x1152.jpg 768w, https:\/\/ecole-maternelle.de\/wp-content\/uploads\/2024\/04\/IMG_2811-1-1024x1536.jpg 1024w, https:\/\/ecole-maternelle.de\/wp-content\/uploads\/2024\/04\/IMG_2811-1-1365x2048.jpg 1365w, https:\/\/ecole-maternelle.de\/wp-content\/uploads\/2024\/04\/IMG_2811-1-scaled.jpg 1707w\" sizes=\"auto, (max-width: 683px) 100vw, 683px\" \/><\/figure>\n\n\n\n<figure class=\"wp-block-image size-large\"><img loading=\"lazy\" decoding=\"async\" width=\"683\" height=\"1024\" data-id=\"552\" src=\"https:\/\/ecole-maternelle.de\/wp-content\/uploads\/2024\/04\/IMG_2812-683x1024.jpg\" alt=\"\" class=\"wp-image-552\" srcset=\"https:\/\/ecole-maternelle.de\/wp-content\/uploads\/2024\/04\/IMG_2812-683x1024.jpg 683w, https:\/\/ecole-maternelle.de\/wp-content\/uploads\/2024\/04\/IMG_2812-200x300.jpg 200w, https:\/\/ecole-maternelle.de\/wp-content\/uploads\/2024\/04\/IMG_2812-768x1152.jpg 768w, https:\/\/ecole-maternelle.de\/wp-content\/uploads\/2024\/04\/IMG_2812-1024x1536.jpg 1024w, https:\/\/ecole-maternelle.de\/wp-content\/uploads\/2024\/04\/IMG_2812-1365x2048.jpg 1365w, https:\/\/ecole-maternelle.de\/wp-content\/uploads\/2024\/04\/IMG_2812-scaled.jpg 1707w\" sizes=\"auto, (max-width: 683px) 100vw, 683px\" \/><\/figure>\n<\/figure>\n\n\n\n<hr class=\"wp-block-separator has-alpha-channel-opacity\"\/>\n\n\n\n<h2 class=\"wp-block-heading\">Osterwanderung<\/h2>\n\n\n\n<p>Unsere Osterwanderung und Picknick waren heute ostereiersuper!<\/p>\n\n\n\n<figure class=\"wp-block-gallery has-nested-images columns-default is-cropped wp-block-gallery-16 is-layout-flex wp-block-gallery-is-layout-flex\">\n<figure class=\"wp-block-image size-large\"><img loading=\"lazy\" decoding=\"async\" width=\"1024\" height=\"768\" data-id=\"546\" src=\"https:\/\/ecole-maternelle.de\/wp-content\/uploads\/2024\/03\/IMG_9166-1024x768.jpg\" alt=\"\" class=\"wp-image-546\" srcset=\"https:\/\/ecole-maternelle.de\/wp-content\/uploads\/2024\/03\/IMG_9166-1024x768.jpg 1024w, https:\/\/ecole-maternelle.de\/wp-content\/uploads\/2024\/03\/IMG_9166-300x225.jpg 300w, https:\/\/ecole-maternelle.de\/wp-content\/uploads\/2024\/03\/IMG_9166-768x576.jpg 768w, https:\/\/ecole-maternelle.de\/wp-content\/uploads\/2024\/03\/IMG_9166-1536x1152.jpg 1536w, https:\/\/ecole-maternelle.de\/wp-content\/uploads\/2024\/03\/IMG_9166-2048x1536.jpg 2048w\" sizes=\"auto, (max-width: 1024px) 100vw, 1024px\" \/><\/figure>\n\n\n\n<figure class=\"wp-block-image size-large\"><img loading=\"lazy\" decoding=\"async\" width=\"1024\" height=\"768\" data-id=\"547\" src=\"https:\/\/ecole-maternelle.de\/wp-content\/uploads\/2024\/03\/IMG_9169-1024x768.jpg\" alt=\"\" class=\"wp-image-547\" srcset=\"https:\/\/ecole-maternelle.de\/wp-content\/uploads\/2024\/03\/IMG_9169-1024x768.jpg 1024w, https:\/\/ecole-maternelle.de\/wp-content\/uploads\/2024\/03\/IMG_9169-300x225.jpg 300w, https:\/\/ecole-maternelle.de\/wp-content\/uploads\/2024\/03\/IMG_9169-768x576.jpg 768w, https:\/\/ecole-maternelle.de\/wp-content\/uploads\/2024\/03\/IMG_9169-1536x1152.jpg 1536w, https:\/\/ecole-maternelle.de\/wp-content\/uploads\/2024\/03\/IMG_9169-2048x1536.jpg 2048w\" sizes=\"auto, (max-width: 1024px) 100vw, 1024px\" \/><\/figure>\n<\/figure>\n\n\n\n<div style=\"height:10px\" aria-hidden=\"true\" class=\"wp-block-spacer\"><\/div>\n\n\n\n<figure class=\"wp-block-gallery has-nested-images columns-default is-cropped wp-block-gallery-17 is-layout-flex wp-block-gallery-is-layout-flex\">\n<figure class=\"wp-block-image size-large\"><img loading=\"lazy\" decoding=\"async\" width=\"768\" height=\"1024\" data-id=\"544\" src=\"https:\/\/ecole-maternelle.de\/wp-content\/uploads\/2024\/03\/IMG_9126-768x1024.jpg\" alt=\"\" class=\"wp-image-544\" srcset=\"https:\/\/ecole-maternelle.de\/wp-content\/uploads\/2024\/03\/IMG_9126-768x1024.jpg 768w, https:\/\/ecole-maternelle.de\/wp-content\/uploads\/2024\/03\/IMG_9126-225x300.jpg 225w, https:\/\/ecole-maternelle.de\/wp-content\/uploads\/2024\/03\/IMG_9126-1152x1536.jpg 1152w, https:\/\/ecole-maternelle.de\/wp-content\/uploads\/2024\/03\/IMG_9126-1536x2048.jpg 1536w, https:\/\/ecole-maternelle.de\/wp-content\/uploads\/2024\/03\/IMG_9126-scaled.jpg 1920w\" sizes=\"auto, (max-width: 768px) 100vw, 768px\" \/><\/figure>\n\n\n\n<figure class=\"wp-block-image size-large\"><img loading=\"lazy\" decoding=\"async\" width=\"768\" height=\"1024\" data-id=\"545\" src=\"https:\/\/ecole-maternelle.de\/wp-content\/uploads\/2024\/03\/IMG_9149-768x1024.jpg\" alt=\"\" class=\"wp-image-545\" srcset=\"https:\/\/ecole-maternelle.de\/wp-content\/uploads\/2024\/03\/IMG_9149-768x1024.jpg 768w, https:\/\/ecole-maternelle.de\/wp-content\/uploads\/2024\/03\/IMG_9149-225x300.jpg 225w, https:\/\/ecole-maternelle.de\/wp-content\/uploads\/2024\/03\/IMG_9149-1152x1536.jpg 1152w, https:\/\/ecole-maternelle.de\/wp-content\/uploads\/2024\/03\/IMG_9149-1536x2048.jpg 1536w, https:\/\/ecole-maternelle.de\/wp-content\/uploads\/2024\/03\/IMG_9149-scaled.jpg 1920w\" sizes=\"auto, (max-width: 768px) 100vw, 768px\" \/><\/figure>\n<\/figure>\n\n\n\n<hr class=\"wp-block-separator has-alpha-channel-opacity\"\/>\n\n\n\n<h2 class=\"wp-block-heading\">Geologischer Ausflug<\/h2>\n\n\n\n<p>Und los geht es! Wir wollen wieder Versteinerungen finden. Wir haben allerdings noch mehr gefunden: Kuhschellen!! Viele bl\u00fchen hier auf unseren Kalkh\u00e4ngen&#8230; das ist so h\u00fcbsch!!<\/p>\n\n\n\n<figure class=\"wp-block-image size-large\"><img loading=\"lazy\" decoding=\"async\" width=\"1024\" height=\"768\" src=\"https:\/\/ecole-maternelle.de\/wp-content\/uploads\/2024\/03\/IMG_8275-1024x768.jpeg\" alt=\"\" class=\"wp-image-540\" srcset=\"https:\/\/ecole-maternelle.de\/wp-content\/uploads\/2024\/03\/IMG_8275-1024x768.jpeg 1024w, https:\/\/ecole-maternelle.de\/wp-content\/uploads\/2024\/03\/IMG_8275-300x225.jpeg 300w, https:\/\/ecole-maternelle.de\/wp-content\/uploads\/2024\/03\/IMG_8275-768x576.jpeg 768w, https:\/\/ecole-maternelle.de\/wp-content\/uploads\/2024\/03\/IMG_8275-1536x1152.jpeg 1536w, https:\/\/ecole-maternelle.de\/wp-content\/uploads\/2024\/03\/IMG_8275-2048x1536.jpeg 2048w\" sizes=\"auto, (max-width: 1024px) 100vw, 1024px\" \/><\/figure>\n\n\n\n<div style=\"height:10px\" aria-hidden=\"true\" class=\"wp-block-spacer\"><\/div>\n\n\n\n<figure class=\"wp-block-gallery has-nested-images columns-default is-cropped wp-block-gallery-18 is-layout-flex wp-block-gallery-is-layout-flex\">\n<figure class=\"wp-block-image size-large\"><img loading=\"lazy\" decoding=\"async\" width=\"1024\" height=\"768\" data-id=\"537\" src=\"https:\/\/ecole-maternelle.de\/wp-content\/uploads\/2024\/03\/IMG_8271-1024x768.jpeg\" alt=\"\" class=\"wp-image-537\" srcset=\"https:\/\/ecole-maternelle.de\/wp-content\/uploads\/2024\/03\/IMG_8271-1024x768.jpeg 1024w, https:\/\/ecole-maternelle.de\/wp-content\/uploads\/2024\/03\/IMG_8271-300x225.jpeg 300w, https:\/\/ecole-maternelle.de\/wp-content\/uploads\/2024\/03\/IMG_8271-768x576.jpeg 768w, https:\/\/ecole-maternelle.de\/wp-content\/uploads\/2024\/03\/IMG_8271-1536x1152.jpeg 1536w, https:\/\/ecole-maternelle.de\/wp-content\/uploads\/2024\/03\/IMG_8271-2048x1536.jpeg 2048w\" sizes=\"auto, (max-width: 1024px) 100vw, 1024px\" \/><\/figure>\n\n\n\n<figure class=\"wp-block-image size-large\"><img loading=\"lazy\" decoding=\"async\" width=\"1024\" height=\"768\" data-id=\"536\" src=\"https:\/\/ecole-maternelle.de\/wp-content\/uploads\/2024\/03\/IMG_8282-1024x768.jpeg\" alt=\"\" class=\"wp-image-536\" srcset=\"https:\/\/ecole-maternelle.de\/wp-content\/uploads\/2024\/03\/IMG_8282-1024x768.jpeg 1024w, https:\/\/ecole-maternelle.de\/wp-content\/uploads\/2024\/03\/IMG_8282-300x225.jpeg 300w, https:\/\/ecole-maternelle.de\/wp-content\/uploads\/2024\/03\/IMG_8282-768x576.jpeg 768w, https:\/\/ecole-maternelle.de\/wp-content\/uploads\/2024\/03\/IMG_8282-1536x1152.jpeg 1536w, https:\/\/ecole-maternelle.de\/wp-content\/uploads\/2024\/03\/IMG_8282-2048x1536.jpeg 2048w\" sizes=\"auto, (max-width: 1024px) 100vw, 1024px\" \/><\/figure>\n\n\n\n<figure class=\"wp-block-image size-large\"><img loading=\"lazy\" decoding=\"async\" width=\"1024\" height=\"768\" data-id=\"538\" src=\"https:\/\/ecole-maternelle.de\/wp-content\/uploads\/2024\/03\/IMG_8287-1024x768.jpeg\" alt=\"\" class=\"wp-image-538\" srcset=\"https:\/\/ecole-maternelle.de\/wp-content\/uploads\/2024\/03\/IMG_8287-1024x768.jpeg 1024w, https:\/\/ecole-maternelle.de\/wp-content\/uploads\/2024\/03\/IMG_8287-300x225.jpeg 300w, https:\/\/ecole-maternelle.de\/wp-content\/uploads\/2024\/03\/IMG_8287-768x576.jpeg 768w, https:\/\/ecole-maternelle.de\/wp-content\/uploads\/2024\/03\/IMG_8287-1536x1152.jpeg 1536w, https:\/\/ecole-maternelle.de\/wp-content\/uploads\/2024\/03\/IMG_8287-2048x1536.jpeg 2048w\" sizes=\"auto, (max-width: 1024px) 100vw, 1024px\" \/><\/figure>\n<\/figure>\n\n\n\n<hr class=\"wp-block-separator has-alpha-channel-opacity\"\/>\n\n\n\n<h2 class=\"wp-block-heading\">Bibersuche an der Saale<\/h2>\n\n\n\n<p>Biber, wo bist du dieses Jahr? Trotzt eifrigen Suchens an der Saale entlang, gab es wieder keine Spur. Wir bleiben dran! <\/p>\n\n\n\n<figure class=\"wp-block-gallery has-nested-images columns-default is-cropped wp-block-gallery-19 is-layout-flex wp-block-gallery-is-layout-flex\">\n<figure class=\"wp-block-image size-large\"><img loading=\"lazy\" decoding=\"async\" width=\"768\" height=\"1024\" data-id=\"524\" src=\"https:\/\/ecole-maternelle.de\/wp-content\/uploads\/2024\/03\/IMG_7988-768x1024.jpg\" alt=\"\" class=\"wp-image-524\" srcset=\"https:\/\/ecole-maternelle.de\/wp-content\/uploads\/2024\/03\/IMG_7988-768x1024.jpg 768w, https:\/\/ecole-maternelle.de\/wp-content\/uploads\/2024\/03\/IMG_7988-225x300.jpg 225w, https:\/\/ecole-maternelle.de\/wp-content\/uploads\/2024\/03\/IMG_7988-1152x1536.jpg 1152w, https:\/\/ecole-maternelle.de\/wp-content\/uploads\/2024\/03\/IMG_7988-1536x2048.jpg 1536w, https:\/\/ecole-maternelle.de\/wp-content\/uploads\/2024\/03\/IMG_7988-scaled.jpg 1920w\" sizes=\"auto, (max-width: 768px) 100vw, 768px\" \/><\/figure>\n\n\n\n<figure class=\"wp-block-image size-large\"><img loading=\"lazy\" decoding=\"async\" width=\"768\" height=\"1024\" data-id=\"525\" src=\"https:\/\/ecole-maternelle.de\/wp-content\/uploads\/2024\/03\/IMG_8035-768x1024.jpg\" alt=\"\" class=\"wp-image-525\" srcset=\"https:\/\/ecole-maternelle.de\/wp-content\/uploads\/2024\/03\/IMG_8035-768x1024.jpg 768w, https:\/\/ecole-maternelle.de\/wp-content\/uploads\/2024\/03\/IMG_8035-225x300.jpg 225w, https:\/\/ecole-maternelle.de\/wp-content\/uploads\/2024\/03\/IMG_8035-1152x1536.jpg 1152w, https:\/\/ecole-maternelle.de\/wp-content\/uploads\/2024\/03\/IMG_8035-1536x2048.jpg 1536w, https:\/\/ecole-maternelle.de\/wp-content\/uploads\/2024\/03\/IMG_8035-scaled.jpg 1920w\" sizes=\"auto, (max-width: 768px) 100vw, 768px\" \/><\/figure>\n\n\n\n<figure class=\"wp-block-image size-large\"><img loading=\"lazy\" decoding=\"async\" width=\"1024\" height=\"768\" data-id=\"526\" src=\"https:\/\/ecole-maternelle.de\/wp-content\/uploads\/2024\/03\/IMG_8037-1024x768.jpg\" alt=\"\" class=\"wp-image-526\" srcset=\"https:\/\/ecole-maternelle.de\/wp-content\/uploads\/2024\/03\/IMG_8037-1024x768.jpg 1024w, https:\/\/ecole-maternelle.de\/wp-content\/uploads\/2024\/03\/IMG_8037-300x225.jpg 300w, https:\/\/ecole-maternelle.de\/wp-content\/uploads\/2024\/03\/IMG_8037-768x576.jpg 768w, https:\/\/ecole-maternelle.de\/wp-content\/uploads\/2024\/03\/IMG_8037-1536x1152.jpg 1536w, https:\/\/ecole-maternelle.de\/wp-content\/uploads\/2024\/03\/IMG_8037-2048x1536.jpg 2048w\" sizes=\"auto, (max-width: 1024px) 100vw, 1024px\" \/><\/figure>\n<\/figure>\n\n\n\n<hr class=\"wp-block-separator has-alpha-channel-opacity\"\/>\n\n\n\n<h2 class=\"wp-block-heading\">Fasching<\/h2>\n\n\n\n<p>Zum Fasching gab es wieder tolle Kost\u00fcme und nat\u00fcrlich Pfannkuchen&#8230;lecker!!<\/p>\n\n\n\n<figure class=\"wp-block-gallery has-nested-images columns-default is-cropped wp-block-gallery-20 is-layout-flex wp-block-gallery-is-layout-flex\">\n<figure class=\"wp-block-image size-large\"><img loading=\"lazy\" decoding=\"async\" width=\"683\" height=\"1024\" data-id=\"533\" src=\"https:\/\/ecole-maternelle.de\/wp-content\/uploads\/2024\/03\/IMG_2578-683x1024.jpg\" alt=\"\" class=\"wp-image-533\" srcset=\"https:\/\/ecole-maternelle.de\/wp-content\/uploads\/2024\/03\/IMG_2578-683x1024.jpg 683w, https:\/\/ecole-maternelle.de\/wp-content\/uploads\/2024\/03\/IMG_2578-200x300.jpg 200w, https:\/\/ecole-maternelle.de\/wp-content\/uploads\/2024\/03\/IMG_2578-768x1152.jpg 768w, https:\/\/ecole-maternelle.de\/wp-content\/uploads\/2024\/03\/IMG_2578-1024x1536.jpg 1024w, https:\/\/ecole-maternelle.de\/wp-content\/uploads\/2024\/03\/IMG_2578-1365x2048.jpg 1365w, https:\/\/ecole-maternelle.de\/wp-content\/uploads\/2024\/03\/IMG_2578-scaled.jpg 1707w\" sizes=\"auto, (max-width: 683px) 100vw, 683px\" \/><\/figure>\n<\/figure>\n\n\n\n<div style=\"height:10px\" aria-hidden=\"true\" class=\"wp-block-spacer\"><\/div>\n\n\n\n<figure class=\"wp-block-gallery has-nested-images columns-default is-cropped wp-block-gallery-21 is-layout-flex wp-block-gallery-is-layout-flex\">\n<figure class=\"wp-block-image size-large\"><img loading=\"lazy\" decoding=\"async\" width=\"1024\" height=\"609\" data-id=\"527\" src=\"https:\/\/ecole-maternelle.de\/wp-content\/uploads\/2024\/03\/IMG_2671-1024x609.jpg\" alt=\"\" class=\"wp-image-527\" srcset=\"https:\/\/ecole-maternelle.de\/wp-content\/uploads\/2024\/03\/IMG_2671-1024x609.jpg 1024w, https:\/\/ecole-maternelle.de\/wp-content\/uploads\/2024\/03\/IMG_2671-300x179.jpg 300w, https:\/\/ecole-maternelle.de\/wp-content\/uploads\/2024\/03\/IMG_2671-768x457.jpg 768w, https:\/\/ecole-maternelle.de\/wp-content\/uploads\/2024\/03\/IMG_2671-1536x914.jpg 1536w, https:\/\/ecole-maternelle.de\/wp-content\/uploads\/2024\/03\/IMG_2671-2048x1219.jpg 2048w\" sizes=\"auto, (max-width: 1024px) 100vw, 1024px\" \/><\/figure>\n\n\n\n<figure class=\"wp-block-image size-large\"><img loading=\"lazy\" decoding=\"async\" width=\"1024\" height=\"683\" data-id=\"528\" src=\"https:\/\/ecole-maternelle.de\/wp-content\/uploads\/2024\/03\/IMG_2665-1024x683.jpg\" alt=\"\" class=\"wp-image-528\" srcset=\"https:\/\/ecole-maternelle.de\/wp-content\/uploads\/2024\/03\/IMG_2665-1024x683.jpg 1024w, https:\/\/ecole-maternelle.de\/wp-content\/uploads\/2024\/03\/IMG_2665-300x200.jpg 300w, https:\/\/ecole-maternelle.de\/wp-content\/uploads\/2024\/03\/IMG_2665-768x512.jpg 768w, https:\/\/ecole-maternelle.de\/wp-content\/uploads\/2024\/03\/IMG_2665-1536x1024.jpg 1536w, https:\/\/ecole-maternelle.de\/wp-content\/uploads\/2024\/03\/IMG_2665-2048x1365.jpg 2048w, https:\/\/ecole-maternelle.de\/wp-content\/uploads\/2024\/03\/IMG_2665-960x640.jpg 960w\" sizes=\"auto, (max-width: 1024px) 100vw, 1024px\" \/><\/figure>\n\n\n\n<figure class=\"wp-block-image size-large\"><img loading=\"lazy\" decoding=\"async\" width=\"1024\" height=\"683\" data-id=\"530\" src=\"https:\/\/ecole-maternelle.de\/wp-content\/uploads\/2024\/03\/IMG_2669-1024x683.jpg\" alt=\"\" class=\"wp-image-530\" srcset=\"https:\/\/ecole-maternelle.de\/wp-content\/uploads\/2024\/03\/IMG_2669-1024x683.jpg 1024w, https:\/\/ecole-maternelle.de\/wp-content\/uploads\/2024\/03\/IMG_2669-300x200.jpg 300w, https:\/\/ecole-maternelle.de\/wp-content\/uploads\/2024\/03\/IMG_2669-768x512.jpg 768w, https:\/\/ecole-maternelle.de\/wp-content\/uploads\/2024\/03\/IMG_2669-1536x1024.jpg 1536w, https:\/\/ecole-maternelle.de\/wp-content\/uploads\/2024\/03\/IMG_2669-2048x1365.jpg 2048w, https:\/\/ecole-maternelle.de\/wp-content\/uploads\/2024\/03\/IMG_2669-960x640.jpg 960w\" sizes=\"auto, (max-width: 1024px) 100vw, 1024px\" \/><\/figure>\n<\/figure>\n\n\n\n<hr class=\"wp-block-separator has-alpha-channel-opacity\"\/>\n\n\n\n<h2 class=\"wp-block-heading\">Wir entdecken den Fr\u00fchling<\/h2>\n\n\n\n<p>Der Fr\u00fchling ist da! Alles bl\u00fcht wunderbar und wir wollten schauen, was eigentlich der Biber momentan so treibt. Leider haben wir noch nicht einmal frische Fra\u00dfspuren gesehen. Daf\u00fcr haben wir f\u00fcnf Minuten versucht in den Fr\u00fchling zu lauschen: die Saale blubbert und gurgelt. Verschiedene Vogelarten zwitscherten. Es knisterte und knarrte der Wind in den B\u00e4umen.<\/p>\n\n\n\n<figure class=\"wp-block-image size-large\"><img loading=\"lazy\" decoding=\"async\" width=\"1024\" height=\"768\" src=\"https:\/\/ecole-maternelle.de\/wp-content\/uploads\/2024\/02\/IMG_7277-1024x768.jpg\" alt=\"\" class=\"wp-image-519\" srcset=\"https:\/\/ecole-maternelle.de\/wp-content\/uploads\/2024\/02\/IMG_7277-1024x768.jpg 1024w, https:\/\/ecole-maternelle.de\/wp-content\/uploads\/2024\/02\/IMG_7277-300x225.jpg 300w, https:\/\/ecole-maternelle.de\/wp-content\/uploads\/2024\/02\/IMG_7277-768x576.jpg 768w, https:\/\/ecole-maternelle.de\/wp-content\/uploads\/2024\/02\/IMG_7277-1536x1152.jpg 1536w, https:\/\/ecole-maternelle.de\/wp-content\/uploads\/2024\/02\/IMG_7277-2048x1536.jpg 2048w\" sizes=\"auto, (max-width: 1024px) 100vw, 1024px\" \/><\/figure>\n\n\n\n<hr class=\"wp-block-separator has-alpha-channel-opacity\"\/>\n\n\n\n<h2 class=\"wp-block-heading\">Ausflug ins Phyletische Museum<\/h2>\n\n\n\n<p>Einen Ausflug ins Phyletische Museum machten wir auch. Neben den vielen Tieren gab es auch die Sonderausstellung zu eingeschlossenen Insekten in Bernsteinen. Am liebsten haben wir allerdings das Quallenaquarium.<\/p>\n\n\n\n<figure class=\"wp-block-image size-large is-resized\"><img loading=\"lazy\" decoding=\"async\" width=\"768\" height=\"1024\" src=\"https:\/\/ecole-maternelle.de\/wp-content\/uploads\/2024\/01\/IMG_6317-768x1024.jpg\" alt=\"\" class=\"wp-image-513\" style=\"aspect-ratio:1;object-fit:cover;width:575px;height:auto\" srcset=\"https:\/\/ecole-maternelle.de\/wp-content\/uploads\/2024\/01\/IMG_6317-768x1024.jpg 768w, https:\/\/ecole-maternelle.de\/wp-content\/uploads\/2024\/01\/IMG_6317-225x300.jpg 225w, https:\/\/ecole-maternelle.de\/wp-content\/uploads\/2024\/01\/IMG_6317-1152x1536.jpg 1152w, https:\/\/ecole-maternelle.de\/wp-content\/uploads\/2024\/01\/IMG_6317-1536x2048.jpg 1536w, https:\/\/ecole-maternelle.de\/wp-content\/uploads\/2024\/01\/IMG_6317-scaled.jpg 1920w\" sizes=\"auto, (max-width: 768px) 100vw, 768px\" \/><\/figure>\n\n\n\n<hr class=\"wp-block-separator has-alpha-channel-opacity\"\/>\n\n\n\n<h2 class=\"wp-block-heading\">Dreik\u00f6nigsfest<\/h2>\n\n\n\n<p>Im Januar feiern wir das franz\u00f6sische Fest \u201efete de la galette des rois\u201c. Gemeinsam haben wir die Galettekronen gebastelt, das Buch \u201eroule galette\u2026\u201c gelesen und nat\u00fcrlich den leckeren Galettekuchen gebacken.<\/p>\n\n\n\n<figure class=\"wp-block-gallery has-nested-images columns-default is-cropped wp-block-gallery-22 is-layout-flex wp-block-gallery-is-layout-flex\">\n<figure class=\"wp-block-image size-large\"><img loading=\"lazy\" decoding=\"async\" width=\"683\" height=\"1024\" data-id=\"511\" src=\"https:\/\/ecole-maternelle.de\/wp-content\/uploads\/2024\/01\/IMG_2196-683x1024.jpg\" alt=\"\" class=\"wp-image-511\" srcset=\"https:\/\/ecole-maternelle.de\/wp-content\/uploads\/2024\/01\/IMG_2196-683x1024.jpg 683w, https:\/\/ecole-maternelle.de\/wp-content\/uploads\/2024\/01\/IMG_2196-200x300.jpg 200w, https:\/\/ecole-maternelle.de\/wp-content\/uploads\/2024\/01\/IMG_2196-768x1152.jpg 768w, https:\/\/ecole-maternelle.de\/wp-content\/uploads\/2024\/01\/IMG_2196-1024x1536.jpg 1024w, https:\/\/ecole-maternelle.de\/wp-content\/uploads\/2024\/01\/IMG_2196-1365x2048.jpg 1365w, https:\/\/ecole-maternelle.de\/wp-content\/uploads\/2024\/01\/IMG_2196-scaled.jpg 1707w\" sizes=\"auto, (max-width: 683px) 100vw, 683px\" \/><\/figure>\n\n\n\n<figure class=\"wp-block-image size-large\"><img loading=\"lazy\" decoding=\"async\" width=\"683\" height=\"1024\" data-id=\"508\" src=\"https:\/\/ecole-maternelle.de\/wp-content\/uploads\/2024\/01\/IMG_2416-683x1024.jpg\" alt=\"\" class=\"wp-image-508\" srcset=\"https:\/\/ecole-maternelle.de\/wp-content\/uploads\/2024\/01\/IMG_2416-683x1024.jpg 683w, https:\/\/ecole-maternelle.de\/wp-content\/uploads\/2024\/01\/IMG_2416-200x300.jpg 200w, https:\/\/ecole-maternelle.de\/wp-content\/uploads\/2024\/01\/IMG_2416-768x1152.jpg 768w, https:\/\/ecole-maternelle.de\/wp-content\/uploads\/2024\/01\/IMG_2416-1024x1536.jpg 1024w, https:\/\/ecole-maternelle.de\/wp-content\/uploads\/2024\/01\/IMG_2416-1365x2048.jpg 1365w, https:\/\/ecole-maternelle.de\/wp-content\/uploads\/2024\/01\/IMG_2416-scaled.jpg 1707w\" sizes=\"auto, (max-width: 683px) 100vw, 683px\" \/><\/figure>\n\n\n\n<figure class=\"wp-block-image size-large\"><img loading=\"lazy\" decoding=\"async\" width=\"1024\" height=\"683\" data-id=\"510\" src=\"https:\/\/ecole-maternelle.de\/wp-content\/uploads\/2024\/01\/IMG_2436-1024x683.jpg\" alt=\"\" class=\"wp-image-510\" srcset=\"https:\/\/ecole-maternelle.de\/wp-content\/uploads\/2024\/01\/IMG_2436-1024x683.jpg 1024w, https:\/\/ecole-maternelle.de\/wp-content\/uploads\/2024\/01\/IMG_2436-300x200.jpg 300w, https:\/\/ecole-maternelle.de\/wp-content\/uploads\/2024\/01\/IMG_2436-768x512.jpg 768w, https:\/\/ecole-maternelle.de\/wp-content\/uploads\/2024\/01\/IMG_2436-1536x1024.jpg 1536w, https:\/\/ecole-maternelle.de\/wp-content\/uploads\/2024\/01\/IMG_2436-2048x1365.jpg 2048w, https:\/\/ecole-maternelle.de\/wp-content\/uploads\/2024\/01\/IMG_2436-960x640.jpg 960w\" sizes=\"auto, (max-width: 1024px) 100vw, 1024px\" \/><\/figure>\n\n\n\n<figure class=\"wp-block-image size-large\"><img loading=\"lazy\" decoding=\"async\" width=\"1024\" height=\"683\" data-id=\"509\" src=\"https:\/\/ecole-maternelle.de\/wp-content\/uploads\/2024\/01\/IMG_2448-1024x683.jpg\" alt=\"\" class=\"wp-image-509\" srcset=\"https:\/\/ecole-maternelle.de\/wp-content\/uploads\/2024\/01\/IMG_2448-1024x683.jpg 1024w, https:\/\/ecole-maternelle.de\/wp-content\/uploads\/2024\/01\/IMG_2448-300x200.jpg 300w, https:\/\/ecole-maternelle.de\/wp-content\/uploads\/2024\/01\/IMG_2448-768x512.jpg 768w, https:\/\/ecole-maternelle.de\/wp-content\/uploads\/2024\/01\/IMG_2448-1536x1024.jpg 1536w, https:\/\/ecole-maternelle.de\/wp-content\/uploads\/2024\/01\/IMG_2448-2048x1365.jpg 2048w, https:\/\/ecole-maternelle.de\/wp-content\/uploads\/2024\/01\/IMG_2448-960x640.jpg 960w\" sizes=\"auto, (max-width: 1024px) 100vw, 1024px\" \/><\/figure>\n\n\n\n<figure class=\"wp-block-image size-large\"><img loading=\"lazy\" decoding=\"async\" width=\"1024\" height=\"768\" data-id=\"512\" src=\"https:\/\/ecole-maternelle.de\/wp-content\/uploads\/2024\/01\/IMG_6491-2-1024x768.jpg\" alt=\"\" class=\"wp-image-512\" srcset=\"https:\/\/ecole-maternelle.de\/wp-content\/uploads\/2024\/01\/IMG_6491-2-1024x768.jpg 1024w, https:\/\/ecole-maternelle.de\/wp-content\/uploads\/2024\/01\/IMG_6491-2-300x225.jpg 300w, https:\/\/ecole-maternelle.de\/wp-content\/uploads\/2024\/01\/IMG_6491-2-768x576.jpg 768w, https:\/\/ecole-maternelle.de\/wp-content\/uploads\/2024\/01\/IMG_6491-2-1536x1152.jpg 1536w, https:\/\/ecole-maternelle.de\/wp-content\/uploads\/2024\/01\/IMG_6491-2-2048x1536.jpg 2048w\" sizes=\"auto, (max-width: 1024px) 100vw, 1024px\" \/><\/figure>\n<\/figure>\n\n\n\n<hr class=\"wp-block-separator has-alpha-channel-opacity\"\/>\n\n\n\n<h2 class=\"wp-block-heading\">Eisexperimente<\/h2>\n\n\n\n<p>Jetzt wo es so kalt ist, haben wir mit Wasser und Eis experimentiert. Wir haben Wasser eingef\u00e4rbt und in Silikonformen gegossen. Au\u00dferdem haben wir sch\u00f6ne Eisanh\u00e4nger gemacht.<\/p>\n\n\n\n<figure class=\"wp-block-image size-large\"><img loading=\"lazy\" decoding=\"async\" width=\"1024\" height=\"683\" src=\"https:\/\/ecole-maternelle.de\/wp-content\/uploads\/2024\/01\/IMG_2159-1-1024x683.jpg\" alt=\"\" class=\"wp-image-507\" srcset=\"https:\/\/ecole-maternelle.de\/wp-content\/uploads\/2024\/01\/IMG_2159-1-1024x683.jpg 1024w, https:\/\/ecole-maternelle.de\/wp-content\/uploads\/2024\/01\/IMG_2159-1-300x200.jpg 300w, https:\/\/ecole-maternelle.de\/wp-content\/uploads\/2024\/01\/IMG_2159-1-768x512.jpg 768w, https:\/\/ecole-maternelle.de\/wp-content\/uploads\/2024\/01\/IMG_2159-1-1536x1024.jpg 1536w, https:\/\/ecole-maternelle.de\/wp-content\/uploads\/2024\/01\/IMG_2159-1-2048x1365.jpg 2048w, https:\/\/ecole-maternelle.de\/wp-content\/uploads\/2024\/01\/IMG_2159-1-960x640.jpg 960w\" sizes=\"auto, (max-width: 1024px) 100vw, 1024px\" \/><\/figure>\n\n\n\n<div style=\"height:10px\" aria-hidden=\"true\" class=\"wp-block-spacer\"><\/div>\n\n\n\n<figure class=\"wp-block-gallery has-nested-images columns-default is-cropped wp-block-gallery-23 is-layout-flex wp-block-gallery-is-layout-flex\">\n<figure class=\"wp-block-image size-large\"><img loading=\"lazy\" decoding=\"async\" width=\"683\" height=\"1024\" data-id=\"504\" src=\"https:\/\/ecole-maternelle.de\/wp-content\/uploads\/2024\/01\/IMG_2105-1-683x1024.jpg\" alt=\"\" class=\"wp-image-504\" srcset=\"https:\/\/ecole-maternelle.de\/wp-content\/uploads\/2024\/01\/IMG_2105-1-683x1024.jpg 683w, https:\/\/ecole-maternelle.de\/wp-content\/uploads\/2024\/01\/IMG_2105-1-200x300.jpg 200w, https:\/\/ecole-maternelle.de\/wp-content\/uploads\/2024\/01\/IMG_2105-1-768x1152.jpg 768w, https:\/\/ecole-maternelle.de\/wp-content\/uploads\/2024\/01\/IMG_2105-1-1024x1536.jpg 1024w, https:\/\/ecole-maternelle.de\/wp-content\/uploads\/2024\/01\/IMG_2105-1-1365x2048.jpg 1365w, https:\/\/ecole-maternelle.de\/wp-content\/uploads\/2024\/01\/IMG_2105-1-scaled.jpg 1707w\" sizes=\"auto, (max-width: 683px) 100vw, 683px\" \/><\/figure>\n\n\n\n<figure class=\"wp-block-image size-large\"><img loading=\"lazy\" decoding=\"async\" width=\"1024\" height=\"683\" data-id=\"506\" src=\"https:\/\/ecole-maternelle.de\/wp-content\/uploads\/2024\/01\/IMG_2117-1-1024x683.jpg\" alt=\"\" class=\"wp-image-506\" srcset=\"https:\/\/ecole-maternelle.de\/wp-content\/uploads\/2024\/01\/IMG_2117-1-1024x683.jpg 1024w, https:\/\/ecole-maternelle.de\/wp-content\/uploads\/2024\/01\/IMG_2117-1-300x200.jpg 300w, https:\/\/ecole-maternelle.de\/wp-content\/uploads\/2024\/01\/IMG_2117-1-768x512.jpg 768w, https:\/\/ecole-maternelle.de\/wp-content\/uploads\/2024\/01\/IMG_2117-1-1536x1024.jpg 1536w, https:\/\/ecole-maternelle.de\/wp-content\/uploads\/2024\/01\/IMG_2117-1-2048x1365.jpg 2048w, https:\/\/ecole-maternelle.de\/wp-content\/uploads\/2024\/01\/IMG_2117-1-960x640.jpg 960w\" sizes=\"auto, (max-width: 1024px) 100vw, 1024px\" \/><\/figure>\n\n\n\n<figure class=\"wp-block-image size-large\"><img loading=\"lazy\" decoding=\"async\" width=\"683\" height=\"1024\" data-id=\"505\" src=\"https:\/\/ecole-maternelle.de\/wp-content\/uploads\/2024\/01\/IMG_2106-1-683x1024.jpg\" alt=\"\" class=\"wp-image-505\" srcset=\"https:\/\/ecole-maternelle.de\/wp-content\/uploads\/2024\/01\/IMG_2106-1-683x1024.jpg 683w, https:\/\/ecole-maternelle.de\/wp-content\/uploads\/2024\/01\/IMG_2106-1-200x300.jpg 200w, https:\/\/ecole-maternelle.de\/wp-content\/uploads\/2024\/01\/IMG_2106-1-768x1152.jpg 768w, https:\/\/ecole-maternelle.de\/wp-content\/uploads\/2024\/01\/IMG_2106-1-1024x1536.jpg 1024w, https:\/\/ecole-maternelle.de\/wp-content\/uploads\/2024\/01\/IMG_2106-1-1365x2048.jpg 1365w, https:\/\/ecole-maternelle.de\/wp-content\/uploads\/2024\/01\/IMG_2106-1-scaled.jpg 1707w\" sizes=\"auto, (max-width: 683px) 100vw, 683px\" \/><\/figure>\n<\/figure>\n\n\n\n<div style=\"height:10px\" aria-hidden=\"true\" class=\"wp-block-spacer\"><\/div>\n\n\n\n<figure class=\"wp-block-gallery has-nested-images columns-default is-cropped wp-block-gallery-24 is-layout-flex wp-block-gallery-is-layout-flex\">\n<figure class=\"wp-block-image size-large\"><img loading=\"lazy\" decoding=\"async\" width=\"1024\" height=\"683\" data-id=\"499\" src=\"https:\/\/ecole-maternelle.de\/wp-content\/uploads\/2024\/01\/IMG_2126-1024x683.jpg\" alt=\"\" class=\"wp-image-499\" srcset=\"https:\/\/ecole-maternelle.de\/wp-content\/uploads\/2024\/01\/IMG_2126-1024x683.jpg 1024w, https:\/\/ecole-maternelle.de\/wp-content\/uploads\/2024\/01\/IMG_2126-300x200.jpg 300w, https:\/\/ecole-maternelle.de\/wp-content\/uploads\/2024\/01\/IMG_2126-768x512.jpg 768w, https:\/\/ecole-maternelle.de\/wp-content\/uploads\/2024\/01\/IMG_2126-1536x1024.jpg 1536w, https:\/\/ecole-maternelle.de\/wp-content\/uploads\/2024\/01\/IMG_2126-2048x1365.jpg 2048w, https:\/\/ecole-maternelle.de\/wp-content\/uploads\/2024\/01\/IMG_2126-960x640.jpg 960w\" sizes=\"auto, (max-width: 1024px) 100vw, 1024px\" \/><\/figure>\n\n\n\n<figure class=\"wp-block-image size-large\"><img loading=\"lazy\" decoding=\"async\" width=\"768\" height=\"1024\" data-id=\"503\" src=\"https:\/\/ecole-maternelle.de\/wp-content\/uploads\/2024\/01\/IMG_6511-768x1024.jpg\" alt=\"\" class=\"wp-image-503\" srcset=\"https:\/\/ecole-maternelle.de\/wp-content\/uploads\/2024\/01\/IMG_6511-768x1024.jpg 768w, https:\/\/ecole-maternelle.de\/wp-content\/uploads\/2024\/01\/IMG_6511-225x300.jpg 225w, https:\/\/ecole-maternelle.de\/wp-content\/uploads\/2024\/01\/IMG_6511-1152x1536.jpg 1152w, https:\/\/ecole-maternelle.de\/wp-content\/uploads\/2024\/01\/IMG_6511-1536x2048.jpg 1536w, https:\/\/ecole-maternelle.de\/wp-content\/uploads\/2024\/01\/IMG_6511-scaled.jpg 1920w\" sizes=\"auto, (max-width: 768px) 100vw, 768px\" \/><\/figure>\n\n\n\n<figure class=\"wp-block-image size-large\"><img loading=\"lazy\" decoding=\"async\" width=\"1024\" height=\"683\" data-id=\"501\" src=\"https:\/\/ecole-maternelle.de\/wp-content\/uploads\/2024\/01\/IMG_2129-1024x683.jpg\" alt=\"\" class=\"wp-image-501\" srcset=\"https:\/\/ecole-maternelle.de\/wp-content\/uploads\/2024\/01\/IMG_2129-1024x683.jpg 1024w, https:\/\/ecole-maternelle.de\/wp-content\/uploads\/2024\/01\/IMG_2129-300x200.jpg 300w, https:\/\/ecole-maternelle.de\/wp-content\/uploads\/2024\/01\/IMG_2129-768x512.jpg 768w, https:\/\/ecole-maternelle.de\/wp-content\/uploads\/2024\/01\/IMG_2129-1536x1024.jpg 1536w, https:\/\/ecole-maternelle.de\/wp-content\/uploads\/2024\/01\/IMG_2129-2048x1365.jpg 2048w, https:\/\/ecole-maternelle.de\/wp-content\/uploads\/2024\/01\/IMG_2129-960x640.jpg 960w\" sizes=\"auto, (max-width: 1024px) 100vw, 1024px\" \/><\/figure>\n\n\n\n<figure class=\"wp-block-image size-large\"><img loading=\"lazy\" decoding=\"async\" width=\"1024\" height=\"683\" data-id=\"498\" src=\"https:\/\/ecole-maternelle.de\/wp-content\/uploads\/2024\/01\/IMG_2161-1024x683.jpg\" alt=\"\" class=\"wp-image-498\" srcset=\"https:\/\/ecole-maternelle.de\/wp-content\/uploads\/2024\/01\/IMG_2161-1024x683.jpg 1024w, https:\/\/ecole-maternelle.de\/wp-content\/uploads\/2024\/01\/IMG_2161-300x200.jpg 300w, https:\/\/ecole-maternelle.de\/wp-content\/uploads\/2024\/01\/IMG_2161-768x512.jpg 768w, https:\/\/ecole-maternelle.de\/wp-content\/uploads\/2024\/01\/IMG_2161-1536x1024.jpg 1536w, https:\/\/ecole-maternelle.de\/wp-content\/uploads\/2024\/01\/IMG_2161-2048x1365.jpg 2048w, https:\/\/ecole-maternelle.de\/wp-content\/uploads\/2024\/01\/IMG_2161-960x640.jpg 960w\" sizes=\"auto, (max-width: 1024px) 100vw, 1024px\" \/><\/figure>\n<\/figure>\n\n\n\n<hr class=\"wp-block-separator has-alpha-channel-opacity\"\/>\n\n\n\n<h2 class=\"wp-block-heading\">Winterausflug<\/h2>\n\n\n\n<p><strong>Juhuuu, es hat geschneit<\/strong>! Wir haben einen Winterausflug zu den eingefrorenen Pf\u00fctzen gemacht. Au\u00dferdem waren wir an einem anderen Tag Poporutscher fahren.<\/p>\n\n\n\n<figure class=\"wp-block-gallery has-nested-images columns-default is-cropped wp-block-gallery-25 is-layout-flex wp-block-gallery-is-layout-flex\">\n<figure class=\"wp-block-image size-large\"><img loading=\"lazy\" decoding=\"async\" width=\"1024\" height=\"683\" data-id=\"493\" src=\"https:\/\/ecole-maternelle.de\/wp-content\/uploads\/2024\/01\/IMG_2148-Kopie-1024x683.jpg\" alt=\"\" class=\"wp-image-493\" srcset=\"https:\/\/ecole-maternelle.de\/wp-content\/uploads\/2024\/01\/IMG_2148-Kopie-1024x683.jpg 1024w, https:\/\/ecole-maternelle.de\/wp-content\/uploads\/2024\/01\/IMG_2148-Kopie-300x200.jpg 300w, https:\/\/ecole-maternelle.de\/wp-content\/uploads\/2024\/01\/IMG_2148-Kopie-768x512.jpg 768w, https:\/\/ecole-maternelle.de\/wp-content\/uploads\/2024\/01\/IMG_2148-Kopie-1536x1024.jpg 1536w, https:\/\/ecole-maternelle.de\/wp-content\/uploads\/2024\/01\/IMG_2148-Kopie-2048x1365.jpg 2048w, https:\/\/ecole-maternelle.de\/wp-content\/uploads\/2024\/01\/IMG_2148-Kopie-960x640.jpg 960w\" sizes=\"auto, (max-width: 1024px) 100vw, 1024px\" \/><\/figure>\n\n\n\n<figure class=\"wp-block-image size-large\"><img loading=\"lazy\" decoding=\"async\" width=\"1024\" height=\"683\" data-id=\"491\" src=\"https:\/\/ecole-maternelle.de\/wp-content\/uploads\/2024\/01\/IMG_2152-Kopie-1024x683.jpg\" alt=\"\" class=\"wp-image-491\" srcset=\"https:\/\/ecole-maternelle.de\/wp-content\/uploads\/2024\/01\/IMG_2152-Kopie-1024x683.jpg 1024w, https:\/\/ecole-maternelle.de\/wp-content\/uploads\/2024\/01\/IMG_2152-Kopie-300x200.jpg 300w, https:\/\/ecole-maternelle.de\/wp-content\/uploads\/2024\/01\/IMG_2152-Kopie-768x512.jpg 768w, https:\/\/ecole-maternelle.de\/wp-content\/uploads\/2024\/01\/IMG_2152-Kopie-1536x1024.jpg 1536w, https:\/\/ecole-maternelle.de\/wp-content\/uploads\/2024\/01\/IMG_2152-Kopie-2048x1365.jpg 2048w, https:\/\/ecole-maternelle.de\/wp-content\/uploads\/2024\/01\/IMG_2152-Kopie-960x640.jpg 960w\" sizes=\"auto, (max-width: 1024px) 100vw, 1024px\" \/><\/figure>\n\n\n\n<figure class=\"wp-block-image size-large\"><img loading=\"lazy\" decoding=\"async\" width=\"1024\" height=\"768\" data-id=\"495\" src=\"https:\/\/ecole-maternelle.de\/wp-content\/uploads\/2024\/01\/IMG_6443-1024x768.jpg\" alt=\"\" class=\"wp-image-495\" srcset=\"https:\/\/ecole-maternelle.de\/wp-content\/uploads\/2024\/01\/IMG_6443-1024x768.jpg 1024w, https:\/\/ecole-maternelle.de\/wp-content\/uploads\/2024\/01\/IMG_6443-300x225.jpg 300w, https:\/\/ecole-maternelle.de\/wp-content\/uploads\/2024\/01\/IMG_6443-768x576.jpg 768w, https:\/\/ecole-maternelle.de\/wp-content\/uploads\/2024\/01\/IMG_6443-1536x1152.jpg 1536w, https:\/\/ecole-maternelle.de\/wp-content\/uploads\/2024\/01\/IMG_6443-2048x1536.jpg 2048w\" sizes=\"auto, (max-width: 1024px) 100vw, 1024px\" \/><\/figure>\n\n\n\n<figure class=\"wp-block-image size-large\"><img loading=\"lazy\" decoding=\"async\" width=\"1024\" height=\"768\" data-id=\"494\" src=\"https:\/\/ecole-maternelle.de\/wp-content\/uploads\/2024\/01\/IMG_6490-1024x768.jpg\" alt=\"\" class=\"wp-image-494\" srcset=\"https:\/\/ecole-maternelle.de\/wp-content\/uploads\/2024\/01\/IMG_6490-1024x768.jpg 1024w, https:\/\/ecole-maternelle.de\/wp-content\/uploads\/2024\/01\/IMG_6490-300x225.jpg 300w, https:\/\/ecole-maternelle.de\/wp-content\/uploads\/2024\/01\/IMG_6490-768x576.jpg 768w, https:\/\/ecole-maternelle.de\/wp-content\/uploads\/2024\/01\/IMG_6490-1536x1152.jpg 1536w, https:\/\/ecole-maternelle.de\/wp-content\/uploads\/2024\/01\/IMG_6490-2048x1536.jpg 2048w\" sizes=\"auto, (max-width: 1024px) 100vw, 1024px\" \/><\/figure>\n\n\n\n<figure class=\"wp-block-image size-large\"><img loading=\"lazy\" decoding=\"async\" width=\"768\" height=\"1024\" data-id=\"490\" src=\"https:\/\/ecole-maternelle.de\/wp-content\/uploads\/2024\/01\/IMG_6458-768x1024.jpg\" alt=\"\" class=\"wp-image-490\" srcset=\"https:\/\/ecole-maternelle.de\/wp-content\/uploads\/2024\/01\/IMG_6458-768x1024.jpg 768w, https:\/\/ecole-maternelle.de\/wp-content\/uploads\/2024\/01\/IMG_6458-225x300.jpg 225w, https:\/\/ecole-maternelle.de\/wp-content\/uploads\/2024\/01\/IMG_6458-1152x1536.jpg 1152w, https:\/\/ecole-maternelle.de\/wp-content\/uploads\/2024\/01\/IMG_6458-1536x2048.jpg 1536w, https:\/\/ecole-maternelle.de\/wp-content\/uploads\/2024\/01\/IMG_6458-scaled.jpg 1920w\" sizes=\"auto, (max-width: 768px) 100vw, 768px\" \/><\/figure>\n\n\n\n<figure class=\"wp-block-image size-large\"><img loading=\"lazy\" decoding=\"async\" width=\"768\" height=\"1024\" data-id=\"492\" src=\"https:\/\/ecole-maternelle.de\/wp-content\/uploads\/2024\/01\/IMG_6495-768x1024.jpg\" alt=\"\" class=\"wp-image-492\" srcset=\"https:\/\/ecole-maternelle.de\/wp-content\/uploads\/2024\/01\/IMG_6495-768x1024.jpg 768w, https:\/\/ecole-maternelle.de\/wp-content\/uploads\/2024\/01\/IMG_6495-225x300.jpg 225w, https:\/\/ecole-maternelle.de\/wp-content\/uploads\/2024\/01\/IMG_6495-1152x1536.jpg 1152w, https:\/\/ecole-maternelle.de\/wp-content\/uploads\/2024\/01\/IMG_6495-1536x2048.jpg 1536w, https:\/\/ecole-maternelle.de\/wp-content\/uploads\/2024\/01\/IMG_6495-scaled.jpg 1920w\" sizes=\"auto, (max-width: 768px) 100vw, 768px\" \/><\/figure>\n<\/figure>\n\n\n\n<div style=\"height:10px\" aria-hidden=\"true\" class=\"wp-block-spacer\"><\/div>\n\n\n\n<figure class=\"wp-block-gallery has-nested-images columns-default is-cropped wp-block-gallery-26 is-layout-flex wp-block-gallery-is-layout-flex\">\n<figure class=\"wp-block-image size-large\"><img loading=\"lazy\" decoding=\"async\" width=\"683\" height=\"1024\" data-id=\"488\" src=\"https:\/\/ecole-maternelle.de\/wp-content\/uploads\/2024\/01\/IMG_2350-Kopie-683x1024.jpg\" alt=\"\" class=\"wp-image-488\" srcset=\"https:\/\/ecole-maternelle.de\/wp-content\/uploads\/2024\/01\/IMG_2350-Kopie-683x1024.jpg 683w, https:\/\/ecole-maternelle.de\/wp-content\/uploads\/2024\/01\/IMG_2350-Kopie-200x300.jpg 200w, https:\/\/ecole-maternelle.de\/wp-content\/uploads\/2024\/01\/IMG_2350-Kopie-768x1152.jpg 768w, https:\/\/ecole-maternelle.de\/wp-content\/uploads\/2024\/01\/IMG_2350-Kopie-1024x1536.jpg 1024w, https:\/\/ecole-maternelle.de\/wp-content\/uploads\/2024\/01\/IMG_2350-Kopie-1365x2048.jpg 1365w, https:\/\/ecole-maternelle.de\/wp-content\/uploads\/2024\/01\/IMG_2350-Kopie-scaled.jpg 1707w\" sizes=\"auto, (max-width: 683px) 100vw, 683px\" \/><\/figure>\n\n\n\n<figure class=\"wp-block-image size-large\"><img loading=\"lazy\" decoding=\"async\" width=\"683\" height=\"1024\" data-id=\"485\" src=\"https:\/\/ecole-maternelle.de\/wp-content\/uploads\/2024\/01\/IMG_2348-683x1024.jpg\" alt=\"\" class=\"wp-image-485\" srcset=\"https:\/\/ecole-maternelle.de\/wp-content\/uploads\/2024\/01\/IMG_2348-683x1024.jpg 683w, https:\/\/ecole-maternelle.de\/wp-content\/uploads\/2024\/01\/IMG_2348-200x300.jpg 200w, https:\/\/ecole-maternelle.de\/wp-content\/uploads\/2024\/01\/IMG_2348-768x1152.jpg 768w, https:\/\/ecole-maternelle.de\/wp-content\/uploads\/2024\/01\/IMG_2348-1024x1536.jpg 1024w, https:\/\/ecole-maternelle.de\/wp-content\/uploads\/2024\/01\/IMG_2348-1365x2048.jpg 1365w, https:\/\/ecole-maternelle.de\/wp-content\/uploads\/2024\/01\/IMG_2348-scaled.jpg 1707w\" sizes=\"auto, (max-width: 683px) 100vw, 683px\" \/><\/figure>\n<\/figure>\n\n\n\n<hr class=\"wp-block-separator has-alpha-channel-opacity\"\/>\n\n\n\n<h2 class=\"wp-block-heading\">Weihnachtsfeier mit Theaterst\u00fcck<\/h2>\n\n\n\n<p>Zu unserer gro\u00dfen \u00dcberraschung spielten die Eltern ein kleines Theaterst\u00fcck zu unserer Weihnachtsfeier. Da gab es dann auch Geschenke vom Weihnachtsmann. Wir freuen uns alle auf Weihnachten!<\/p>\n\n\n\n<figure class=\"wp-block-image size-large\"><img loading=\"lazy\" decoding=\"async\" width=\"1024\" height=\"683\" src=\"https:\/\/ecole-maternelle.de\/wp-content\/uploads\/2023\/12\/IMG_1966-1024x683.jpg\" alt=\"\" class=\"wp-image-480\" srcset=\"https:\/\/ecole-maternelle.de\/wp-content\/uploads\/2023\/12\/IMG_1966-1024x683.jpg 1024w, https:\/\/ecole-maternelle.de\/wp-content\/uploads\/2023\/12\/IMG_1966-300x200.jpg 300w, https:\/\/ecole-maternelle.de\/wp-content\/uploads\/2023\/12\/IMG_1966-768x512.jpg 768w, https:\/\/ecole-maternelle.de\/wp-content\/uploads\/2023\/12\/IMG_1966-1536x1024.jpg 1536w, https:\/\/ecole-maternelle.de\/wp-content\/uploads\/2023\/12\/IMG_1966-2048x1365.jpg 2048w, https:\/\/ecole-maternelle.de\/wp-content\/uploads\/2023\/12\/IMG_1966-960x640.jpg 960w\" sizes=\"auto, (max-width: 1024px) 100vw, 1024px\" \/><\/figure>\n\n\n\n<hr class=\"wp-block-separator has-alpha-channel-opacity\"\/>\n\n\n\n<h2 class=\"wp-block-heading\">Ausflug zum Weihnachtsmarkt<\/h2>\n\n\n\n<p>Der traditionelle Weihnachtsbaumkauf fand auf dem Weihnachtsmarkt statt. Da haben wir auch gleich eine Runde gedreht.<\/p>\n\n\n\n<figure class=\"wp-block-gallery has-nested-images columns-default is-cropped wp-block-gallery-27 is-layout-flex wp-block-gallery-is-layout-flex\">\n<figure class=\"wp-block-image size-large\"><img loading=\"lazy\" decoding=\"async\" width=\"683\" height=\"1024\" data-id=\"475\" src=\"https:\/\/ecole-maternelle.de\/wp-content\/uploads\/2023\/12\/IMG_1987-683x1024.jpg\" alt=\"\" class=\"wp-image-475\" srcset=\"https:\/\/ecole-maternelle.de\/wp-content\/uploads\/2023\/12\/IMG_1987-683x1024.jpg 683w, https:\/\/ecole-maternelle.de\/wp-content\/uploads\/2023\/12\/IMG_1987-200x300.jpg 200w, https:\/\/ecole-maternelle.de\/wp-content\/uploads\/2023\/12\/IMG_1987-768x1152.jpg 768w, https:\/\/ecole-maternelle.de\/wp-content\/uploads\/2023\/12\/IMG_1987-1024x1536.jpg 1024w, https:\/\/ecole-maternelle.de\/wp-content\/uploads\/2023\/12\/IMG_1987-1365x2048.jpg 1365w, https:\/\/ecole-maternelle.de\/wp-content\/uploads\/2023\/12\/IMG_1987-scaled.jpg 1707w\" sizes=\"auto, (max-width: 683px) 100vw, 683px\" \/><\/figure>\n\n\n\n<figure class=\"wp-block-image size-large\"><img loading=\"lazy\" decoding=\"async\" width=\"768\" height=\"1024\" data-id=\"471\" src=\"https:\/\/ecole-maternelle.de\/wp-content\/uploads\/2023\/12\/IMG_5621-768x1024.jpeg\" alt=\"\" class=\"wp-image-471\" srcset=\"https:\/\/ecole-maternelle.de\/wp-content\/uploads\/2023\/12\/IMG_5621-768x1024.jpeg 768w, https:\/\/ecole-maternelle.de\/wp-content\/uploads\/2023\/12\/IMG_5621-225x300.jpeg 225w, https:\/\/ecole-maternelle.de\/wp-content\/uploads\/2023\/12\/IMG_5621-1152x1536.jpeg 1152w, https:\/\/ecole-maternelle.de\/wp-content\/uploads\/2023\/12\/IMG_5621-1536x2048.jpeg 1536w, https:\/\/ecole-maternelle.de\/wp-content\/uploads\/2023\/12\/IMG_5621-scaled.jpeg 1920w\" sizes=\"auto, (max-width: 768px) 100vw, 768px\" \/><\/figure>\n<\/figure>\n\n\n\n<hr class=\"wp-block-separator has-alpha-channel-opacity\"\/>\n\n\n\n<h2 class=\"wp-block-heading\">Fingermalerei<\/h2>\n\n\n\n<p>Der Winter ist da, dass m\u00fcssen wir ausnutzen! Und damit wir noch etwas l\u00e4nger von den wei\u00dfen Flocken haben, malen wir die auch an unsere Scheiben.<\/p>\n\n\n\n<figure class=\"wp-block-image size-large\"><img loading=\"lazy\" decoding=\"async\" width=\"1024\" height=\"683\" src=\"https:\/\/ecole-maternelle.de\/wp-content\/uploads\/2023\/12\/IMG_1890-1024x683.jpg\" alt=\"\" class=\"wp-image-470\" srcset=\"https:\/\/ecole-maternelle.de\/wp-content\/uploads\/2023\/12\/IMG_1890-1024x683.jpg 1024w, https:\/\/ecole-maternelle.de\/wp-content\/uploads\/2023\/12\/IMG_1890-300x200.jpg 300w, https:\/\/ecole-maternelle.de\/wp-content\/uploads\/2023\/12\/IMG_1890-768x512.jpg 768w, https:\/\/ecole-maternelle.de\/wp-content\/uploads\/2023\/12\/IMG_1890-1536x1024.jpg 1536w, https:\/\/ecole-maternelle.de\/wp-content\/uploads\/2023\/12\/IMG_1890-2048x1365.jpg 2048w, https:\/\/ecole-maternelle.de\/wp-content\/uploads\/2023\/12\/IMG_1890-960x640.jpg 960w\" sizes=\"auto, (max-width: 1024px) 100vw, 1024px\" \/><\/figure>\n\n\n\n<div style=\"height:10px\" aria-hidden=\"true\" class=\"wp-block-spacer\"><\/div>\n\n\n\n<figure class=\"wp-block-gallery has-nested-images columns-default is-cropped wp-block-gallery-28 is-layout-flex wp-block-gallery-is-layout-flex\">\n<figure class=\"wp-block-image size-large\"><img loading=\"lazy\" decoding=\"async\" width=\"1024\" height=\"683\" data-id=\"469\" src=\"https:\/\/ecole-maternelle.de\/wp-content\/uploads\/2023\/12\/IMG_1918-1024x683.jpg\" alt=\"\" class=\"wp-image-469\" srcset=\"https:\/\/ecole-maternelle.de\/wp-content\/uploads\/2023\/12\/IMG_1918-1024x683.jpg 1024w, https:\/\/ecole-maternelle.de\/wp-content\/uploads\/2023\/12\/IMG_1918-300x200.jpg 300w, https:\/\/ecole-maternelle.de\/wp-content\/uploads\/2023\/12\/IMG_1918-768x512.jpg 768w, https:\/\/ecole-maternelle.de\/wp-content\/uploads\/2023\/12\/IMG_1918-1536x1024.jpg 1536w, https:\/\/ecole-maternelle.de\/wp-content\/uploads\/2023\/12\/IMG_1918-2048x1365.jpg 2048w, https:\/\/ecole-maternelle.de\/wp-content\/uploads\/2023\/12\/IMG_1918-960x640.jpg 960w\" sizes=\"auto, (max-width: 1024px) 100vw, 1024px\" \/><\/figure>\n\n\n\n<figure class=\"wp-block-image size-large\"><img loading=\"lazy\" decoding=\"async\" width=\"1024\" height=\"683\" data-id=\"468\" src=\"https:\/\/ecole-maternelle.de\/wp-content\/uploads\/2023\/12\/IMG_1927-1024x683.jpg\" alt=\"\" class=\"wp-image-468\" srcset=\"https:\/\/ecole-maternelle.de\/wp-content\/uploads\/2023\/12\/IMG_1927-1024x683.jpg 1024w, https:\/\/ecole-maternelle.de\/wp-content\/uploads\/2023\/12\/IMG_1927-300x200.jpg 300w, https:\/\/ecole-maternelle.de\/wp-content\/uploads\/2023\/12\/IMG_1927-768x512.jpg 768w, https:\/\/ecole-maternelle.de\/wp-content\/uploads\/2023\/12\/IMG_1927-1536x1024.jpg 1536w, https:\/\/ecole-maternelle.de\/wp-content\/uploads\/2023\/12\/IMG_1927-2048x1365.jpg 2048w, https:\/\/ecole-maternelle.de\/wp-content\/uploads\/2023\/12\/IMG_1927-960x640.jpg 960w\" sizes=\"auto, (max-width: 1024px) 100vw, 1024px\" \/><\/figure>\n<\/figure>\n\n\n\n<hr class=\"wp-block-separator has-alpha-channel-opacity\"\/>\n\n\n\n<h2 class=\"wp-block-heading\">Projektarbeit: Der Apfel<\/h2>\n\n\n\n<p>Herbstzeit ist APFELZEIT. Die letzten zwei Wochen haben wir ganz viel zum Thema \u00c4pfel gemacht. Wir haben Apfelmus gekocht, Apfelsaft mit dem Entsafter hergestellt, \u00c4pfel gestickt, waren in einem Garten \u00c4pfel pfl\u00fccken, haben Apfelballen und Apfelbrot gebacken und dann am Ende der Apfelwochen ein Apfelfr\u00fchst\u00fcck, verbunden mit einer Wanderung gemacht. Wir finden \u00c4pfel richtig LECKER!!<\/p>\n\n\n\n<figure class=\"wp-block-gallery has-nested-images columns-default is-cropped wp-block-gallery-29 is-layout-flex wp-block-gallery-is-layout-flex\">\n<figure class=\"wp-block-image size-large\"><img loading=\"lazy\" decoding=\"async\" width=\"1024\" height=\"768\" data-id=\"457\" src=\"https:\/\/ecole-maternelle.de\/wp-content\/uploads\/2023\/11\/IMG_4149-1024x768.jpg\" alt=\"\" class=\"wp-image-457\" srcset=\"https:\/\/ecole-maternelle.de\/wp-content\/uploads\/2023\/11\/IMG_4149-1024x768.jpg 1024w, https:\/\/ecole-maternelle.de\/wp-content\/uploads\/2023\/11\/IMG_4149-300x225.jpg 300w, https:\/\/ecole-maternelle.de\/wp-content\/uploads\/2023\/11\/IMG_4149-768x576.jpg 768w, https:\/\/ecole-maternelle.de\/wp-content\/uploads\/2023\/11\/IMG_4149-1536x1152.jpg 1536w, https:\/\/ecole-maternelle.de\/wp-content\/uploads\/2023\/11\/IMG_4149-2048x1536.jpg 2048w\" sizes=\"auto, (max-width: 1024px) 100vw, 1024px\" \/><\/figure>\n\n\n\n<figure class=\"wp-block-image size-large\"><img loading=\"lazy\" decoding=\"async\" width=\"768\" height=\"1024\" data-id=\"454\" src=\"https:\/\/ecole-maternelle.de\/wp-content\/uploads\/2023\/11\/IMG_4152-768x1024.jpg\" alt=\"\" class=\"wp-image-454\" srcset=\"https:\/\/ecole-maternelle.de\/wp-content\/uploads\/2023\/11\/IMG_4152-768x1024.jpg 768w, https:\/\/ecole-maternelle.de\/wp-content\/uploads\/2023\/11\/IMG_4152-225x300.jpg 225w, https:\/\/ecole-maternelle.de\/wp-content\/uploads\/2023\/11\/IMG_4152-1152x1536.jpg 1152w, https:\/\/ecole-maternelle.de\/wp-content\/uploads\/2023\/11\/IMG_4152-1536x2048.jpg 1536w, https:\/\/ecole-maternelle.de\/wp-content\/uploads\/2023\/11\/IMG_4152-scaled.jpg 1920w\" sizes=\"auto, (max-width: 768px) 100vw, 768px\" \/><\/figure>\n\n\n\n<figure class=\"wp-block-image size-large\"><img loading=\"lazy\" decoding=\"async\" width=\"1024\" height=\"768\" data-id=\"458\" src=\"https:\/\/ecole-maternelle.de\/wp-content\/uploads\/2023\/11\/IMG_4156-1024x768.jpg\" alt=\"\" class=\"wp-image-458\" srcset=\"https:\/\/ecole-maternelle.de\/wp-content\/uploads\/2023\/11\/IMG_4156-1024x768.jpg 1024w, https:\/\/ecole-maternelle.de\/wp-content\/uploads\/2023\/11\/IMG_4156-300x225.jpg 300w, https:\/\/ecole-maternelle.de\/wp-content\/uploads\/2023\/11\/IMG_4156-768x576.jpg 768w, https:\/\/ecole-maternelle.de\/wp-content\/uploads\/2023\/11\/IMG_4156-1536x1152.jpg 1536w, https:\/\/ecole-maternelle.de\/wp-content\/uploads\/2023\/11\/IMG_4156-2048x1536.jpg 2048w\" sizes=\"auto, (max-width: 1024px) 100vw, 1024px\" \/><\/figure>\n<\/figure>\n\n\n\n<figure class=\"wp-block-gallery has-nested-images columns-default is-cropped wp-block-gallery-30 is-layout-flex wp-block-gallery-is-layout-flex\">\n<figure class=\"wp-block-image size-large\"><img loading=\"lazy\" decoding=\"async\" width=\"683\" height=\"1024\" data-id=\"450\" src=\"https:\/\/ecole-maternelle.de\/wp-content\/uploads\/2023\/11\/IMG_1597-683x1024.jpg\" alt=\"\" class=\"wp-image-450\" srcset=\"https:\/\/ecole-maternelle.de\/wp-content\/uploads\/2023\/11\/IMG_1597-683x1024.jpg 683w, https:\/\/ecole-maternelle.de\/wp-content\/uploads\/2023\/11\/IMG_1597-200x300.jpg 200w, https:\/\/ecole-maternelle.de\/wp-content\/uploads\/2023\/11\/IMG_1597-768x1152.jpg 768w, https:\/\/ecole-maternelle.de\/wp-content\/uploads\/2023\/11\/IMG_1597-1024x1536.jpg 1024w, https:\/\/ecole-maternelle.de\/wp-content\/uploads\/2023\/11\/IMG_1597-1365x2048.jpg 1365w, https:\/\/ecole-maternelle.de\/wp-content\/uploads\/2023\/11\/IMG_1597-scaled.jpg 1707w\" sizes=\"auto, (max-width: 683px) 100vw, 683px\" \/><\/figure>\n\n\n\n<figure class=\"wp-block-image size-large\"><img loading=\"lazy\" decoding=\"async\" width=\"683\" height=\"1024\" data-id=\"448\" src=\"https:\/\/ecole-maternelle.de\/wp-content\/uploads\/2023\/11\/IMG_1622-683x1024.jpg\" alt=\"\" class=\"wp-image-448\" srcset=\"https:\/\/ecole-maternelle.de\/wp-content\/uploads\/2023\/11\/IMG_1622-683x1024.jpg 683w, https:\/\/ecole-maternelle.de\/wp-content\/uploads\/2023\/11\/IMG_1622-200x300.jpg 200w, https:\/\/ecole-maternelle.de\/wp-content\/uploads\/2023\/11\/IMG_1622-768x1152.jpg 768w, https:\/\/ecole-maternelle.de\/wp-content\/uploads\/2023\/11\/IMG_1622-1024x1536.jpg 1024w, https:\/\/ecole-maternelle.de\/wp-content\/uploads\/2023\/11\/IMG_1622-1365x2048.jpg 1365w, https:\/\/ecole-maternelle.de\/wp-content\/uploads\/2023\/11\/IMG_1622-scaled.jpg 1707w\" sizes=\"auto, (max-width: 683px) 100vw, 683px\" \/><\/figure>\n\n\n\n<figure class=\"wp-block-image size-large\"><img loading=\"lazy\" decoding=\"async\" width=\"683\" height=\"1024\" data-id=\"453\" src=\"https:\/\/ecole-maternelle.de\/wp-content\/uploads\/2023\/11\/IMG_1601-683x1024.jpg\" alt=\"\" class=\"wp-image-453\" srcset=\"https:\/\/ecole-maternelle.de\/wp-content\/uploads\/2023\/11\/IMG_1601-683x1024.jpg 683w, https:\/\/ecole-maternelle.de\/wp-content\/uploads\/2023\/11\/IMG_1601-200x300.jpg 200w, https:\/\/ecole-maternelle.de\/wp-content\/uploads\/2023\/11\/IMG_1601-768x1152.jpg 768w, https:\/\/ecole-maternelle.de\/wp-content\/uploads\/2023\/11\/IMG_1601-1024x1536.jpg 1024w, https:\/\/ecole-maternelle.de\/wp-content\/uploads\/2023\/11\/IMG_1601-1365x2048.jpg 1365w, https:\/\/ecole-maternelle.de\/wp-content\/uploads\/2023\/11\/IMG_1601-scaled.jpg 1707w\" sizes=\"auto, (max-width: 683px) 100vw, 683px\" \/><\/figure>\n<\/figure>\n\n\n\n<div style=\"height:19px\" aria-hidden=\"true\" class=\"wp-block-spacer\"><\/div>\n\n\n\n<figure class=\"wp-block-gallery has-nested-images columns-default is-cropped wp-block-gallery-31 is-layout-flex wp-block-gallery-is-layout-flex\">\n<figure class=\"wp-block-image size-large\"><img loading=\"lazy\" decoding=\"async\" width=\"683\" height=\"1024\" data-id=\"451\" src=\"https:\/\/ecole-maternelle.de\/wp-content\/uploads\/2023\/11\/IMG_1763-683x1024.jpg\" alt=\"\" class=\"wp-image-451\" srcset=\"https:\/\/ecole-maternelle.de\/wp-content\/uploads\/2023\/11\/IMG_1763-683x1024.jpg 683w, https:\/\/ecole-maternelle.de\/wp-content\/uploads\/2023\/11\/IMG_1763-200x300.jpg 200w, https:\/\/ecole-maternelle.de\/wp-content\/uploads\/2023\/11\/IMG_1763-768x1152.jpg 768w, https:\/\/ecole-maternelle.de\/wp-content\/uploads\/2023\/11\/IMG_1763-1024x1536.jpg 1024w, https:\/\/ecole-maternelle.de\/wp-content\/uploads\/2023\/11\/IMG_1763-1365x2048.jpg 1365w, https:\/\/ecole-maternelle.de\/wp-content\/uploads\/2023\/11\/IMG_1763-scaled.jpg 1707w\" sizes=\"auto, (max-width: 683px) 100vw, 683px\" \/><\/figure>\n\n\n\n<figure class=\"wp-block-image size-large\"><img loading=\"lazy\" decoding=\"async\" width=\"1024\" height=\"768\" data-id=\"456\" src=\"https:\/\/ecole-maternelle.de\/wp-content\/uploads\/2023\/11\/IMG_4199-1024x768.jpg\" alt=\"\" class=\"wp-image-456\" srcset=\"https:\/\/ecole-maternelle.de\/wp-content\/uploads\/2023\/11\/IMG_4199-1024x768.jpg 1024w, https:\/\/ecole-maternelle.de\/wp-content\/uploads\/2023\/11\/IMG_4199-300x225.jpg 300w, https:\/\/ecole-maternelle.de\/wp-content\/uploads\/2023\/11\/IMG_4199-768x576.jpg 768w, https:\/\/ecole-maternelle.de\/wp-content\/uploads\/2023\/11\/IMG_4199-1536x1152.jpg 1536w, https:\/\/ecole-maternelle.de\/wp-content\/uploads\/2023\/11\/IMG_4199-2048x1536.jpg 2048w\" sizes=\"auto, (max-width: 1024px) 100vw, 1024px\" \/><\/figure>\n\n\n\n<figure class=\"wp-block-image size-large\"><img loading=\"lazy\" decoding=\"async\" width=\"683\" height=\"1024\" data-id=\"452\" src=\"https:\/\/ecole-maternelle.de\/wp-content\/uploads\/2023\/11\/IMG_1687-683x1024.jpg\" alt=\"\" class=\"wp-image-452\" srcset=\"https:\/\/ecole-maternelle.de\/wp-content\/uploads\/2023\/11\/IMG_1687-683x1024.jpg 683w, https:\/\/ecole-maternelle.de\/wp-content\/uploads\/2023\/11\/IMG_1687-200x300.jpg 200w, https:\/\/ecole-maternelle.de\/wp-content\/uploads\/2023\/11\/IMG_1687-768x1152.jpg 768w, https:\/\/ecole-maternelle.de\/wp-content\/uploads\/2023\/11\/IMG_1687-1024x1536.jpg 1024w, https:\/\/ecole-maternelle.de\/wp-content\/uploads\/2023\/11\/IMG_1687-1365x2048.jpg 1365w, https:\/\/ecole-maternelle.de\/wp-content\/uploads\/2023\/11\/IMG_1687-scaled.jpg 1707w\" sizes=\"auto, (max-width: 683px) 100vw, 683px\" \/><\/figure>\n<\/figure>\n\n\n\n<hr class=\"wp-block-separator has-alpha-channel-opacity\"\/>\n\n\n\n<h2 class=\"wp-block-heading\">verschiedene Aktivit\u00e4ten<\/h2>\n\n\n\n<p>Uns wird nicht langweilig: Ausfl\u00fcge, Musizieren, Theater spielen, Kochen sowie das sch\u00f6ne Wetter auf unserer Terrasse und unserem Spielplatz genie\u00dfen&#8230;<\/p>\n\n\n\n<figure class=\"wp-block-gallery has-nested-images columns-default is-cropped wp-block-gallery-32 is-layout-flex wp-block-gallery-is-layout-flex\">\n<figure class=\"wp-block-image size-large\"><img loading=\"lazy\" decoding=\"async\" width=\"1024\" height=\"768\" data-id=\"442\" src=\"https:\/\/ecole-maternelle.de\/wp-content\/uploads\/2023\/10\/IMG_4985-1-1024x768.jpeg\" alt=\"\" class=\"wp-image-442\" srcset=\"https:\/\/ecole-maternelle.de\/wp-content\/uploads\/2023\/10\/IMG_4985-1-1024x768.jpeg 1024w, https:\/\/ecole-maternelle.de\/wp-content\/uploads\/2023\/10\/IMG_4985-1-300x225.jpeg 300w, https:\/\/ecole-maternelle.de\/wp-content\/uploads\/2023\/10\/IMG_4985-1-768x576.jpeg 768w, https:\/\/ecole-maternelle.de\/wp-content\/uploads\/2023\/10\/IMG_4985-1-1536x1152.jpeg 1536w, https:\/\/ecole-maternelle.de\/wp-content\/uploads\/2023\/10\/IMG_4985-1-2048x1536.jpeg 2048w\" sizes=\"auto, (max-width: 1024px) 100vw, 1024px\" \/><\/figure>\n\n\n\n<figure class=\"wp-block-image size-large\"><img loading=\"lazy\" decoding=\"async\" width=\"1024\" height=\"683\" data-id=\"440\" src=\"https:\/\/ecole-maternelle.de\/wp-content\/uploads\/2023\/10\/IMG_1440-1024x683.jpg\" alt=\"\" class=\"wp-image-440\" srcset=\"https:\/\/ecole-maternelle.de\/wp-content\/uploads\/2023\/10\/IMG_1440-1024x683.jpg 1024w, https:\/\/ecole-maternelle.de\/wp-content\/uploads\/2023\/10\/IMG_1440-300x200.jpg 300w, https:\/\/ecole-maternelle.de\/wp-content\/uploads\/2023\/10\/IMG_1440-768x512.jpg 768w, https:\/\/ecole-maternelle.de\/wp-content\/uploads\/2023\/10\/IMG_1440-1536x1024.jpg 1536w, https:\/\/ecole-maternelle.de\/wp-content\/uploads\/2023\/10\/IMG_1440-2048x1365.jpg 2048w, https:\/\/ecole-maternelle.de\/wp-content\/uploads\/2023\/10\/IMG_1440-960x640.jpg 960w\" sizes=\"auto, (max-width: 1024px) 100vw, 1024px\" \/><\/figure>\n\n\n\n<figure class=\"wp-block-image size-large\"><img loading=\"lazy\" decoding=\"async\" width=\"1024\" height=\"683\" data-id=\"438\" src=\"https:\/\/ecole-maternelle.de\/wp-content\/uploads\/2023\/10\/IMG_1455-1024x683.jpg\" alt=\"\" class=\"wp-image-438\" srcset=\"https:\/\/ecole-maternelle.de\/wp-content\/uploads\/2023\/10\/IMG_1455-1024x683.jpg 1024w, https:\/\/ecole-maternelle.de\/wp-content\/uploads\/2023\/10\/IMG_1455-300x200.jpg 300w, https:\/\/ecole-maternelle.de\/wp-content\/uploads\/2023\/10\/IMG_1455-768x512.jpg 768w, https:\/\/ecole-maternelle.de\/wp-content\/uploads\/2023\/10\/IMG_1455-1536x1024.jpg 1536w, https:\/\/ecole-maternelle.de\/wp-content\/uploads\/2023\/10\/IMG_1455-2048x1365.jpg 2048w, https:\/\/ecole-maternelle.de\/wp-content\/uploads\/2023\/10\/IMG_1455-960x640.jpg 960w\" sizes=\"auto, (max-width: 1024px) 100vw, 1024px\" \/><\/figure>\n\n\n\n<figure class=\"wp-block-image size-large\"><img loading=\"lazy\" decoding=\"async\" width=\"1024\" height=\"683\" data-id=\"441\" src=\"https:\/\/ecole-maternelle.de\/wp-content\/uploads\/2023\/10\/IMG_1470-1024x683.jpg\" alt=\"\" class=\"wp-image-441\" srcset=\"https:\/\/ecole-maternelle.de\/wp-content\/uploads\/2023\/10\/IMG_1470-1024x683.jpg 1024w, https:\/\/ecole-maternelle.de\/wp-content\/uploads\/2023\/10\/IMG_1470-300x200.jpg 300w, https:\/\/ecole-maternelle.de\/wp-content\/uploads\/2023\/10\/IMG_1470-768x512.jpg 768w, https:\/\/ecole-maternelle.de\/wp-content\/uploads\/2023\/10\/IMG_1470-1536x1024.jpg 1536w, https:\/\/ecole-maternelle.de\/wp-content\/uploads\/2023\/10\/IMG_1470-2048x1365.jpg 2048w, https:\/\/ecole-maternelle.de\/wp-content\/uploads\/2023\/10\/IMG_1470-960x640.jpg 960w\" sizes=\"auto, (max-width: 1024px) 100vw, 1024px\" \/><\/figure>\n<\/figure>\n\n\n\n<hr class=\"wp-block-separator has-alpha-channel-opacity\"\/>\n\n\n\n<h2 class=\"wp-block-heading\">Ausflug zur Imaginata<\/h2>\n\n\n\n<p>Rolle, rolle, rolle, du Murmel, durch die Murmelbahn!! In der Imaginata schauten wir uns ab, was wir f\u00fcr tolle Murmelbahnen in der Ecole oder zu Hause nachbauen k\u00f6nnen.<\/p>\n\n\n\n<figure class=\"wp-block-gallery has-nested-images columns-default is-cropped wp-block-gallery-33 is-layout-flex wp-block-gallery-is-layout-flex\">\n<figure class=\"wp-block-image size-large\"><img loading=\"lazy\" decoding=\"async\" width=\"1024\" height=\"794\" data-id=\"434\" src=\"https:\/\/ecole-maternelle.de\/wp-content\/uploads\/2023\/10\/Murmelbahn-inspizieren-1024x794.jpg\" alt=\"\" class=\"wp-image-434\" srcset=\"https:\/\/ecole-maternelle.de\/wp-content\/uploads\/2023\/10\/Murmelbahn-inspizieren-1024x794.jpg 1024w, https:\/\/ecole-maternelle.de\/wp-content\/uploads\/2023\/10\/Murmelbahn-inspizieren-300x233.jpg 300w, https:\/\/ecole-maternelle.de\/wp-content\/uploads\/2023\/10\/Murmelbahn-inspizieren-768x595.jpg 768w, https:\/\/ecole-maternelle.de\/wp-content\/uploads\/2023\/10\/Murmelbahn-inspizieren-1536x1191.jpg 1536w, https:\/\/ecole-maternelle.de\/wp-content\/uploads\/2023\/10\/Murmelbahn-inspizieren-2048x1588.jpg 2048w\" sizes=\"auto, (max-width: 1024px) 100vw, 1024px\" \/><\/figure>\n\n\n\n<figure class=\"wp-block-image size-large\"><img loading=\"lazy\" decoding=\"async\" width=\"1024\" height=\"822\" data-id=\"435\" src=\"https:\/\/ecole-maternelle.de\/wp-content\/uploads\/2023\/10\/grosse-Murmelbahn-1024x822.jpg\" alt=\"\" class=\"wp-image-435\" srcset=\"https:\/\/ecole-maternelle.de\/wp-content\/uploads\/2023\/10\/grosse-Murmelbahn-1024x822.jpg 1024w, https:\/\/ecole-maternelle.de\/wp-content\/uploads\/2023\/10\/grosse-Murmelbahn-300x241.jpg 300w, https:\/\/ecole-maternelle.de\/wp-content\/uploads\/2023\/10\/grosse-Murmelbahn-768x616.jpg 768w, https:\/\/ecole-maternelle.de\/wp-content\/uploads\/2023\/10\/grosse-Murmelbahn-1536x1233.jpg 1536w, https:\/\/ecole-maternelle.de\/wp-content\/uploads\/2023\/10\/grosse-Murmelbahn-2048x1644.jpg 2048w\" sizes=\"auto, (max-width: 1024px) 100vw, 1024px\" \/><\/figure>\n\n\n\n<figure class=\"wp-block-image size-large\"><img loading=\"lazy\" decoding=\"async\" width=\"1024\" height=\"714\" data-id=\"436\" src=\"https:\/\/ecole-maternelle.de\/wp-content\/uploads\/2023\/10\/Murmelbahn-bearbeitet-1024x714.jpg\" alt=\"\" class=\"wp-image-436\" srcset=\"https:\/\/ecole-maternelle.de\/wp-content\/uploads\/2023\/10\/Murmelbahn-bearbeitet-1024x714.jpg 1024w, https:\/\/ecole-maternelle.de\/wp-content\/uploads\/2023\/10\/Murmelbahn-bearbeitet-300x209.jpg 300w, https:\/\/ecole-maternelle.de\/wp-content\/uploads\/2023\/10\/Murmelbahn-bearbeitet-768x536.jpg 768w, https:\/\/ecole-maternelle.de\/wp-content\/uploads\/2023\/10\/Murmelbahn-bearbeitet-1536x1072.jpg 1536w, https:\/\/ecole-maternelle.de\/wp-content\/uploads\/2023\/10\/Murmelbahn-bearbeitet-2048x1429.jpg 2048w\" sizes=\"auto, (max-width: 1024px) 100vw, 1024px\" \/><\/figure>\n<\/figure>\n\n\n\n<hr class=\"wp-block-separator has-alpha-channel-opacity\"\/>\n\n\n\n<h2 class=\"wp-block-heading\">Abschied der F\u00fcchse<\/h2>\n\n\n\n<p>Genie\u00dft den Sommer und habt eine sch\u00f6ne Schuleinf\u00fchrung, ihr F\u00fcchse!!<\/p>\n\n\n\n<figure class=\"wp-block-image size-large\"><img loading=\"lazy\" decoding=\"async\" width=\"1024\" height=\"683\" src=\"https:\/\/ecole-maternelle.de\/wp-content\/uploads\/2023\/08\/IMG_0707-1024x683.jpg\" alt=\"\" class=\"wp-image-417\" srcset=\"https:\/\/ecole-maternelle.de\/wp-content\/uploads\/2023\/08\/IMG_0707-1024x683.jpg 1024w, https:\/\/ecole-maternelle.de\/wp-content\/uploads\/2023\/08\/IMG_0707-300x200.jpg 300w, https:\/\/ecole-maternelle.de\/wp-content\/uploads\/2023\/08\/IMG_0707-768x512.jpg 768w, https:\/\/ecole-maternelle.de\/wp-content\/uploads\/2023\/08\/IMG_0707-1536x1024.jpg 1536w, https:\/\/ecole-maternelle.de\/wp-content\/uploads\/2023\/08\/IMG_0707-2048x1365.jpg 2048w, https:\/\/ecole-maternelle.de\/wp-content\/uploads\/2023\/08\/IMG_0707-960x640.jpg 960w\" sizes=\"auto, (max-width: 1024px) 100vw, 1024px\" \/><\/figure>\n\n\n\n<div style=\"height:20px\" aria-hidden=\"true\" class=\"wp-block-spacer\"><\/div>\n\n\n\n<p>Nun ist es wieder soweit: die F\u00fcchse kommen ganz bald in die Schule. Sie haben nun ihre Schwimmabzeichen. Die Abschlussfahrt f\u00fchrte sie in die Feengrotten, um Sch\u00e4tze zu heben. Sie schnupperten schon ein paar Stunden Schulluft und pr\u00e4sentierten stolz ihre Ranzen. Da w\u00fcnschen wir: ALLES GUTE F\u00dcR DEN SCHULANFANG!!<\/p>\n\n\n\n<figure class=\"wp-block-image size-large\"><img loading=\"lazy\" decoding=\"async\" width=\"1024\" height=\"585\" src=\"https:\/\/ecole-maternelle.de\/wp-content\/uploads\/2023\/08\/Schulranzen-1-1024x585.jpg\" alt=\"\" class=\"wp-image-416\" srcset=\"https:\/\/ecole-maternelle.de\/wp-content\/uploads\/2023\/08\/Schulranzen-1-1024x585.jpg 1024w, https:\/\/ecole-maternelle.de\/wp-content\/uploads\/2023\/08\/Schulranzen-1-300x172.jpg 300w, https:\/\/ecole-maternelle.de\/wp-content\/uploads\/2023\/08\/Schulranzen-1-768x439.jpg 768w, https:\/\/ecole-maternelle.de\/wp-content\/uploads\/2023\/08\/Schulranzen-1-1536x878.jpg 1536w, https:\/\/ecole-maternelle.de\/wp-content\/uploads\/2023\/08\/Schulranzen-1-2048x1171.jpg 2048w\" sizes=\"auto, (max-width: 1024px) 100vw, 1024px\" \/><\/figure>\n\n\n\n<div style=\"height:10px\" aria-hidden=\"true\" class=\"wp-block-spacer\"><\/div>\n\n\n\n<div class=\"wp-block-group\"><div class=\"wp-block-group__inner-container is-layout-constrained wp-block-group-is-layout-constrained\">\n<figure class=\"wp-block-gallery has-nested-images columns-default is-cropped wp-block-gallery-34 is-layout-flex wp-block-gallery-is-layout-flex\">\n<figure class=\"wp-block-image size-large\"><img loading=\"lazy\" decoding=\"async\" width=\"768\" height=\"1024\" data-id=\"415\" src=\"https:\/\/ecole-maternelle.de\/wp-content\/uploads\/2023\/08\/IMG_2043-768x1024.jpg\" alt=\"\" class=\"wp-image-415\" srcset=\"https:\/\/ecole-maternelle.de\/wp-content\/uploads\/2023\/08\/IMG_2043-768x1024.jpg 768w, https:\/\/ecole-maternelle.de\/wp-content\/uploads\/2023\/08\/IMG_2043-225x300.jpg 225w, https:\/\/ecole-maternelle.de\/wp-content\/uploads\/2023\/08\/IMG_2043-1152x1536.jpg 1152w, https:\/\/ecole-maternelle.de\/wp-content\/uploads\/2023\/08\/IMG_2043-1536x2048.jpg 1536w, https:\/\/ecole-maternelle.de\/wp-content\/uploads\/2023\/08\/IMG_2043-scaled.jpg 1920w\" sizes=\"auto, (max-width: 768px) 100vw, 768px\" \/><\/figure>\n\n\n\n<figure class=\"wp-block-image size-large\"><img loading=\"lazy\" decoding=\"async\" width=\"510\" height=\"1024\" data-id=\"413\" src=\"https:\/\/ecole-maternelle.de\/wp-content\/uploads\/2023\/08\/Schwimmabzeichen-510x1024.jpg\" alt=\"\" class=\"wp-image-413\" srcset=\"https:\/\/ecole-maternelle.de\/wp-content\/uploads\/2023\/08\/Schwimmabzeichen-510x1024.jpg 510w, https:\/\/ecole-maternelle.de\/wp-content\/uploads\/2023\/08\/Schwimmabzeichen-149x300.jpg 149w, https:\/\/ecole-maternelle.de\/wp-content\/uploads\/2023\/08\/Schwimmabzeichen-768x1542.jpg 768w, https:\/\/ecole-maternelle.de\/wp-content\/uploads\/2023\/08\/Schwimmabzeichen-765x1536.jpg 765w, https:\/\/ecole-maternelle.de\/wp-content\/uploads\/2023\/08\/Schwimmabzeichen-1020x2048.jpg 1020w, https:\/\/ecole-maternelle.de\/wp-content\/uploads\/2023\/08\/Schwimmabzeichen.jpg 1263w\" sizes=\"auto, (max-width: 510px) 100vw, 510px\" \/><\/figure>\n<\/figure>\n<\/div><\/div>\n\n\n\n<hr class=\"wp-block-separator has-alpha-channel-opacity\"\/>\n\n\n\n<h2 class=\"wp-block-heading\">Pilzprojekt<\/h2>\n\n\n\n<p>Nein, es ist noch nicht Herbst &#8211; wir sind nur schon gern vorbereitet \ud83d\ude00<\/p>\n\n\n\n<figure class=\"wp-block-gallery has-nested-images columns-default is-cropped wp-block-gallery-35 is-layout-flex wp-block-gallery-is-layout-flex\">\n<figure class=\"wp-block-image size-large\"><img loading=\"lazy\" decoding=\"async\" width=\"1024\" height=\"768\" data-id=\"412\" src=\"https:\/\/ecole-maternelle.de\/wp-content\/uploads\/2023\/08\/IMG_0582-1024x768.jpg\" alt=\"\" class=\"wp-image-412\" srcset=\"https:\/\/ecole-maternelle.de\/wp-content\/uploads\/2023\/08\/IMG_0582-1024x768.jpg 1024w, https:\/\/ecole-maternelle.de\/wp-content\/uploads\/2023\/08\/IMG_0582-300x225.jpg 300w, https:\/\/ecole-maternelle.de\/wp-content\/uploads\/2023\/08\/IMG_0582-768x576.jpg 768w, https:\/\/ecole-maternelle.de\/wp-content\/uploads\/2023\/08\/IMG_0582-1536x1152.jpg 1536w, https:\/\/ecole-maternelle.de\/wp-content\/uploads\/2023\/08\/IMG_0582-2048x1536.jpg 2048w\" sizes=\"auto, (max-width: 1024px) 100vw, 1024px\" \/><\/figure>\n\n\n\n<figure class=\"wp-block-image size-large\"><img loading=\"lazy\" decoding=\"async\" width=\"768\" height=\"1024\" data-id=\"411\" src=\"https:\/\/ecole-maternelle.de\/wp-content\/uploads\/2023\/08\/IMG_0576-768x1024.jpg\" alt=\"\" class=\"wp-image-411\" srcset=\"https:\/\/ecole-maternelle.de\/wp-content\/uploads\/2023\/08\/IMG_0576-768x1024.jpg 768w, https:\/\/ecole-maternelle.de\/wp-content\/uploads\/2023\/08\/IMG_0576-225x300.jpg 225w, https:\/\/ecole-maternelle.de\/wp-content\/uploads\/2023\/08\/IMG_0576-1152x1536.jpg 1152w, https:\/\/ecole-maternelle.de\/wp-content\/uploads\/2023\/08\/IMG_0576-1536x2048.jpg 1536w, https:\/\/ecole-maternelle.de\/wp-content\/uploads\/2023\/08\/IMG_0576-scaled.jpg 1920w\" sizes=\"auto, (max-width: 768px) 100vw, 768px\" \/><\/figure>\n<\/figure>\n\n\n\n<hr class=\"wp-block-separator has-alpha-channel-opacity\"\/>\n\n\n\n<h2 class=\"wp-block-heading\">Projekt: Collagen<\/h2>\n\n\n\n<p>Wir Spatzen haben heute fantasievolle Collagen gefertigt. <\/p>\n\n\n\n<figure class=\"wp-block-gallery has-nested-images columns-default is-cropped wp-block-gallery-36 is-layout-flex wp-block-gallery-is-layout-flex\">\n<figure class=\"wp-block-image size-large\"><img loading=\"lazy\" decoding=\"async\" width=\"1024\" height=\"768\" data-id=\"410\" src=\"https:\/\/ecole-maternelle.de\/wp-content\/uploads\/2023\/08\/IMG_6391-1-1024x768.jpg\" alt=\"\" class=\"wp-image-410\" srcset=\"https:\/\/ecole-maternelle.de\/wp-content\/uploads\/2023\/08\/IMG_6391-1-1024x768.jpg 1024w, https:\/\/ecole-maternelle.de\/wp-content\/uploads\/2023\/08\/IMG_6391-1-300x225.jpg 300w, https:\/\/ecole-maternelle.de\/wp-content\/uploads\/2023\/08\/IMG_6391-1-768x576.jpg 768w, https:\/\/ecole-maternelle.de\/wp-content\/uploads\/2023\/08\/IMG_6391-1-1536x1152.jpg 1536w, https:\/\/ecole-maternelle.de\/wp-content\/uploads\/2023\/08\/IMG_6391-1-2048x1536.jpg 2048w\" sizes=\"auto, (max-width: 1024px) 100vw, 1024px\" \/><\/figure>\n\n\n\n<figure class=\"wp-block-image size-large\"><img loading=\"lazy\" decoding=\"async\" width=\"1024\" height=\"768\" data-id=\"405\" src=\"https:\/\/ecole-maternelle.de\/wp-content\/uploads\/2023\/08\/IMG_6392-1024x768.jpg\" alt=\"\" class=\"wp-image-405\" srcset=\"https:\/\/ecole-maternelle.de\/wp-content\/uploads\/2023\/08\/IMG_6392-1024x768.jpg 1024w, https:\/\/ecole-maternelle.de\/wp-content\/uploads\/2023\/08\/IMG_6392-300x225.jpg 300w, https:\/\/ecole-maternelle.de\/wp-content\/uploads\/2023\/08\/IMG_6392-768x576.jpg 768w, https:\/\/ecole-maternelle.de\/wp-content\/uploads\/2023\/08\/IMG_6392-1536x1152.jpg 1536w, https:\/\/ecole-maternelle.de\/wp-content\/uploads\/2023\/08\/IMG_6392-2048x1536.jpg 2048w\" sizes=\"auto, (max-width: 1024px) 100vw, 1024px\" \/><\/figure>\n\n\n\n<figure class=\"wp-block-image size-large\"><img loading=\"lazy\" decoding=\"async\" width=\"1024\" height=\"768\" data-id=\"406\" src=\"https:\/\/ecole-maternelle.de\/wp-content\/uploads\/2023\/08\/IMG_6394-1024x768.jpg\" alt=\"\" class=\"wp-image-406\" srcset=\"https:\/\/ecole-maternelle.de\/wp-content\/uploads\/2023\/08\/IMG_6394-1024x768.jpg 1024w, https:\/\/ecole-maternelle.de\/wp-content\/uploads\/2023\/08\/IMG_6394-300x225.jpg 300w, https:\/\/ecole-maternelle.de\/wp-content\/uploads\/2023\/08\/IMG_6394-768x576.jpg 768w, https:\/\/ecole-maternelle.de\/wp-content\/uploads\/2023\/08\/IMG_6394-1536x1152.jpg 1536w, https:\/\/ecole-maternelle.de\/wp-content\/uploads\/2023\/08\/IMG_6394-2048x1536.jpg 2048w\" sizes=\"auto, (max-width: 1024px) 100vw, 1024px\" \/><\/figure>\n\n\n\n<figure class=\"wp-block-image size-large\"><img loading=\"lazy\" decoding=\"async\" width=\"1024\" height=\"768\" data-id=\"403\" src=\"https:\/\/ecole-maternelle.de\/wp-content\/uploads\/2023\/08\/IMG_6395-1024x768.jpg\" alt=\"\" class=\"wp-image-403\" srcset=\"https:\/\/ecole-maternelle.de\/wp-content\/uploads\/2023\/08\/IMG_6395-1024x768.jpg 1024w, https:\/\/ecole-maternelle.de\/wp-content\/uploads\/2023\/08\/IMG_6395-300x225.jpg 300w, https:\/\/ecole-maternelle.de\/wp-content\/uploads\/2023\/08\/IMG_6395-768x576.jpg 768w, https:\/\/ecole-maternelle.de\/wp-content\/uploads\/2023\/08\/IMG_6395-1536x1152.jpg 1536w, https:\/\/ecole-maternelle.de\/wp-content\/uploads\/2023\/08\/IMG_6395-2048x1536.jpg 2048w\" sizes=\"auto, (max-width: 1024px) 100vw, 1024px\" \/><\/figure>\n\n\n\n<figure class=\"wp-block-image size-large\"><img loading=\"lazy\" decoding=\"async\" width=\"1024\" height=\"768\" data-id=\"408\" src=\"https:\/\/ecole-maternelle.de\/wp-content\/uploads\/2023\/08\/IMG_6396-1024x768.jpg\" alt=\"\" class=\"wp-image-408\" srcset=\"https:\/\/ecole-maternelle.de\/wp-content\/uploads\/2023\/08\/IMG_6396-1024x768.jpg 1024w, https:\/\/ecole-maternelle.de\/wp-content\/uploads\/2023\/08\/IMG_6396-300x225.jpg 300w, https:\/\/ecole-maternelle.de\/wp-content\/uploads\/2023\/08\/IMG_6396-768x576.jpg 768w, https:\/\/ecole-maternelle.de\/wp-content\/uploads\/2023\/08\/IMG_6396-1536x1152.jpg 1536w, https:\/\/ecole-maternelle.de\/wp-content\/uploads\/2023\/08\/IMG_6396-2048x1536.jpg 2048w\" sizes=\"auto, (max-width: 1024px) 100vw, 1024px\" \/><\/figure>\n\n\n\n<figure class=\"wp-block-image size-large\"><img loading=\"lazy\" decoding=\"async\" width=\"1024\" height=\"768\" data-id=\"409\" src=\"https:\/\/ecole-maternelle.de\/wp-content\/uploads\/2023\/08\/IMG_6399-1-1024x768.jpg\" alt=\"\" class=\"wp-image-409\" srcset=\"https:\/\/ecole-maternelle.de\/wp-content\/uploads\/2023\/08\/IMG_6399-1-1024x768.jpg 1024w, https:\/\/ecole-maternelle.de\/wp-content\/uploads\/2023\/08\/IMG_6399-1-300x225.jpg 300w, https:\/\/ecole-maternelle.de\/wp-content\/uploads\/2023\/08\/IMG_6399-1-768x576.jpg 768w, https:\/\/ecole-maternelle.de\/wp-content\/uploads\/2023\/08\/IMG_6399-1-1536x1152.jpg 1536w, https:\/\/ecole-maternelle.de\/wp-content\/uploads\/2023\/08\/IMG_6399-1-2048x1536.jpg 2048w\" sizes=\"auto, (max-width: 1024px) 100vw, 1024px\" \/><\/figure>\n<\/figure>\n\n\n\n<hr class=\"wp-block-separator has-alpha-channel-opacity\"\/>\n\n\n\n<h2 class=\"wp-block-heading\">Waldtag<\/h2>\n\n\n\n<p>Bei Waldtag lernten wir nicht nur jede Menge \u00fcber diverse Waldbewohner oder beobachteten die weidenden Pferde, sondern wir erf\u00fchlten auch den Erdboden mit unseren nackten F\u00fc\u00dfen.<\/p>\n\n\n\n<figure class=\"wp-block-gallery has-nested-images columns-default is-cropped wp-block-gallery-37 is-layout-flex wp-block-gallery-is-layout-flex\">\n<figure class=\"wp-block-image size-large\"><img loading=\"lazy\" decoding=\"async\" width=\"1024\" height=\"683\" data-id=\"398\" src=\"https:\/\/ecole-maternelle.de\/wp-content\/uploads\/2023\/08\/IMG_0290-1024x683.jpg\" alt=\"\" class=\"wp-image-398\" srcset=\"https:\/\/ecole-maternelle.de\/wp-content\/uploads\/2023\/08\/IMG_0290-1024x683.jpg 1024w, https:\/\/ecole-maternelle.de\/wp-content\/uploads\/2023\/08\/IMG_0290-300x200.jpg 300w, https:\/\/ecole-maternelle.de\/wp-content\/uploads\/2023\/08\/IMG_0290-768x512.jpg 768w, https:\/\/ecole-maternelle.de\/wp-content\/uploads\/2023\/08\/IMG_0290-1536x1024.jpg 1536w, https:\/\/ecole-maternelle.de\/wp-content\/uploads\/2023\/08\/IMG_0290-2048x1365.jpg 2048w, https:\/\/ecole-maternelle.de\/wp-content\/uploads\/2023\/08\/IMG_0290-960x640.jpg 960w\" sizes=\"auto, (max-width: 1024px) 100vw, 1024px\" \/><\/figure>\n\n\n\n<figure class=\"wp-block-image size-large\"><img loading=\"lazy\" decoding=\"async\" width=\"1024\" height=\"683\" data-id=\"397\" src=\"https:\/\/ecole-maternelle.de\/wp-content\/uploads\/2023\/08\/IMG_0282-1024x683.jpg\" alt=\"\" class=\"wp-image-397\" srcset=\"https:\/\/ecole-maternelle.de\/wp-content\/uploads\/2023\/08\/IMG_0282-1024x683.jpg 1024w, https:\/\/ecole-maternelle.de\/wp-content\/uploads\/2023\/08\/IMG_0282-300x200.jpg 300w, https:\/\/ecole-maternelle.de\/wp-content\/uploads\/2023\/08\/IMG_0282-768x512.jpg 768w, https:\/\/ecole-maternelle.de\/wp-content\/uploads\/2023\/08\/IMG_0282-1536x1024.jpg 1536w, https:\/\/ecole-maternelle.de\/wp-content\/uploads\/2023\/08\/IMG_0282-2048x1365.jpg 2048w, https:\/\/ecole-maternelle.de\/wp-content\/uploads\/2023\/08\/IMG_0282-960x640.jpg 960w\" sizes=\"auto, (max-width: 1024px) 100vw, 1024px\" \/><\/figure>\n<\/figure>\n\n\n\n<div style=\"height:10px\" aria-hidden=\"true\" class=\"wp-block-spacer\"><\/div>\n\n\n\n<figure class=\"wp-block-gallery has-nested-images columns-default is-cropped wp-block-gallery-38 is-layout-flex wp-block-gallery-is-layout-flex\">\n<figure class=\"wp-block-image size-large\"><img loading=\"lazy\" decoding=\"async\" width=\"1024\" height=\"683\" data-id=\"393\" src=\"https:\/\/ecole-maternelle.de\/wp-content\/uploads\/2023\/07\/IMG_0020-1024x683.jpg\" alt=\"\" class=\"wp-image-393\" srcset=\"https:\/\/ecole-maternelle.de\/wp-content\/uploads\/2023\/07\/IMG_0020-1024x683.jpg 1024w, https:\/\/ecole-maternelle.de\/wp-content\/uploads\/2023\/07\/IMG_0020-300x200.jpg 300w, https:\/\/ecole-maternelle.de\/wp-content\/uploads\/2023\/07\/IMG_0020-768x512.jpg 768w, https:\/\/ecole-maternelle.de\/wp-content\/uploads\/2023\/07\/IMG_0020-1536x1024.jpg 1536w, https:\/\/ecole-maternelle.de\/wp-content\/uploads\/2023\/07\/IMG_0020-2048x1365.jpg 2048w, https:\/\/ecole-maternelle.de\/wp-content\/uploads\/2023\/07\/IMG_0020-960x640.jpg 960w\" sizes=\"auto, (max-width: 1024px) 100vw, 1024px\" \/><\/figure>\n\n\n\n<figure class=\"wp-block-image size-large\"><img loading=\"lazy\" decoding=\"async\" width=\"1024\" height=\"683\" data-id=\"394\" src=\"https:\/\/ecole-maternelle.de\/wp-content\/uploads\/2023\/07\/IMG_0021-1024x683.jpg\" alt=\"\" class=\"wp-image-394\" srcset=\"https:\/\/ecole-maternelle.de\/wp-content\/uploads\/2023\/07\/IMG_0021-1024x683.jpg 1024w, https:\/\/ecole-maternelle.de\/wp-content\/uploads\/2023\/07\/IMG_0021-300x200.jpg 300w, https:\/\/ecole-maternelle.de\/wp-content\/uploads\/2023\/07\/IMG_0021-768x512.jpg 768w, https:\/\/ecole-maternelle.de\/wp-content\/uploads\/2023\/07\/IMG_0021-1536x1024.jpg 1536w, https:\/\/ecole-maternelle.de\/wp-content\/uploads\/2023\/07\/IMG_0021-2048x1365.jpg 2048w, https:\/\/ecole-maternelle.de\/wp-content\/uploads\/2023\/07\/IMG_0021-960x640.jpg 960w\" sizes=\"auto, (max-width: 1024px) 100vw, 1024px\" \/><\/figure>\n<\/figure>\n\n\n\n<hr class=\"wp-block-separator has-alpha-channel-opacity\"\/>\n\n\n\n<h2 class=\"wp-block-heading\">Ausflug zum Imker<\/h2>\n\n\n\n<p>Rundherum auf unseren Wiesen ist recht viel los. Diesmal widmeten wir uns auf dem Weg zum Imker den Schmetterlingen. Lustig fanden wir den Namen &#8222;Schachbrettfalter&#8220;. Den Bienen geht es pr\u00e4chtig und der Honig schmeckt auch sehr lecker!<\/p>\n\n\n\n<figure class=\"wp-block-gallery has-nested-images columns-default is-cropped wp-block-gallery-39 is-layout-flex wp-block-gallery-is-layout-flex\">\n<figure class=\"wp-block-image size-large\"><img loading=\"lazy\" decoding=\"async\" width=\"768\" height=\"1024\" data-id=\"386\" src=\"https:\/\/ecole-maternelle.de\/wp-content\/uploads\/2023\/07\/IMG_2415-768x1024.jpeg\" alt=\"\" class=\"wp-image-386\" srcset=\"https:\/\/ecole-maternelle.de\/wp-content\/uploads\/2023\/07\/IMG_2415-768x1024.jpeg 768w, https:\/\/ecole-maternelle.de\/wp-content\/uploads\/2023\/07\/IMG_2415-225x300.jpeg 225w, https:\/\/ecole-maternelle.de\/wp-content\/uploads\/2023\/07\/IMG_2415-1152x1536.jpeg 1152w, https:\/\/ecole-maternelle.de\/wp-content\/uploads\/2023\/07\/IMG_2415-1536x2048.jpeg 1536w, https:\/\/ecole-maternelle.de\/wp-content\/uploads\/2023\/07\/IMG_2415-scaled.jpeg 1920w\" sizes=\"auto, (max-width: 768px) 100vw, 768px\" \/><\/figure>\n\n\n\n<figure class=\"wp-block-image size-large\"><img loading=\"lazy\" decoding=\"async\" width=\"768\" height=\"1024\" data-id=\"392\" src=\"https:\/\/ecole-maternelle.de\/wp-content\/uploads\/2023\/07\/IMG_2513-768x1024.jpg\" alt=\"\" class=\"wp-image-392\" srcset=\"https:\/\/ecole-maternelle.de\/wp-content\/uploads\/2023\/07\/IMG_2513-768x1024.jpg 768w, https:\/\/ecole-maternelle.de\/wp-content\/uploads\/2023\/07\/IMG_2513-225x300.jpg 225w, https:\/\/ecole-maternelle.de\/wp-content\/uploads\/2023\/07\/IMG_2513-1152x1536.jpg 1152w, https:\/\/ecole-maternelle.de\/wp-content\/uploads\/2023\/07\/IMG_2513-1536x2048.jpg 1536w, https:\/\/ecole-maternelle.de\/wp-content\/uploads\/2023\/07\/IMG_2513-scaled.jpg 1920w\" sizes=\"auto, (max-width: 768px) 100vw, 768px\" \/><\/figure>\n\n\n\n<figure class=\"wp-block-image size-large\"><img loading=\"lazy\" decoding=\"async\" width=\"768\" height=\"1024\" data-id=\"387\" src=\"https:\/\/ecole-maternelle.de\/wp-content\/uploads\/2023\/07\/IMG_2424-768x1024.jpeg\" alt=\"\" class=\"wp-image-387\" srcset=\"https:\/\/ecole-maternelle.de\/wp-content\/uploads\/2023\/07\/IMG_2424-768x1024.jpeg 768w, https:\/\/ecole-maternelle.de\/wp-content\/uploads\/2023\/07\/IMG_2424-225x300.jpeg 225w, https:\/\/ecole-maternelle.de\/wp-content\/uploads\/2023\/07\/IMG_2424-1152x1536.jpeg 1152w, https:\/\/ecole-maternelle.de\/wp-content\/uploads\/2023\/07\/IMG_2424-1536x2048.jpeg 1536w, https:\/\/ecole-maternelle.de\/wp-content\/uploads\/2023\/07\/IMG_2424-scaled.jpeg 1920w\" sizes=\"auto, (max-width: 768px) 100vw, 768px\" \/><\/figure>\n\n\n\n<figure class=\"wp-block-image size-large\"><img loading=\"lazy\" decoding=\"async\" width=\"768\" height=\"1024\" data-id=\"391\" src=\"https:\/\/ecole-maternelle.de\/wp-content\/uploads\/2023\/07\/IMG_2520-768x1024.jpg\" alt=\"\" class=\"wp-image-391\" srcset=\"https:\/\/ecole-maternelle.de\/wp-content\/uploads\/2023\/07\/IMG_2520-768x1024.jpg 768w, https:\/\/ecole-maternelle.de\/wp-content\/uploads\/2023\/07\/IMG_2520-225x300.jpg 225w, https:\/\/ecole-maternelle.de\/wp-content\/uploads\/2023\/07\/IMG_2520-1152x1536.jpg 1152w, https:\/\/ecole-maternelle.de\/wp-content\/uploads\/2023\/07\/IMG_2520-1536x2048.jpg 1536w, https:\/\/ecole-maternelle.de\/wp-content\/uploads\/2023\/07\/IMG_2520-scaled.jpg 1920w\" sizes=\"auto, (max-width: 768px) 100vw, 768px\" \/><\/figure>\n\n\n\n<figure class=\"wp-block-image size-large\"><img loading=\"lazy\" decoding=\"async\" width=\"768\" height=\"1024\" data-id=\"390\" src=\"https:\/\/ecole-maternelle.de\/wp-content\/uploads\/2023\/07\/IMG_2524-768x1024.jpg\" alt=\"\" class=\"wp-image-390\" srcset=\"https:\/\/ecole-maternelle.de\/wp-content\/uploads\/2023\/07\/IMG_2524-768x1024.jpg 768w, https:\/\/ecole-maternelle.de\/wp-content\/uploads\/2023\/07\/IMG_2524-225x300.jpg 225w, https:\/\/ecole-maternelle.de\/wp-content\/uploads\/2023\/07\/IMG_2524-1152x1536.jpg 1152w, https:\/\/ecole-maternelle.de\/wp-content\/uploads\/2023\/07\/IMG_2524-1536x2048.jpg 1536w, https:\/\/ecole-maternelle.de\/wp-content\/uploads\/2023\/07\/IMG_2524-scaled.jpg 1920w\" sizes=\"auto, (max-width: 768px) 100vw, 768px\" \/><\/figure>\n\n\n\n<figure class=\"wp-block-image size-large\"><img loading=\"lazy\" decoding=\"async\" width=\"768\" height=\"1024\" data-id=\"389\" src=\"https:\/\/ecole-maternelle.de\/wp-content\/uploads\/2023\/07\/IMG_2530-768x1024.jpg\" alt=\"\" class=\"wp-image-389\" srcset=\"https:\/\/ecole-maternelle.de\/wp-content\/uploads\/2023\/07\/IMG_2530-768x1024.jpg 768w, https:\/\/ecole-maternelle.de\/wp-content\/uploads\/2023\/07\/IMG_2530-225x300.jpg 225w, https:\/\/ecole-maternelle.de\/wp-content\/uploads\/2023\/07\/IMG_2530-1152x1536.jpg 1152w, https:\/\/ecole-maternelle.de\/wp-content\/uploads\/2023\/07\/IMG_2530-1536x2048.jpg 1536w, https:\/\/ecole-maternelle.de\/wp-content\/uploads\/2023\/07\/IMG_2530-scaled.jpg 1920w\" sizes=\"auto, (max-width: 768px) 100vw, 768px\" \/><\/figure>\n\n\n\n<figure class=\"wp-block-image size-large\"><img loading=\"lazy\" decoding=\"async\" width=\"768\" height=\"1024\" data-id=\"388\" src=\"https:\/\/ecole-maternelle.de\/wp-content\/uploads\/2023\/07\/IMG_2534-768x1024.jpg\" alt=\"\" class=\"wp-image-388\" srcset=\"https:\/\/ecole-maternelle.de\/wp-content\/uploads\/2023\/07\/IMG_2534-768x1024.jpg 768w, https:\/\/ecole-maternelle.de\/wp-content\/uploads\/2023\/07\/IMG_2534-225x300.jpg 225w, https:\/\/ecole-maternelle.de\/wp-content\/uploads\/2023\/07\/IMG_2534-1152x1536.jpg 1152w, https:\/\/ecole-maternelle.de\/wp-content\/uploads\/2023\/07\/IMG_2534-1536x2048.jpg 1536w, https:\/\/ecole-maternelle.de\/wp-content\/uploads\/2023\/07\/IMG_2534-scaled.jpg 1920w\" sizes=\"auto, (max-width: 768px) 100vw, 768px\" \/><\/figure>\n\n\n\n<figure class=\"wp-block-image size-large\"><img loading=\"lazy\" decoding=\"async\" width=\"1024\" height=\"768\" data-id=\"401\" src=\"https:\/\/ecole-maternelle.de\/wp-content\/uploads\/2023\/08\/IMG_3881-1024x768.jpg\" alt=\"\" class=\"wp-image-401\" srcset=\"https:\/\/ecole-maternelle.de\/wp-content\/uploads\/2023\/08\/IMG_3881-1024x768.jpg 1024w, https:\/\/ecole-maternelle.de\/wp-content\/uploads\/2023\/08\/IMG_3881-300x225.jpg 300w, https:\/\/ecole-maternelle.de\/wp-content\/uploads\/2023\/08\/IMG_3881-768x576.jpg 768w, https:\/\/ecole-maternelle.de\/wp-content\/uploads\/2023\/08\/IMG_3881-1536x1152.jpg 1536w, https:\/\/ecole-maternelle.de\/wp-content\/uploads\/2023\/08\/IMG_3881-2048x1536.jpg 2048w\" sizes=\"auto, (max-width: 1024px) 100vw, 1024px\" \/><\/figure>\n\n\n\n<figure class=\"wp-block-image size-large\"><img loading=\"lazy\" decoding=\"async\" width=\"1024\" height=\"768\" data-id=\"402\" src=\"https:\/\/ecole-maternelle.de\/wp-content\/uploads\/2023\/08\/IMG_1954-1024x768.jpg\" alt=\"\" class=\"wp-image-402\" srcset=\"https:\/\/ecole-maternelle.de\/wp-content\/uploads\/2023\/08\/IMG_1954-1024x768.jpg 1024w, https:\/\/ecole-maternelle.de\/wp-content\/uploads\/2023\/08\/IMG_1954-300x225.jpg 300w, https:\/\/ecole-maternelle.de\/wp-content\/uploads\/2023\/08\/IMG_1954-768x576.jpg 768w, https:\/\/ecole-maternelle.de\/wp-content\/uploads\/2023\/08\/IMG_1954-1536x1152.jpg 1536w, https:\/\/ecole-maternelle.de\/wp-content\/uploads\/2023\/08\/IMG_1954-2048x1536.jpg 2048w\" sizes=\"auto, (max-width: 1024px) 100vw, 1024px\" \/><\/figure>\n<\/figure>\n\n\n\n<hr class=\"wp-block-separator has-alpha-channel-opacity\"\/>\n\n\n\n<h2 class=\"wp-block-heading\">Unser Sommerfest<\/h2>\n\n\n\n<p>Das diesj\u00e4hrige Sommerfest war dann doch nicht ganz so sommerlich &#8211; wir hatten trotzdem viel Spa\u00df auf unserem Lieblingsspielplatz auf dem Landgrafen. Au\u00dferdem gab es wieder viele Leckereien &#8211; ein gro\u00dfes Danke an die Eltern. Nicht nur wir Kinder tr\u00e4llerten Lieder, sondern Herr Unbekannt verhalf auch den Eltern dazu ihre Musikalit\u00e4t zum Besten zu geben. Wir hatten alle m\u00e4chtig Spa\u00df!<\/p>\n\n\n\n<figure class=\"wp-block-gallery has-nested-images columns-default is-cropped wp-block-gallery-40 is-layout-flex wp-block-gallery-is-layout-flex\">\n<figure class=\"wp-block-image size-large\"><img loading=\"lazy\" decoding=\"async\" width=\"1024\" height=\"768\" data-id=\"380\" src=\"https:\/\/ecole-maternelle.de\/wp-content\/uploads\/2023\/05\/Sommerfest23-1024x768.jpeg\" alt=\"\" class=\"wp-image-380\" srcset=\"https:\/\/ecole-maternelle.de\/wp-content\/uploads\/2023\/05\/Sommerfest23-1024x768.jpeg 1024w, https:\/\/ecole-maternelle.de\/wp-content\/uploads\/2023\/05\/Sommerfest23-300x225.jpeg 300w, https:\/\/ecole-maternelle.de\/wp-content\/uploads\/2023\/05\/Sommerfest23-768x576.jpeg 768w, https:\/\/ecole-maternelle.de\/wp-content\/uploads\/2023\/05\/Sommerfest23-1536x1152.jpeg 1536w, https:\/\/ecole-maternelle.de\/wp-content\/uploads\/2023\/05\/Sommerfest23-2048x1536.jpeg 2048w\" sizes=\"auto, (max-width: 1024px) 100vw, 1024px\" \/><\/figure>\n\n\n\n<figure class=\"wp-block-image size-large\"><img loading=\"lazy\" decoding=\"async\" width=\"1024\" height=\"768\" data-id=\"381\" src=\"https:\/\/ecole-maternelle.de\/wp-content\/uploads\/2023\/05\/Sommerfest-23-1024x768.jpeg\" alt=\"\" class=\"wp-image-381\" srcset=\"https:\/\/ecole-maternelle.de\/wp-content\/uploads\/2023\/05\/Sommerfest-23-1024x768.jpeg 1024w, https:\/\/ecole-maternelle.de\/wp-content\/uploads\/2023\/05\/Sommerfest-23-300x225.jpeg 300w, https:\/\/ecole-maternelle.de\/wp-content\/uploads\/2023\/05\/Sommerfest-23-768x576.jpeg 768w, https:\/\/ecole-maternelle.de\/wp-content\/uploads\/2023\/05\/Sommerfest-23-1536x1152.jpeg 1536w, https:\/\/ecole-maternelle.de\/wp-content\/uploads\/2023\/05\/Sommerfest-23-2048x1536.jpeg 2048w\" sizes=\"auto, (max-width: 1024px) 100vw, 1024px\" \/><\/figure>\n<\/figure>\n\n\n\n<hr class=\"wp-block-separator has-alpha-channel-opacity\"\/>\n\n\n\n<h2 class=\"wp-block-heading\">Willi, der Waschb\u00e4r &#8211; unser Z\u00e4hneputzprojekt<\/h2>\n\n\n\n<p>Willi, der Waschb\u00e4r ist wieder bei uns zu Besuch. Er lehrt uns das richtige Z\u00e4hneputzen. Mit ihm macht das echt Spa\u00df!<\/p>\n\n\n\n<figure class=\"wp-block-gallery has-nested-images columns-default is-cropped wp-block-gallery-41 is-layout-flex wp-block-gallery-is-layout-flex\">\n<figure class=\"wp-block-image size-large\"><img loading=\"lazy\" decoding=\"async\" width=\"1024\" height=\"768\" data-id=\"316\" src=\"https:\/\/ecole-maternelle.de\/wp-content\/uploads\/2023\/05\/IMG_3782-1024x768.jpg\" alt=\"\" class=\"wp-image-316\" srcset=\"https:\/\/ecole-maternelle.de\/wp-content\/uploads\/2023\/05\/IMG_3782-1024x768.jpg 1024w, https:\/\/ecole-maternelle.de\/wp-content\/uploads\/2023\/05\/IMG_3782-300x225.jpg 300w, https:\/\/ecole-maternelle.de\/wp-content\/uploads\/2023\/05\/IMG_3782-768x576.jpg 768w, https:\/\/ecole-maternelle.de\/wp-content\/uploads\/2023\/05\/IMG_3782-1536x1152.jpg 1536w, https:\/\/ecole-maternelle.de\/wp-content\/uploads\/2023\/05\/IMG_3782-2048x1536.jpg 2048w\" sizes=\"auto, (max-width: 1024px) 100vw, 1024px\" \/><\/figure>\n\n\n\n<figure class=\"wp-block-image size-large\"><img loading=\"lazy\" decoding=\"async\" width=\"1024\" height=\"768\" data-id=\"315\" src=\"https:\/\/ecole-maternelle.de\/wp-content\/uploads\/2023\/05\/IMG_3780-1024x768.jpg\" alt=\"\" class=\"wp-image-315\" srcset=\"https:\/\/ecole-maternelle.de\/wp-content\/uploads\/2023\/05\/IMG_3780-1024x768.jpg 1024w, https:\/\/ecole-maternelle.de\/wp-content\/uploads\/2023\/05\/IMG_3780-300x225.jpg 300w, https:\/\/ecole-maternelle.de\/wp-content\/uploads\/2023\/05\/IMG_3780-768x576.jpg 768w, https:\/\/ecole-maternelle.de\/wp-content\/uploads\/2023\/05\/IMG_3780-1536x1152.jpg 1536w, https:\/\/ecole-maternelle.de\/wp-content\/uploads\/2023\/05\/IMG_3780-2048x1536.jpg 2048w\" sizes=\"auto, (max-width: 1024px) 100vw, 1024px\" \/><\/figure>\n<\/figure>\n\n\n\n<hr class=\"wp-block-separator has-alpha-channel-opacity\"\/>\n\n\n\n<h2 class=\"wp-block-heading\">Ausflug in den Botanischen Garten<\/h2>\n\n\n\n<p>Wir lieben unseren Botanischen Garten und machen regelm\u00e4\u00dfig Ausfl\u00fcge dorthin. Zu jeder Jahreszeit sieht es dort anders aus, aber die Wachteln sind immer im Palmenhaus. Die sind so trollig!<\/p>\n\n\n\n<figure class=\"wp-block-gallery has-nested-images columns-default is-cropped wp-block-gallery-42 is-layout-flex wp-block-gallery-is-layout-flex\">\n<figure class=\"wp-block-image size-large\"><img loading=\"lazy\" decoding=\"async\" width=\"1024\" height=\"683\" data-id=\"314\" src=\"https:\/\/ecole-maternelle.de\/wp-content\/uploads\/2023\/05\/Bot-Garten-1024x683.jpg\" alt=\"\" class=\"wp-image-314\" srcset=\"https:\/\/ecole-maternelle.de\/wp-content\/uploads\/2023\/05\/Bot-Garten-1024x683.jpg 1024w, https:\/\/ecole-maternelle.de\/wp-content\/uploads\/2023\/05\/Bot-Garten-300x200.jpg 300w, https:\/\/ecole-maternelle.de\/wp-content\/uploads\/2023\/05\/Bot-Garten-768x512.jpg 768w, https:\/\/ecole-maternelle.de\/wp-content\/uploads\/2023\/05\/Bot-Garten-1536x1024.jpg 1536w, https:\/\/ecole-maternelle.de\/wp-content\/uploads\/2023\/05\/Bot-Garten-2048x1365.jpg 2048w, https:\/\/ecole-maternelle.de\/wp-content\/uploads\/2023\/05\/Bot-Garten-960x640.jpg 960w\" sizes=\"auto, (max-width: 1024px) 100vw, 1024px\" \/><\/figure>\n\n\n\n<figure class=\"wp-block-image size-large\"><img loading=\"lazy\" decoding=\"async\" width=\"1024\" height=\"683\" data-id=\"313\" src=\"https:\/\/ecole-maternelle.de\/wp-content\/uploads\/2023\/05\/Bot-Garten-Wachteln-1024x683.jpg\" alt=\"\" class=\"wp-image-313\" srcset=\"https:\/\/ecole-maternelle.de\/wp-content\/uploads\/2023\/05\/Bot-Garten-Wachteln-1024x683.jpg 1024w, https:\/\/ecole-maternelle.de\/wp-content\/uploads\/2023\/05\/Bot-Garten-Wachteln-300x200.jpg 300w, https:\/\/ecole-maternelle.de\/wp-content\/uploads\/2023\/05\/Bot-Garten-Wachteln-768x512.jpg 768w, https:\/\/ecole-maternelle.de\/wp-content\/uploads\/2023\/05\/Bot-Garten-Wachteln-1536x1024.jpg 1536w, https:\/\/ecole-maternelle.de\/wp-content\/uploads\/2023\/05\/Bot-Garten-Wachteln-2048x1365.jpg 2048w, https:\/\/ecole-maternelle.de\/wp-content\/uploads\/2023\/05\/Bot-Garten-Wachteln-960x640.jpg 960w\" sizes=\"auto, (max-width: 1024px) 100vw, 1024px\" \/><\/figure>\n<\/figure>\n\n\n\n<hr class=\"wp-block-separator has-alpha-channel-opacity\"\/>\n\n\n\n<h2 class=\"wp-block-heading\">Orchideenwanderung<\/h2>\n\n\n\n<p>Endlich wird es wieder w\u00e4rmer und wir k\u00f6nnen in die Natur!! Wir suchen Orchideen sowie Versteinerungen und finden viel mehr als das.<\/p>\n\n\n\n<figure class=\"wp-block-gallery has-nested-images columns-default is-cropped wp-block-gallery-43 is-layout-flex wp-block-gallery-is-layout-flex\">\n<figure class=\"wp-block-image size-large\"><img loading=\"lazy\" decoding=\"async\" width=\"1024\" height=\"768\" data-id=\"303\" src=\"https:\/\/ecole-maternelle.de\/wp-content\/uploads\/2023\/05\/IMG_1248-1024x768.jpeg\" alt=\"\" class=\"wp-image-303\" srcset=\"https:\/\/ecole-maternelle.de\/wp-content\/uploads\/2023\/05\/IMG_1248-1024x768.jpeg 1024w, https:\/\/ecole-maternelle.de\/wp-content\/uploads\/2023\/05\/IMG_1248-300x225.jpeg 300w, https:\/\/ecole-maternelle.de\/wp-content\/uploads\/2023\/05\/IMG_1248-768x576.jpeg 768w, https:\/\/ecole-maternelle.de\/wp-content\/uploads\/2023\/05\/IMG_1248-1536x1152.jpeg 1536w, https:\/\/ecole-maternelle.de\/wp-content\/uploads\/2023\/05\/IMG_1248-2048x1536.jpeg 2048w\" sizes=\"auto, (max-width: 1024px) 100vw, 1024px\" \/><\/figure>\n\n\n\n<figure class=\"wp-block-image size-large\"><img loading=\"lazy\" decoding=\"async\" width=\"768\" height=\"1024\" data-id=\"302\" src=\"https:\/\/ecole-maternelle.de\/wp-content\/uploads\/2023\/05\/IMG_1250-768x1024.jpeg\" alt=\"\" class=\"wp-image-302\" srcset=\"https:\/\/ecole-maternelle.de\/wp-content\/uploads\/2023\/05\/IMG_1250-768x1024.jpeg 768w, https:\/\/ecole-maternelle.de\/wp-content\/uploads\/2023\/05\/IMG_1250-225x300.jpeg 225w, https:\/\/ecole-maternelle.de\/wp-content\/uploads\/2023\/05\/IMG_1250-1152x1536.jpeg 1152w, https:\/\/ecole-maternelle.de\/wp-content\/uploads\/2023\/05\/IMG_1250-1536x2048.jpeg 1536w, https:\/\/ecole-maternelle.de\/wp-content\/uploads\/2023\/05\/IMG_1250-scaled.jpeg 1920w\" sizes=\"auto, (max-width: 768px) 100vw, 768px\" \/><\/figure>\n\n\n\n<figure class=\"wp-block-image size-large\"><img loading=\"lazy\" decoding=\"async\" width=\"768\" height=\"1024\" data-id=\"304\" src=\"https:\/\/ecole-maternelle.de\/wp-content\/uploads\/2023\/05\/IMG_1249-768x1024.jpeg\" alt=\"\" class=\"wp-image-304\" srcset=\"https:\/\/ecole-maternelle.de\/wp-content\/uploads\/2023\/05\/IMG_1249-768x1024.jpeg 768w, https:\/\/ecole-maternelle.de\/wp-content\/uploads\/2023\/05\/IMG_1249-225x300.jpeg 225w, https:\/\/ecole-maternelle.de\/wp-content\/uploads\/2023\/05\/IMG_1249-1152x1536.jpeg 1152w, https:\/\/ecole-maternelle.de\/wp-content\/uploads\/2023\/05\/IMG_1249-1536x2048.jpeg 1536w, https:\/\/ecole-maternelle.de\/wp-content\/uploads\/2023\/05\/IMG_1249-scaled.jpeg 1920w\" sizes=\"auto, (max-width: 768px) 100vw, 768px\" \/><\/figure>\n\n\n\n<figure class=\"wp-block-image size-large\"><img loading=\"lazy\" decoding=\"async\" width=\"1024\" height=\"683\" data-id=\"306\" src=\"https:\/\/ecole-maternelle.de\/wp-content\/uploads\/2023\/05\/IMG_8876-1024x683.jpg\" alt=\"\" class=\"wp-image-306\" srcset=\"https:\/\/ecole-maternelle.de\/wp-content\/uploads\/2023\/05\/IMG_8876-1024x683.jpg 1024w, https:\/\/ecole-maternelle.de\/wp-content\/uploads\/2023\/05\/IMG_8876-300x200.jpg 300w, https:\/\/ecole-maternelle.de\/wp-content\/uploads\/2023\/05\/IMG_8876-768x512.jpg 768w, https:\/\/ecole-maternelle.de\/wp-content\/uploads\/2023\/05\/IMG_8876-1536x1024.jpg 1536w, https:\/\/ecole-maternelle.de\/wp-content\/uploads\/2023\/05\/IMG_8876-2048x1365.jpg 2048w, https:\/\/ecole-maternelle.de\/wp-content\/uploads\/2023\/05\/IMG_8876-960x640.jpg 960w\" sizes=\"auto, (max-width: 1024px) 100vw, 1024px\" \/><\/figure>\n\n\n\n<figure class=\"wp-block-image size-large\"><img loading=\"lazy\" decoding=\"async\" width=\"1024\" height=\"1016\" data-id=\"321\" src=\"https:\/\/ecole-maternelle.de\/wp-content\/uploads\/2023\/05\/Orchidee-1-1024x1016.jpg\" alt=\"\" class=\"wp-image-321\" srcset=\"https:\/\/ecole-maternelle.de\/wp-content\/uploads\/2023\/05\/Orchidee-1-1024x1016.jpg 1024w, https:\/\/ecole-maternelle.de\/wp-content\/uploads\/2023\/05\/Orchidee-1-300x298.jpg 300w, https:\/\/ecole-maternelle.de\/wp-content\/uploads\/2023\/05\/Orchidee-1-150x150.jpg 150w, https:\/\/ecole-maternelle.de\/wp-content\/uploads\/2023\/05\/Orchidee-1-768x762.jpg 768w, https:\/\/ecole-maternelle.de\/wp-content\/uploads\/2023\/05\/Orchidee-1-1536x1524.jpg 1536w, https:\/\/ecole-maternelle.de\/wp-content\/uploads\/2023\/05\/Orchidee-1-2048x2032.jpg 2048w\" sizes=\"auto, (max-width: 1024px) 100vw, 1024px\" \/><\/figure>\n\n\n\n<figure class=\"wp-block-image size-large\"><img loading=\"lazy\" decoding=\"async\" width=\"1024\" height=\"683\" data-id=\"307\" src=\"https:\/\/ecole-maternelle.de\/wp-content\/uploads\/2023\/05\/IMG_8878-1024x683.jpg\" alt=\"\" class=\"wp-image-307\" srcset=\"https:\/\/ecole-maternelle.de\/wp-content\/uploads\/2023\/05\/IMG_8878-1024x683.jpg 1024w, https:\/\/ecole-maternelle.de\/wp-content\/uploads\/2023\/05\/IMG_8878-300x200.jpg 300w, https:\/\/ecole-maternelle.de\/wp-content\/uploads\/2023\/05\/IMG_8878-768x512.jpg 768w, https:\/\/ecole-maternelle.de\/wp-content\/uploads\/2023\/05\/IMG_8878-1536x1024.jpg 1536w, https:\/\/ecole-maternelle.de\/wp-content\/uploads\/2023\/05\/IMG_8878-2048x1365.jpg 2048w, https:\/\/ecole-maternelle.de\/wp-content\/uploads\/2023\/05\/IMG_8878-960x640.jpg 960w\" sizes=\"auto, (max-width: 1024px) 100vw, 1024px\" \/><\/figure>\n\n\n\n<figure class=\"wp-block-image size-large\"><img loading=\"lazy\" decoding=\"async\" width=\"683\" height=\"1024\" data-id=\"308\" src=\"https:\/\/ecole-maternelle.de\/wp-content\/uploads\/2023\/05\/IMG_8883-683x1024.jpg\" alt=\"\" class=\"wp-image-308\" srcset=\"https:\/\/ecole-maternelle.de\/wp-content\/uploads\/2023\/05\/IMG_8883-683x1024.jpg 683w, https:\/\/ecole-maternelle.de\/wp-content\/uploads\/2023\/05\/IMG_8883-200x300.jpg 200w, https:\/\/ecole-maternelle.de\/wp-content\/uploads\/2023\/05\/IMG_8883-768x1152.jpg 768w, https:\/\/ecole-maternelle.de\/wp-content\/uploads\/2023\/05\/IMG_8883-1024x1536.jpg 1024w, https:\/\/ecole-maternelle.de\/wp-content\/uploads\/2023\/05\/IMG_8883-1365x2048.jpg 1365w, https:\/\/ecole-maternelle.de\/wp-content\/uploads\/2023\/05\/IMG_8883-scaled.jpg 1707w\" sizes=\"auto, (max-width: 683px) 100vw, 683px\" \/><\/figure>\n\n\n\n<figure class=\"wp-block-image size-large\"><img loading=\"lazy\" decoding=\"async\" width=\"1024\" height=\"683\" data-id=\"317\" src=\"https:\/\/ecole-maternelle.de\/wp-content\/uploads\/2023\/05\/IMG_8891-1024x683.jpg\" alt=\"\" class=\"wp-image-317\" srcset=\"https:\/\/ecole-maternelle.de\/wp-content\/uploads\/2023\/05\/IMG_8891-1024x683.jpg 1024w, https:\/\/ecole-maternelle.de\/wp-content\/uploads\/2023\/05\/IMG_8891-300x200.jpg 300w, https:\/\/ecole-maternelle.de\/wp-content\/uploads\/2023\/05\/IMG_8891-768x512.jpg 768w, https:\/\/ecole-maternelle.de\/wp-content\/uploads\/2023\/05\/IMG_8891-1536x1024.jpg 1536w, https:\/\/ecole-maternelle.de\/wp-content\/uploads\/2023\/05\/IMG_8891-2048x1365.jpg 2048w, https:\/\/ecole-maternelle.de\/wp-content\/uploads\/2023\/05\/IMG_8891-960x640.jpg 960w\" sizes=\"auto, (max-width: 1024px) 100vw, 1024px\" \/><\/figure>\n\n\n\n<figure class=\"wp-block-image size-large\"><img loading=\"lazy\" decoding=\"async\" width=\"683\" height=\"1024\" data-id=\"309\" src=\"https:\/\/ecole-maternelle.de\/wp-content\/uploads\/2023\/05\/IMG_8884-683x1024.jpg\" alt=\"\" class=\"wp-image-309\" srcset=\"https:\/\/ecole-maternelle.de\/wp-content\/uploads\/2023\/05\/IMG_8884-683x1024.jpg 683w, https:\/\/ecole-maternelle.de\/wp-content\/uploads\/2023\/05\/IMG_8884-200x300.jpg 200w, https:\/\/ecole-maternelle.de\/wp-content\/uploads\/2023\/05\/IMG_8884-768x1152.jpg 768w, https:\/\/ecole-maternelle.de\/wp-content\/uploads\/2023\/05\/IMG_8884-1024x1536.jpg 1024w, https:\/\/ecole-maternelle.de\/wp-content\/uploads\/2023\/05\/IMG_8884-1365x2048.jpg 1365w, https:\/\/ecole-maternelle.de\/wp-content\/uploads\/2023\/05\/IMG_8884-scaled.jpg 1707w\" sizes=\"auto, (max-width: 683px) 100vw, 683px\" \/><\/figure>\n<\/figure>\n\n\n\n<hr class=\"wp-block-separator has-alpha-channel-opacity\"\/>\n\n\n\n<h2 class=\"wp-block-heading\">Pflanzprojekt<\/h2>\n\n\n\n<p>Endlich wird es Fr\u00fchling! Beim Fr\u00fchjahrsputz sind ein paar Gummistiefel \u00fcbrig geblieben &#8211; was machen wir damit? Klar, unsere Ecole schm\u00fccken:<\/p>\n\n\n\n<figure class=\"wp-block-gallery has-nested-images columns-default is-cropped wp-block-gallery-44 is-layout-flex wp-block-gallery-is-layout-flex\">\n<figure class=\"wp-block-image size-large\"><img loading=\"lazy\" decoding=\"async\" width=\"640\" height=\"480\" data-id=\"344\" src=\"https:\/\/ecole-maternelle.de\/wp-content\/uploads\/2023\/05\/Wichtelstiefel-Fruehling.jpeg\" alt=\"\" class=\"wp-image-344\" srcset=\"https:\/\/ecole-maternelle.de\/wp-content\/uploads\/2023\/05\/Wichtelstiefel-Fruehling.jpeg 640w, https:\/\/ecole-maternelle.de\/wp-content\/uploads\/2023\/05\/Wichtelstiefel-Fruehling-300x225.jpeg 300w\" sizes=\"auto, (max-width: 640px) 100vw, 640px\" \/><\/figure>\n\n\n\n<figure class=\"wp-block-image size-large\"><img loading=\"lazy\" decoding=\"async\" width=\"640\" height=\"480\" data-id=\"345\" src=\"https:\/\/ecole-maternelle.de\/wp-content\/uploads\/2023\/05\/Wichtelstiefel-Hyanzinthen.jpeg\" alt=\"\" class=\"wp-image-345\" srcset=\"https:\/\/ecole-maternelle.de\/wp-content\/uploads\/2023\/05\/Wichtelstiefel-Hyanzinthen.jpeg 640w, https:\/\/ecole-maternelle.de\/wp-content\/uploads\/2023\/05\/Wichtelstiefel-Hyanzinthen-300x225.jpeg 300w\" sizes=\"auto, (max-width: 640px) 100vw, 640px\" \/><\/figure>\n<\/figure>\n\n\n\n<hr class=\"wp-block-separator has-alpha-channel-opacity\"\/>\n\n\n\n<h2 class=\"wp-block-heading\">Faschingszeit<\/h2>\n\n\n\n<p>Und schon wieder W\u00dcRMER&#8230; diesmal zusammen mit Kr\u00f6ten und Flederm\u00e4usen \ud83d\ude00 in unserer Faschingsbowle!!! Und dazu gab es lecker Pfannkuchen.<\/p>\n\n\n\n<figure class=\"wp-block-gallery has-nested-images columns-default is-cropped wp-block-gallery-45 is-layout-flex wp-block-gallery-is-layout-flex\">\n<figure class=\"wp-block-image size-large\"><img loading=\"lazy\" decoding=\"async\" width=\"1024\" height=\"768\" data-id=\"296\" src=\"https:\/\/ecole-maternelle.de\/wp-content\/uploads\/2023\/02\/IMG_8190-1024x768.jpg\" alt=\"\" class=\"wp-image-296\" srcset=\"https:\/\/ecole-maternelle.de\/wp-content\/uploads\/2023\/02\/IMG_8190-1024x768.jpg 1024w, https:\/\/ecole-maternelle.de\/wp-content\/uploads\/2023\/02\/IMG_8190-300x225.jpg 300w, https:\/\/ecole-maternelle.de\/wp-content\/uploads\/2023\/02\/IMG_8190-768x576.jpg 768w, https:\/\/ecole-maternelle.de\/wp-content\/uploads\/2023\/02\/IMG_8190-1536x1152.jpg 1536w, https:\/\/ecole-maternelle.de\/wp-content\/uploads\/2023\/02\/IMG_8190-2048x1536.jpg 2048w\" sizes=\"auto, (max-width: 1024px) 100vw, 1024px\" \/><\/figure>\n\n\n\n<figure class=\"wp-block-image size-large\"><img loading=\"lazy\" decoding=\"async\" width=\"1024\" height=\"683\" data-id=\"294\" src=\"https:\/\/ecole-maternelle.de\/wp-content\/uploads\/2023\/02\/IMG_8230-1024x683.jpg\" alt=\"\" class=\"wp-image-294\" srcset=\"https:\/\/ecole-maternelle.de\/wp-content\/uploads\/2023\/02\/IMG_8230-1024x683.jpg 1024w, https:\/\/ecole-maternelle.de\/wp-content\/uploads\/2023\/02\/IMG_8230-300x200.jpg 300w, https:\/\/ecole-maternelle.de\/wp-content\/uploads\/2023\/02\/IMG_8230-768x512.jpg 768w, https:\/\/ecole-maternelle.de\/wp-content\/uploads\/2023\/02\/IMG_8230-1536x1024.jpg 1536w, https:\/\/ecole-maternelle.de\/wp-content\/uploads\/2023\/02\/IMG_8230-2048x1365.jpg 2048w, https:\/\/ecole-maternelle.de\/wp-content\/uploads\/2023\/02\/IMG_8230-960x640.jpg 960w\" sizes=\"auto, (max-width: 1024px) 100vw, 1024px\" \/><\/figure>\n<\/figure>\n\n\n\n<hr class=\"wp-block-separator has-alpha-channel-opacity\"\/>\n\n\n\n<h2 class=\"wp-block-heading\">Biologie<\/h2>\n\n\n\n<p>Ui! Was krabbelt da?! Wir erfuhren viel \u00fcber Vogelspinnen und Riesentausendf\u00fc\u00dfer.<\/p>\n\n\n\n<figure class=\"wp-block-gallery has-nested-images columns-default is-cropped wp-block-gallery-46 is-layout-flex wp-block-gallery-is-layout-flex\">\n<figure class=\"wp-block-image size-large\"><img loading=\"lazy\" decoding=\"async\" width=\"511\" height=\"768\" data-id=\"283\" src=\"https:\/\/ecole-maternelle.de\/wp-content\/uploads\/2023\/02\/IMG_7970.jpg\" alt=\"\" class=\"wp-image-283\" srcset=\"https:\/\/ecole-maternelle.de\/wp-content\/uploads\/2023\/02\/IMG_7970.jpg 511w, https:\/\/ecole-maternelle.de\/wp-content\/uploads\/2023\/02\/IMG_7970-200x300.jpg 200w\" sizes=\"auto, (max-width: 511px) 100vw, 511px\" \/><\/figure>\n\n\n\n<figure class=\"wp-block-image size-large\"><img loading=\"lazy\" decoding=\"async\" width=\"1024\" height=\"682\" data-id=\"285\" src=\"https:\/\/ecole-maternelle.de\/wp-content\/uploads\/2023\/02\/IMG_7976.jpg\" alt=\"\" class=\"wp-image-285\" srcset=\"https:\/\/ecole-maternelle.de\/wp-content\/uploads\/2023\/02\/IMG_7976.jpg 1024w, https:\/\/ecole-maternelle.de\/wp-content\/uploads\/2023\/02\/IMG_7976-300x200.jpg 300w, https:\/\/ecole-maternelle.de\/wp-content\/uploads\/2023\/02\/IMG_7976-768x512.jpg 768w, https:\/\/ecole-maternelle.de\/wp-content\/uploads\/2023\/02\/IMG_7976-960x640.jpg 960w\" sizes=\"auto, (max-width: 1024px) 100vw, 1024px\" \/><\/figure>\n\n\n\n<figure class=\"wp-block-image size-large\"><img loading=\"lazy\" decoding=\"async\" width=\"511\" height=\"768\" data-id=\"284\" src=\"https:\/\/ecole-maternelle.de\/wp-content\/uploads\/2023\/02\/IMG_7973.jpg\" alt=\"\" class=\"wp-image-284\" srcset=\"https:\/\/ecole-maternelle.de\/wp-content\/uploads\/2023\/02\/IMG_7973.jpg 511w, https:\/\/ecole-maternelle.de\/wp-content\/uploads\/2023\/02\/IMG_7973-200x300.jpg 200w\" sizes=\"auto, (max-width: 511px) 100vw, 511px\" \/><\/figure>\n<\/figure>\n\n\n\n<hr class=\"wp-block-separator has-alpha-channel-opacity\"\/>\n\n\n\n<h2 class=\"wp-block-heading\">Eisspa\u00df<\/h2>\n\n\n\n<p>Endlich ist es doch noch mal kalt geworden und ein bisschen Schnee ist zumindest auf den Bergen gefallen. Die gefrorenen Pf\u00fctzen sind das ALLERBESTE!<\/p>\n\n\n\n<figure class=\"wp-block-gallery has-nested-images columns-default is-cropped wp-block-gallery-47 is-layout-flex wp-block-gallery-is-layout-flex\">\n<figure class=\"wp-block-image size-large\"><img loading=\"lazy\" decoding=\"async\" width=\"1024\" height=\"768\" data-id=\"279\" src=\"https:\/\/ecole-maternelle.de\/wp-content\/uploads\/2023\/02\/IMG_9957.jpeg\" alt=\"\" class=\"wp-image-279\" srcset=\"https:\/\/ecole-maternelle.de\/wp-content\/uploads\/2023\/02\/IMG_9957.jpeg 1024w, https:\/\/ecole-maternelle.de\/wp-content\/uploads\/2023\/02\/IMG_9957-300x225.jpeg 300w, https:\/\/ecole-maternelle.de\/wp-content\/uploads\/2023\/02\/IMG_9957-768x576.jpeg 768w\" sizes=\"auto, (max-width: 1024px) 100vw, 1024px\" \/><\/figure>\n\n\n\n<figure class=\"wp-block-image size-large\"><img loading=\"lazy\" decoding=\"async\" width=\"1024\" height=\"768\" data-id=\"282\" src=\"https:\/\/ecole-maternelle.de\/wp-content\/uploads\/2023\/02\/IMG_9964-1024x768.jpg\" alt=\"\" class=\"wp-image-282\" srcset=\"https:\/\/ecole-maternelle.de\/wp-content\/uploads\/2023\/02\/IMG_9964-1024x768.jpg 1024w, https:\/\/ecole-maternelle.de\/wp-content\/uploads\/2023\/02\/IMG_9964-300x225.jpg 300w, https:\/\/ecole-maternelle.de\/wp-content\/uploads\/2023\/02\/IMG_9964-768x576.jpg 768w, https:\/\/ecole-maternelle.de\/wp-content\/uploads\/2023\/02\/IMG_9964-1536x1152.jpg 1536w, https:\/\/ecole-maternelle.de\/wp-content\/uploads\/2023\/02\/IMG_9964-2048x1536.jpg 2048w\" sizes=\"auto, (max-width: 1024px) 100vw, 1024px\" \/><\/figure>\n\n\n\n<figure class=\"wp-block-image size-large\"><img loading=\"lazy\" decoding=\"async\" width=\"768\" height=\"1024\" data-id=\"281\" src=\"https:\/\/ecole-maternelle.de\/wp-content\/uploads\/2023\/02\/IMG_9996.jpeg\" alt=\"\" class=\"wp-image-281\" srcset=\"https:\/\/ecole-maternelle.de\/wp-content\/uploads\/2023\/02\/IMG_9996.jpeg 768w, https:\/\/ecole-maternelle.de\/wp-content\/uploads\/2023\/02\/IMG_9996-225x300.jpeg 225w\" sizes=\"auto, (max-width: 768px) 100vw, 768px\" \/><\/figure>\n\n\n\n<figure class=\"wp-block-image size-large\"><img loading=\"lazy\" decoding=\"async\" width=\"768\" height=\"1024\" data-id=\"280\" src=\"https:\/\/ecole-maternelle.de\/wp-content\/uploads\/2023\/02\/IMG_9948.jpeg\" alt=\"\" class=\"wp-image-280\" srcset=\"https:\/\/ecole-maternelle.de\/wp-content\/uploads\/2023\/02\/IMG_9948.jpeg 768w, https:\/\/ecole-maternelle.de\/wp-content\/uploads\/2023\/02\/IMG_9948-225x300.jpeg 225w\" sizes=\"auto, (max-width: 768px) 100vw, 768px\" \/><\/figure>\n<\/figure>\n\n\n\n<hr class=\"wp-block-separator has-alpha-channel-opacity\"\/>\n\n\n\n<h2 class=\"wp-block-heading\">Die Zeit der Drei Heiligen K\u00f6nige<\/h2>\n\n\n\n<p>Um dann endlich Galette des Rois zu essen, ist einiges an Vorarbeit notwendig. Nicht nur backen, sondern auch die Kronen basteln. Das Rezept gibt es unter der Kategorie &#8222;Feste&#8220;. Es war wieder lecker!!<\/p>\n\n\n\n<figure class=\"wp-block-gallery has-nested-images columns-default is-cropped wp-block-gallery-48 is-layout-flex wp-block-gallery-is-layout-flex\">\n<figure class=\"wp-block-image size-large\"><img loading=\"lazy\" decoding=\"async\" width=\"1024\" height=\"682\" data-id=\"276\" src=\"https:\/\/ecole-maternelle.de\/wp-content\/uploads\/2023\/02\/IMG_7761.jpg\" alt=\"\" class=\"wp-image-276\" srcset=\"https:\/\/ecole-maternelle.de\/wp-content\/uploads\/2023\/02\/IMG_7761.jpg 1024w, https:\/\/ecole-maternelle.de\/wp-content\/uploads\/2023\/02\/IMG_7761-300x200.jpg 300w, https:\/\/ecole-maternelle.de\/wp-content\/uploads\/2023\/02\/IMG_7761-768x512.jpg 768w, https:\/\/ecole-maternelle.de\/wp-content\/uploads\/2023\/02\/IMG_7761-960x640.jpg 960w\" sizes=\"auto, (max-width: 1024px) 100vw, 1024px\" \/><\/figure>\n\n\n\n<figure class=\"wp-block-image size-large\"><img loading=\"lazy\" decoding=\"async\" width=\"1024\" height=\"682\" data-id=\"278\" src=\"https:\/\/ecole-maternelle.de\/wp-content\/uploads\/2023\/02\/IMG_7897.jpg\" alt=\"\" class=\"wp-image-278\" srcset=\"https:\/\/ecole-maternelle.de\/wp-content\/uploads\/2023\/02\/IMG_7897.jpg 1024w, https:\/\/ecole-maternelle.de\/wp-content\/uploads\/2023\/02\/IMG_7897-300x200.jpg 300w, https:\/\/ecole-maternelle.de\/wp-content\/uploads\/2023\/02\/IMG_7897-768x512.jpg 768w, https:\/\/ecole-maternelle.de\/wp-content\/uploads\/2023\/02\/IMG_7897-960x640.jpg 960w\" sizes=\"auto, (max-width: 1024px) 100vw, 1024px\" \/><\/figure>\n\n\n\n<figure class=\"wp-block-image size-large\"><img loading=\"lazy\" decoding=\"async\" width=\"511\" height=\"768\" data-id=\"277\" src=\"https:\/\/ecole-maternelle.de\/wp-content\/uploads\/2023\/02\/IMG_7932.jpg\" alt=\"\" class=\"wp-image-277\" srcset=\"https:\/\/ecole-maternelle.de\/wp-content\/uploads\/2023\/02\/IMG_7932.jpg 511w, https:\/\/ecole-maternelle.de\/wp-content\/uploads\/2023\/02\/IMG_7932-200x300.jpg 200w\" sizes=\"auto, (max-width: 511px) 100vw, 511px\" \/><\/figure>\n<\/figure>\n\n\n\n<hr class=\"wp-block-separator has-alpha-channel-opacity\"\/>\n\n\n\n<h2 class=\"wp-block-heading\">Martingsumzug<\/h2>\n\n\n\n<p>Der Martinsumzug besteht aus Gesang, dem Umzug und das Aufw\u00e4rmen an der Feuerschale. Diesmal gab es frisch \u00fcber dem Feuer ger\u00f6stetes Poppcorn.<\/p>\n\n\n\n<figure class=\"wp-block-image size-large is-resized\"><img loading=\"lazy\" decoding=\"async\" width=\"1024\" height=\"691\" src=\"https:\/\/ecole-maternelle.de\/wp-content\/uploads\/2023\/01\/IMG_7451-scaled-e1673520471600-1024x691.jpg\" alt=\"\" class=\"wp-image-270\" srcset=\"https:\/\/ecole-maternelle.de\/wp-content\/uploads\/2023\/01\/IMG_7451-scaled-e1673520471600-1024x691.jpg 1024w, https:\/\/ecole-maternelle.de\/wp-content\/uploads\/2023\/01\/IMG_7451-scaled-e1673520471600-300x203.jpg 300w, https:\/\/ecole-maternelle.de\/wp-content\/uploads\/2023\/01\/IMG_7451-scaled-e1673520471600-768x518.jpg 768w, https:\/\/ecole-maternelle.de\/wp-content\/uploads\/2023\/01\/IMG_7451-scaled-e1673520471600-1536x1037.jpg 1536w, https:\/\/ecole-maternelle.de\/wp-content\/uploads\/2023\/01\/IMG_7451-scaled-e1673520471600-2048x1382.jpg 2048w\" sizes=\"auto, (max-width: 1024px) 100vw, 1024px\" \/><\/figure>\n\n\n\n<hr class=\"wp-block-separator has-alpha-channel-opacity\"\/>\n\n\n\n<h2 class=\"wp-block-heading\">Besuch bei der Feuerwehr<\/h2>\n\n\n\n<p>Wir bestaunten die Seilaktionen der FEUERWEHR und lie\u00dfen uns jede Menge erkl\u00e4ren.<\/p>\n\n\n\n<figure class=\"wp-block-gallery has-nested-images columns-default is-cropped wp-block-gallery-49 is-layout-flex wp-block-gallery-is-layout-flex\">\n<figure class=\"wp-block-image size-large\"><img loading=\"lazy\" decoding=\"async\" width=\"511\" height=\"768\" data-id=\"234\" src=\"https:\/\/ecole-maternelle.de\/wp-content\/uploads\/2023\/01\/Abseilen.jpg\" alt=\"\" class=\"wp-image-234\" srcset=\"https:\/\/ecole-maternelle.de\/wp-content\/uploads\/2023\/01\/Abseilen.jpg 511w, https:\/\/ecole-maternelle.de\/wp-content\/uploads\/2023\/01\/Abseilen-200x300.jpg 200w\" sizes=\"auto, (max-width: 511px) 100vw, 511px\" \/><\/figure>\n\n\n\n<figure class=\"wp-block-image size-large\"><img loading=\"lazy\" decoding=\"async\" width=\"511\" height=\"768\" data-id=\"235\" src=\"https:\/\/ecole-maternelle.de\/wp-content\/uploads\/2023\/01\/Abseiluebung-der-Feuerwehr-am-B59.jpg\" alt=\"\" class=\"wp-image-235\" srcset=\"https:\/\/ecole-maternelle.de\/wp-content\/uploads\/2023\/01\/Abseiluebung-der-Feuerwehr-am-B59.jpg 511w, https:\/\/ecole-maternelle.de\/wp-content\/uploads\/2023\/01\/Abseiluebung-der-Feuerwehr-am-B59-200x300.jpg 200w\" sizes=\"auto, (max-width: 511px) 100vw, 511px\" \/><\/figure>\n\n\n\n<figure class=\"wp-block-image size-large\"><img loading=\"lazy\" decoding=\"async\" width=\"1024\" height=\"682\" data-id=\"236\" src=\"https:\/\/ecole-maternelle.de\/wp-content\/uploads\/2023\/01\/einmal-Feuerwehr-anfassen.jpg\" alt=\"\" class=\"wp-image-236\" srcset=\"https:\/\/ecole-maternelle.de\/wp-content\/uploads\/2023\/01\/einmal-Feuerwehr-anfassen.jpg 1024w, https:\/\/ecole-maternelle.de\/wp-content\/uploads\/2023\/01\/einmal-Feuerwehr-anfassen-300x200.jpg 300w, https:\/\/ecole-maternelle.de\/wp-content\/uploads\/2023\/01\/einmal-Feuerwehr-anfassen-768x512.jpg 768w, https:\/\/ecole-maternelle.de\/wp-content\/uploads\/2023\/01\/einmal-Feuerwehr-anfassen-960x640.jpg 960w\" sizes=\"auto, (max-width: 1024px) 100vw, 1024px\" \/><\/figure>\n\n\n\n<figure class=\"wp-block-image size-large\"><img loading=\"lazy\" decoding=\"async\" width=\"1024\" height=\"682\" data-id=\"237\" src=\"https:\/\/ecole-maternelle.de\/wp-content\/uploads\/2023\/01\/Lehrstunde-beim-Feuerwehrmann.jpg\" alt=\"\" class=\"wp-image-237\" srcset=\"https:\/\/ecole-maternelle.de\/wp-content\/uploads\/2023\/01\/Lehrstunde-beim-Feuerwehrmann.jpg 1024w, https:\/\/ecole-maternelle.de\/wp-content\/uploads\/2023\/01\/Lehrstunde-beim-Feuerwehrmann-300x200.jpg 300w, https:\/\/ecole-maternelle.de\/wp-content\/uploads\/2023\/01\/Lehrstunde-beim-Feuerwehrmann-768x512.jpg 768w, https:\/\/ecole-maternelle.de\/wp-content\/uploads\/2023\/01\/Lehrstunde-beim-Feuerwehrmann-960x640.jpg 960w\" sizes=\"auto, (max-width: 1024px) 100vw, 1024px\" \/><\/figure>\n<\/figure>\n\n\n\n<hr class=\"wp-block-separator has-alpha-channel-opacity\"\/>\n\n\n\n<h2 class=\"wp-block-heading\">Botanischer Garten<\/h2>\n\n\n\n<p>Der Botanische Garten ist ein beliebtes Ausflugsziel der Kinder&#8230;nicht nur wegen der Ameisenknolle.<\/p>\n\n\n\n<figure class=\"wp-block-image size-large is-resized\"><img loading=\"lazy\" decoding=\"async\" width=\"768\" height=\"1024\" src=\"https:\/\/ecole-maternelle.de\/wp-content\/uploads\/2023\/01\/Ameisenknolle-768x1024.jpg\" alt=\"\" class=\"wp-image-266\" srcset=\"https:\/\/ecole-maternelle.de\/wp-content\/uploads\/2023\/01\/Ameisenknolle-768x1024.jpg 768w, https:\/\/ecole-maternelle.de\/wp-content\/uploads\/2023\/01\/Ameisenknolle-225x300.jpg 225w, https:\/\/ecole-maternelle.de\/wp-content\/uploads\/2023\/01\/Ameisenknolle-1152x1536.jpg 1152w, https:\/\/ecole-maternelle.de\/wp-content\/uploads\/2023\/01\/Ameisenknolle-1536x2048.jpg 1536w, https:\/\/ecole-maternelle.de\/wp-content\/uploads\/2023\/01\/Ameisenknolle-scaled.jpg 1920w\" sizes=\"auto, (max-width: 768px) 100vw, 768px\" \/><\/figure>\n\n\n\n<hr class=\"wp-block-separator has-alpha-channel-opacity\"\/>\n\n\n\n<h2 class=\"wp-block-heading\">Unser Sommerfest<\/h2>\n\n\n\n<p>Unser diesj\u00e4hriges SOMMERFEST fand auf dem Landgrafen-Spielplatz statt. Die Kinder hatten viel Spa\u00df und die Eltern konnten sich nach langer Zeit endlich wieder austauschen bzw. kennen lernen.<\/p>\n\n\n\n<figure class=\"wp-block-gallery has-nested-images columns-default is-cropped wp-block-gallery-50 is-layout-flex wp-block-gallery-is-layout-flex\">\n<figure class=\"wp-block-image size-large\"><img loading=\"lazy\" decoding=\"async\" width=\"768\" height=\"1024\" data-id=\"218\" src=\"https:\/\/ecole-maternelle.de\/wp-content\/uploads\/2022\/06\/Wippding-768x1024.jpg\" alt=\"\" class=\"wp-image-218\" srcset=\"https:\/\/ecole-maternelle.de\/wp-content\/uploads\/2022\/06\/Wippding-768x1024.jpg 768w, https:\/\/ecole-maternelle.de\/wp-content\/uploads\/2022\/06\/Wippding-225x300.jpg 225w, https:\/\/ecole-maternelle.de\/wp-content\/uploads\/2022\/06\/Wippding-1152x1536.jpg 1152w, https:\/\/ecole-maternelle.de\/wp-content\/uploads\/2022\/06\/Wippding-1536x2048.jpg 1536w, https:\/\/ecole-maternelle.de\/wp-content\/uploads\/2022\/06\/Wippding-scaled.jpg 1920w\" sizes=\"auto, (max-width: 768px) 100vw, 768px\" \/><\/figure>\n\n\n\n<figure class=\"wp-block-image size-large\"><img loading=\"lazy\" decoding=\"async\" width=\"768\" height=\"1024\" data-id=\"217\" src=\"https:\/\/ecole-maternelle.de\/wp-content\/uploads\/2022\/06\/P5180329-768x1024.jpg\" alt=\"\" class=\"wp-image-217\" srcset=\"https:\/\/ecole-maternelle.de\/wp-content\/uploads\/2022\/06\/P5180329-768x1024.jpg 768w, https:\/\/ecole-maternelle.de\/wp-content\/uploads\/2022\/06\/P5180329-225x300.jpg 225w, https:\/\/ecole-maternelle.de\/wp-content\/uploads\/2022\/06\/P5180329-1152x1536.jpg 1152w, https:\/\/ecole-maternelle.de\/wp-content\/uploads\/2022\/06\/P5180329-1536x2048.jpg 1536w, https:\/\/ecole-maternelle.de\/wp-content\/uploads\/2022\/06\/P5180329-scaled.jpg 1920w\" sizes=\"auto, (max-width: 768px) 100vw, 768px\" \/><\/figure>\n<\/figure>\n\n\n\n<figure class=\"wp-block-gallery has-nested-images columns-default is-cropped wp-block-gallery-51 is-layout-flex wp-block-gallery-is-layout-flex\">\n<figure class=\"wp-block-image size-large\"><img loading=\"lazy\" decoding=\"async\" width=\"1024\" height=\"768\" data-id=\"219\" src=\"https:\/\/ecole-maternelle.de\/wp-content\/uploads\/2022\/06\/Drehscheibe-1024x768.jpg\" alt=\"\" class=\"wp-image-219\" srcset=\"https:\/\/ecole-maternelle.de\/wp-content\/uploads\/2022\/06\/Drehscheibe-1024x768.jpg 1024w, https:\/\/ecole-maternelle.de\/wp-content\/uploads\/2022\/06\/Drehscheibe-300x225.jpg 300w, https:\/\/ecole-maternelle.de\/wp-content\/uploads\/2022\/06\/Drehscheibe-768x576.jpg 768w, https:\/\/ecole-maternelle.de\/wp-content\/uploads\/2022\/06\/Drehscheibe-1536x1152.jpg 1536w, https:\/\/ecole-maternelle.de\/wp-content\/uploads\/2022\/06\/Drehscheibe-2048x1536.jpg 2048w\" sizes=\"auto, (max-width: 1024px) 100vw, 1024px\" \/><\/figure>\n\n\n\n<figure class=\"wp-block-image size-large\"><img loading=\"lazy\" decoding=\"async\" width=\"1024\" height=\"768\" data-id=\"220\" src=\"https:\/\/ecole-maternelle.de\/wp-content\/uploads\/2022\/06\/Gelaende-1024x768.jpg\" alt=\"\" class=\"wp-image-220\" srcset=\"https:\/\/ecole-maternelle.de\/wp-content\/uploads\/2022\/06\/Gelaende-1024x768.jpg 1024w, https:\/\/ecole-maternelle.de\/wp-content\/uploads\/2022\/06\/Gelaende-300x225.jpg 300w, https:\/\/ecole-maternelle.de\/wp-content\/uploads\/2022\/06\/Gelaende-768x576.jpg 768w, https:\/\/ecole-maternelle.de\/wp-content\/uploads\/2022\/06\/Gelaende-1536x1152.jpg 1536w, https:\/\/ecole-maternelle.de\/wp-content\/uploads\/2022\/06\/Gelaende-2048x1536.jpg 2048w\" sizes=\"auto, (max-width: 1024px) 100vw, 1024px\" \/><\/figure>\n<\/figure>\n\n\n\n<hr class=\"wp-block-separator has-alpha-channel-opacity\"\/>\n\n\n\n<h2 class=\"wp-block-heading\">Projekt: Seifenblasen<\/h2>\n\n\n\n<p>Seifenblasen begeistern uns IMMER!!<\/p>\n\n\n\n<figure class=\"wp-block-gallery has-nested-images columns-default is-cropped wp-block-gallery-52 is-layout-flex wp-block-gallery-is-layout-flex\">\n<figure class=\"wp-block-image size-large\"><img loading=\"lazy\" decoding=\"async\" width=\"576\" height=\"768\" data-id=\"228\" src=\"https:\/\/ecole-maternelle.de\/wp-content\/uploads\/2023\/01\/Seifenblasenprojekt-2.jpg\" alt=\"\" class=\"wp-image-228\" srcset=\"https:\/\/ecole-maternelle.de\/wp-content\/uploads\/2023\/01\/Seifenblasenprojekt-2.jpg 576w, https:\/\/ecole-maternelle.de\/wp-content\/uploads\/2023\/01\/Seifenblasenprojekt-2-225x300.jpg 225w\" sizes=\"auto, (max-width: 576px) 100vw, 576px\" \/><\/figure>\n\n\n\n<figure class=\"wp-block-image size-large\"><img loading=\"lazy\" decoding=\"async\" width=\"715\" height=\"1024\" data-id=\"230\" src=\"https:\/\/ecole-maternelle.de\/wp-content\/uploads\/2023\/01\/Seifenblasenprojekt-Gedicht-715x1024.jpg\" alt=\"\" class=\"wp-image-230\" srcset=\"https:\/\/ecole-maternelle.de\/wp-content\/uploads\/2023\/01\/Seifenblasenprojekt-Gedicht-715x1024.jpg 715w, https:\/\/ecole-maternelle.de\/wp-content\/uploads\/2023\/01\/Seifenblasenprojekt-Gedicht-209x300.jpg 209w, https:\/\/ecole-maternelle.de\/wp-content\/uploads\/2023\/01\/Seifenblasenprojekt-Gedicht-768x1100.jpg 768w, https:\/\/ecole-maternelle.de\/wp-content\/uploads\/2023\/01\/Seifenblasenprojekt-Gedicht-1073x1536.jpg 1073w, https:\/\/ecole-maternelle.de\/wp-content\/uploads\/2023\/01\/Seifenblasenprojekt-Gedicht-1430x2048.jpg 1430w, https:\/\/ecole-maternelle.de\/wp-content\/uploads\/2023\/01\/Seifenblasenprojekt-Gedicht-scaled.jpg 1788w\" sizes=\"auto, (max-width: 715px) 100vw, 715px\" \/><\/figure>\n\n\n\n<figure class=\"wp-block-image size-large\"><img loading=\"lazy\" decoding=\"async\" width=\"1024\" height=\"768\" data-id=\"229\" src=\"https:\/\/ecole-maternelle.de\/wp-content\/uploads\/2023\/01\/Seifenblasenprojekt.jpg\" alt=\"\" class=\"wp-image-229\" srcset=\"https:\/\/ecole-maternelle.de\/wp-content\/uploads\/2023\/01\/Seifenblasenprojekt.jpg 1024w, https:\/\/ecole-maternelle.de\/wp-content\/uploads\/2023\/01\/Seifenblasenprojekt-300x225.jpg 300w, https:\/\/ecole-maternelle.de\/wp-content\/uploads\/2023\/01\/Seifenblasenprojekt-768x576.jpg 768w\" sizes=\"auto, (max-width: 1024px) 100vw, 1024px\" \/><\/figure>\n<\/figure>\n\n\n\n<div style=\"height:100px\" aria-hidden=\"true\" class=\"wp-block-spacer\"><\/div>\n","protected":false},"excerpt":{"rendered":"<div class=\"entry-summary\">\nWir feiern 20 Jahre Ecole 20 Jahre besteht unsere Einrichtung schon!! Es&hellip;\n<\/div>\n<div class=\"link-more\"><a href=\"https:\/\/ecole-maternelle.de\/index.php\/interessantes\/\" class=\"more-link\">Continue reading<span class=\"screen-reader-text\"> &ldquo;Was ist bei uns so los?&rdquo;<\/span>&hellip;<\/a><\/div>\n","protected":false},"author":1,"featured_media":105,"parent":0,"menu_order":0,"comment_status":"closed","ping_status":"closed","template":"","meta":{"footnotes":""},"class_list":["post-69","page","type-page","status-publish","has-post-thumbnail","hentry","entry"],"yoast_head":"<!-- This site is optimized with the Yoast SEO plugin v21.5 - https:\/\/yoast.com\/wordpress\/plugins\/seo\/ -->\n<title>Was ist bei uns so los? - Kita &quot;LES LUTINS\u201c - Ecole maternelle in Jena<\/title>\n<meta name=\"description\" content=\"Sie wollen wissen, was wir alles in unserem Kindergarten machen? Schauen Sie rein und staunen \u00fcber unsere vielf\u00e4ltigen Projekte und Ausfl\u00fcge!\" \/>\n<meta name=\"robots\" content=\"index, follow, max-snippet:-1, max-video-preview:-1, noimageindex\" \/>\n<link rel=\"canonical\" href=\"https:\/\/ecole-maternelle.de\/index.php\/interessantes\/\" \/>\n<meta property=\"og:locale\" content=\"de_DE\" \/>\n<meta property=\"og:type\" content=\"article\" \/>\n<meta property=\"og:title\" content=\"Was ist bei uns so los? - Kita &quot;LES LUTINS\u201c - Ecole maternelle in Jena\" \/>\n<meta property=\"og:description\" content=\"Sie wollen wissen, was wir alles in unserem Kindergarten machen? Schauen Sie rein und staunen \u00fcber unsere vielf\u00e4ltigen Projekte und Ausfl\u00fcge!\" \/>\n<meta property=\"og:url\" content=\"https:\/\/ecole-maternelle.de\/index.php\/interessantes\/\" \/>\n<meta property=\"og:site_name\" content=\"Kita &quot;LES LUTINS\u201c - Ecole maternelle in Jena\" \/>\n<meta property=\"article:modified_time\" content=\"2025-12-17T08:21:08+00:00\" \/>\n<meta property=\"og:image\" content=\"https:\/\/ecole-maternelle.de\/wp-content\/uploads\/2022\/02\/bunter-Zaun-scaled.jpg\" \/>\n\t<meta property=\"og:image:width\" content=\"1920\" \/>\n\t<meta property=\"og:image:height\" content=\"2560\" \/>\n\t<meta property=\"og:image:type\" content=\"image\/jpeg\" \/>\n<meta name=\"twitter:card\" content=\"summary_large_image\" \/>\n<meta name=\"twitter:label1\" content=\"Gesch\u00e4tzte Lesezeit\" \/>\n\t<meta name=\"twitter:data1\" content=\"7\u00a0Minuten\" \/>\n<script type=\"application\/ld+json\" class=\"yoast-schema-graph\">{\"@context\":\"https:\/\/schema.org\",\"@graph\":[{\"@type\":[\"Article\",\"BlogPosting\"],\"@id\":\"https:\/\/ecole-maternelle.de\/index.php\/interessantes\/#article\",\"isPartOf\":{\"@id\":\"https:\/\/ecole-maternelle.de\/index.php\/interessantes\/\"},\"author\":{\"name\":\"admin\",\"@id\":\"https:\/\/ecole-maternelle.de\/#\/schema\/person\/51bea563f76e4692ced823a738a1d0d4\"},\"headline\":\"Was ist bei uns so los?\",\"datePublished\":\"2022-02-13T17:30:42+00:00\",\"dateModified\":\"2025-12-17T08:21:08+00:00\",\"mainEntityOfPage\":{\"@id\":\"https:\/\/ecole-maternelle.de\/index.php\/interessantes\/\"},\"wordCount\":1462,\"publisher\":{\"@id\":\"https:\/\/ecole-maternelle.de\/#organization\"},\"inLanguage\":\"de\"},{\"@type\":[\"WebPage\",\"AboutPage\"],\"@id\":\"https:\/\/ecole-maternelle.de\/index.php\/interessantes\/\",\"url\":\"https:\/\/ecole-maternelle.de\/index.php\/interessantes\/\",\"name\":\"Was ist bei uns so los? - Kita &quot;LES LUTINS\u201c - Ecole maternelle in Jena\",\"isPartOf\":{\"@id\":\"https:\/\/ecole-maternelle.de\/#website\"},\"datePublished\":\"2022-02-13T17:30:42+00:00\",\"dateModified\":\"2025-12-17T08:21:08+00:00\",\"description\":\"Sie wollen wissen, was wir alles in unserem Kindergarten machen? Schauen Sie rein und staunen \u00fcber unsere vielf\u00e4ltigen Projekte und Ausfl\u00fcge!\",\"breadcrumb\":{\"@id\":\"https:\/\/ecole-maternelle.de\/index.php\/interessantes\/#breadcrumb\"},\"inLanguage\":\"de\",\"potentialAction\":[{\"@type\":\"ReadAction\",\"target\":[\"https:\/\/ecole-maternelle.de\/index.php\/interessantes\/\"]}]},{\"@type\":\"BreadcrumbList\",\"@id\":\"https:\/\/ecole-maternelle.de\/index.php\/interessantes\/#breadcrumb\",\"itemListElement\":[{\"@type\":\"ListItem\",\"position\":1,\"name\":\"Startseite\",\"item\":\"https:\/\/ecole-maternelle.de\/\"},{\"@type\":\"ListItem\",\"position\":2,\"name\":\"Was ist bei uns so los?\"}]},{\"@type\":\"WebSite\",\"@id\":\"https:\/\/ecole-maternelle.de\/#website\",\"url\":\"https:\/\/ecole-maternelle.de\/\",\"name\":\"Kita &quot;LES LUTINS\u201c - Ecole maternelle in Jena\",\"description\":\"Kita &quot;LES LUTINS\u201c - Ecole maternelle in Jena\",\"publisher\":{\"@id\":\"https:\/\/ecole-maternelle.de\/#organization\"},\"potentialAction\":[{\"@type\":\"SearchAction\",\"target\":{\"@type\":\"EntryPoint\",\"urlTemplate\":\"https:\/\/ecole-maternelle.de\/?s={search_term_string}\"},\"query-input\":\"required name=search_term_string\"}],\"inLanguage\":\"de\"},{\"@type\":\"Organization\",\"@id\":\"https:\/\/ecole-maternelle.de\/#organization\",\"name\":\"Kita &quot;LES LUTINS\u201c - Ecole maternelle in Jena\",\"url\":\"https:\/\/ecole-maternelle.de\/\",\"logo\":{\"@type\":\"ImageObject\",\"inLanguage\":\"de\",\"@id\":\"https:\/\/ecole-maternelle.de\/#\/schema\/logo\/image\/\",\"url\":\"https:\/\/ecole-maternelle.de\/wp-content\/uploads\/2022\/02\/cropped-les_lutins_Logo-3.jpg\",\"contentUrl\":\"https:\/\/ecole-maternelle.de\/wp-content\/uploads\/2022\/02\/cropped-les_lutins_Logo-3.jpg\",\"width\":1712,\"height\":1549,\"caption\":\"Kita &quot;LES LUTINS\u201c - Ecole maternelle in Jena\"},\"image\":{\"@id\":\"https:\/\/ecole-maternelle.de\/#\/schema\/logo\/image\/\"}},{\"@type\":\"Person\",\"@id\":\"https:\/\/ecole-maternelle.de\/#\/schema\/person\/51bea563f76e4692ced823a738a1d0d4\",\"name\":\"admin\",\"image\":{\"@type\":\"ImageObject\",\"inLanguage\":\"de\",\"@id\":\"https:\/\/ecole-maternelle.de\/#\/schema\/person\/image\/\",\"url\":\"https:\/\/secure.gravatar.com\/avatar\/c27c7b2a93f9f39573a036bfdef57911b48580ba16acd65fe0c102662a717a6d?s=96&d=mm&r=g\",\"contentUrl\":\"https:\/\/secure.gravatar.com\/avatar\/c27c7b2a93f9f39573a036bfdef57911b48580ba16acd65fe0c102662a717a6d?s=96&d=mm&r=g\",\"caption\":\"admin\"},\"sameAs\":[\"https:\/\/ecole-maternelle.de\"],\"url\":\"https:\/\/ecole-maternelle.de\/index.php\/author\/info_lz69gz74\/\"}]}<\/script>\n<!-- \/ Yoast SEO plugin. -->","yoast_head_json":{"title":"Was ist bei uns so los? - Kita &quot;LES LUTINS\u201c - Ecole maternelle in Jena","description":"Sie wollen wissen, was wir alles in unserem Kindergarten machen? Schauen Sie rein und staunen \u00fcber unsere vielf\u00e4ltigen Projekte und Ausfl\u00fcge!","robots":{"index":"index","follow":"follow","max-snippet":"max-snippet:-1","max-video-preview":"max-video-preview:-1","imageindex":"noimageindex"},"canonical":"https:\/\/ecole-maternelle.de\/index.php\/interessantes\/","og_locale":"de_DE","og_type":"article","og_title":"Was ist bei uns so los? - Kita &quot;LES LUTINS\u201c - Ecole maternelle in Jena","og_description":"Sie wollen wissen, was wir alles in unserem Kindergarten machen? Schauen Sie rein und staunen \u00fcber unsere vielf\u00e4ltigen Projekte und Ausfl\u00fcge!","og_url":"https:\/\/ecole-maternelle.de\/index.php\/interessantes\/","og_site_name":"Kita &quot;LES LUTINS\u201c - Ecole maternelle in Jena","article_modified_time":"2025-12-17T08:21:08+00:00","og_image":[{"width":1920,"height":2560,"url":"https:\/\/ecole-maternelle.de\/wp-content\/uploads\/2022\/02\/bunter-Zaun-scaled.jpg","type":"image\/jpeg"}],"twitter_card":"summary_large_image","twitter_misc":{"Gesch\u00e4tzte Lesezeit":"7\u00a0Minuten"},"schema":{"@context":"https:\/\/schema.org","@graph":[{"@type":["Article","BlogPosting"],"@id":"https:\/\/ecole-maternelle.de\/index.php\/interessantes\/#article","isPartOf":{"@id":"https:\/\/ecole-maternelle.de\/index.php\/interessantes\/"},"author":{"name":"admin","@id":"https:\/\/ecole-maternelle.de\/#\/schema\/person\/51bea563f76e4692ced823a738a1d0d4"},"headline":"Was ist bei uns so los?","datePublished":"2022-02-13T17:30:42+00:00","dateModified":"2025-12-17T08:21:08+00:00","mainEntityOfPage":{"@id":"https:\/\/ecole-maternelle.de\/index.php\/interessantes\/"},"wordCount":1462,"publisher":{"@id":"https:\/\/ecole-maternelle.de\/#organization"},"inLanguage":"de"},{"@type":["WebPage","AboutPage"],"@id":"https:\/\/ecole-maternelle.de\/index.php\/interessantes\/","url":"https:\/\/ecole-maternelle.de\/index.php\/interessantes\/","name":"Was ist bei uns so los? - Kita &quot;LES LUTINS\u201c - Ecole maternelle in Jena","isPartOf":{"@id":"https:\/\/ecole-maternelle.de\/#website"},"datePublished":"2022-02-13T17:30:42+00:00","dateModified":"2025-12-17T08:21:08+00:00","description":"Sie wollen wissen, was wir alles in unserem Kindergarten machen? Schauen Sie rein und staunen \u00fcber unsere vielf\u00e4ltigen Projekte und Ausfl\u00fcge!","breadcrumb":{"@id":"https:\/\/ecole-maternelle.de\/index.php\/interessantes\/#breadcrumb"},"inLanguage":"de","potentialAction":[{"@type":"ReadAction","target":["https:\/\/ecole-maternelle.de\/index.php\/interessantes\/"]}]},{"@type":"BreadcrumbList","@id":"https:\/\/ecole-maternelle.de\/index.php\/interessantes\/#breadcrumb","itemListElement":[{"@type":"ListItem","position":1,"name":"Startseite","item":"https:\/\/ecole-maternelle.de\/"},{"@type":"ListItem","position":2,"name":"Was ist bei uns so los?"}]},{"@type":"WebSite","@id":"https:\/\/ecole-maternelle.de\/#website","url":"https:\/\/ecole-maternelle.de\/","name":"Kita &quot;LES LUTINS\u201c - Ecole maternelle in Jena","description":"Kita &quot;LES LUTINS\u201c - Ecole maternelle in Jena","publisher":{"@id":"https:\/\/ecole-maternelle.de\/#organization"},"potentialAction":[{"@type":"SearchAction","target":{"@type":"EntryPoint","urlTemplate":"https:\/\/ecole-maternelle.de\/?s={search_term_string}"},"query-input":"required name=search_term_string"}],"inLanguage":"de"},{"@type":"Organization","@id":"https:\/\/ecole-maternelle.de\/#organization","name":"Kita &quot;LES LUTINS\u201c - Ecole maternelle in Jena","url":"https:\/\/ecole-maternelle.de\/","logo":{"@type":"ImageObject","inLanguage":"de","@id":"https:\/\/ecole-maternelle.de\/#\/schema\/logo\/image\/","url":"https:\/\/ecole-maternelle.de\/wp-content\/uploads\/2022\/02\/cropped-les_lutins_Logo-3.jpg","contentUrl":"https:\/\/ecole-maternelle.de\/wp-content\/uploads\/2022\/02\/cropped-les_lutins_Logo-3.jpg","width":1712,"height":1549,"caption":"Kita &quot;LES LUTINS\u201c - Ecole maternelle in Jena"},"image":{"@id":"https:\/\/ecole-maternelle.de\/#\/schema\/logo\/image\/"}},{"@type":"Person","@id":"https:\/\/ecole-maternelle.de\/#\/schema\/person\/51bea563f76e4692ced823a738a1d0d4","name":"admin","image":{"@type":"ImageObject","inLanguage":"de","@id":"https:\/\/ecole-maternelle.de\/#\/schema\/person\/image\/","url":"https:\/\/secure.gravatar.com\/avatar\/c27c7b2a93f9f39573a036bfdef57911b48580ba16acd65fe0c102662a717a6d?s=96&d=mm&r=g","contentUrl":"https:\/\/secure.gravatar.com\/avatar\/c27c7b2a93f9f39573a036bfdef57911b48580ba16acd65fe0c102662a717a6d?s=96&d=mm&r=g","caption":"admin"},"sameAs":["https:\/\/ecole-maternelle.de"],"url":"https:\/\/ecole-maternelle.de\/index.php\/author\/info_lz69gz74\/"}]}},"_links":{"self":[{"href":"https:\/\/ecole-maternelle.de\/index.php\/wp-json\/wp\/v2\/pages\/69","targetHints":{"allow":["GET"]}}],"collection":[{"href":"https:\/\/ecole-maternelle.de\/index.php\/wp-json\/wp\/v2\/pages"}],"about":[{"href":"https:\/\/ecole-maternelle.de\/index.php\/wp-json\/wp\/v2\/types\/page"}],"author":[{"embeddable":true,"href":"https:\/\/ecole-maternelle.de\/index.php\/wp-json\/wp\/v2\/users\/1"}],"replies":[{"embeddable":true,"href":"https:\/\/ecole-maternelle.de\/index.php\/wp-json\/wp\/v2\/comments?post=69"}],"version-history":[{"count":79,"href":"https:\/\/ecole-maternelle.de\/index.php\/wp-json\/wp\/v2\/pages\/69\/revisions"}],"predecessor-version":[{"id":704,"href":"https:\/\/ecole-maternelle.de\/index.php\/wp-json\/wp\/v2\/pages\/69\/revisions\/704"}],"wp:featuredmedia":[{"embeddable":true,"href":"https:\/\/ecole-maternelle.de\/index.php\/wp-json\/wp\/v2\/media\/105"}],"wp:attachment":[{"href":"https:\/\/ecole-maternelle.de\/index.php\/wp-json\/wp\/v2\/media?parent=69"}],"curies":[{"name":"wp","href":"https:\/\/api.w.org\/{rel}","templated":true}]}}